{"id":15328,"date":"2023-02-17T16:58:05","date_gmt":"2023-02-17T16:58:05","guid":{"rendered":"https:\/\/valdicecinaoutdoor.it\/track\/tour-volterra-montecatini-val-di-cecina\/"},"modified":"2023-02-17T16:58:06","modified_gmt":"2023-02-17T16:58:06","slug":"tour-volterra-montecatini-val-di-cecina","status":"publish","type":"track","link":"https:\/\/valdicecinaoutdoor.it\/de\/track\/tour-volterra-montecatini-val-di-cecina\/","title":{"rendered":"Tour Volterra Montecatini Val di Cecina"},"content":{"rendered":"\n<p><strong><em>Die Sonderziele sind nur im au\u00dferst\u00e4dtischen Bereich beschrieben<\/em><\/strong><\/p>\n\n<p>A large ring that connects Volterra, a city of art and culture with 3000 years of history, to Montecatini Val di Cecina, one of the most beautiful medieval villages in Tuscany and featuring the most famous and richest copper mine in 19th century Europe. Between them sprawls an extraordinary landscape where gentle hills contrast with wild and rugged gullies, crags and, as Montecatini draws closer, steep rocky reliefs that resemble mountain landscapes. <\/p>\n\n<p>The itinerary begins at the edge of the chasm of the Balze di Volterra, with finely preserved remnants of the Etruscan city walls and at your back the massive Badia (a Camaldolese monastery of medieval origin), hanging between earth and sky over the abyss of the Balze that advance inexorably; from then you descend towards the Val d&#8217;Era. You will then take the panoramic dirt road called &#8220;Itinerario delle Balze e dei calanchi&#8221; from which you can take some detours to easily reach the environmental sculptures of the artist Mauro Staccioli, extraordinary expressions of &#8220;land art&#8221; that interpret the essence of the artist&#8217;s &#8220;places of experience&#8221;. <\/p>\n\n<p>After about 600 metres on the flat SR 439 road, you can take another scenic dirt road again, the Vicinale di Cavallino from which you can move upwards and return to a proper, paved road. <\/p>\n\n<p>The final climb towards Montecatini features hairpin bends, breathtaking bird\u2019s eye views and increasingly rocky and harsh terrain and makes you feel as if you were just moving towards a mountain village overlooked by the mighty bulk of the Belforti tower that, like a lighthouse, heralds the coming of the nearby ancient castle. <\/p>\n\n<p>The history of the medieval village of Montecatini Val di Cecina is linked to its copper mine, which gave its name to one of the largest industries of the 20th century, which later became known as Montedison; the material evidence and the tales told by the elderly tell the story of the economic and social splendour of the early years of the Kingdom of Italy linked to the flourishing mining activities.<\/p>\n\n<p> A little more than 1 km from the town the Caporciano Mine with the Pozzo Alfredo shaft, the workshops, the laverie and the 19th-century mining village are part of an Industrial Archaeology Park with various visiting itineraries. <\/p>\n\n<p>After passing the entrance to the mine access tunnel, you can take the road back downhill to Bacchettona, following the Ligia branch and there you can take the paved road SR 439 from which you can then take the Monte Volterrano provincial road, which has little traffic and a gradual climb that takes you back to Volterra, offering even more extraordinary views of the gentle countryside of the Volterran clay hills.<\/p>\n","protected":false},"excerpt":{"rendered":"<p>Die Sonderziele sind nur im au\u00dferst\u00e4dtischen Bereich beschrieben A large ring that connects Volterra, a city of art and culture with 3000 years of history, to Montecatini Val di Cecina, one of the most beautiful medieval villages in Tuscany and featuring the most famous and richest copper mine in 19th century Europe. Between them sprawls&#8230;<\/p>\n","protected":false},"author":3,"featured_media":13183,"comment_status":"open","ping_status":"closed","template":"","activity":[1933,1930],"theme":[],"where":[1909,1922],"when":[],"who":[1932,1934],"n7webmap_geojson":"","yoast_head":"<!-- This site is optimized with the Yoast SEO plugin v18.2 - https:\/\/yoast.com\/wordpress\/plugins\/seo\/ -->\n<title>Tour Volterra Montecatini Val di Cecina | Val di Cecina outdoor<\/title>\n<meta name=\"robots\" content=\"index, follow, max-snippet:-1, max-image-preview:large, max-video-preview:-1\" \/>\n<link rel=\"canonical\" href=\"https:\/\/valdicecinaoutdoor.it\/de\/track\/tour-volterra-montecatini-val-di-cecina\/\" \/>\n<meta property=\"og:locale\" content=\"de_DE\" \/>\n<meta property=\"og:type\" content=\"article\" \/>\n<meta property=\"og:title\" content=\"Tour Volterra Montecatini Val di Cecina | Val di Cecina outdoor\" \/>\n<meta property=\"og:description\" content=\"Die Sonderziele sind nur im au\u00dferst\u00e4dtischen Bereich beschrieben A large ring that connects Volterra, a city of art and culture with 3000 years of history, to Montecatini Val di Cecina, one of the most beautiful medieval villages in Tuscany and featuring the most famous and richest copper mine in 19th century Europe. Between them sprawls...\" \/>\n<meta property=\"og:url\" content=\"https:\/\/valdicecinaoutdoor.it\/de\/track\/tour-volterra-montecatini-val-di-cecina\/\" \/>\n<meta property=\"og:site_name\" content=\"Val di Cecina outdoor\" \/>\n<meta property=\"article:publisher\" content=\"https:\/\/m.facebook.com\/valdicecinaoutdoor\/\" \/>\n<meta property=\"article:modified_time\" content=\"2023-02-17T16:58:06+00:00\" \/>\n<meta property=\"og:image\" content=\"https:\/\/valdicecinaoutdoor.it\/wp-content\/uploads\/2020\/09\/Montecatini-VC-Panorama-ok-4.jpg\" \/>\n\t<meta property=\"og:image:width\" content=\"1080\" \/>\n\t<meta property=\"og:image:height\" content=\"719\" \/>\n\t<meta property=\"og:image:type\" content=\"image\/jpeg\" \/>\n<meta name=\"twitter:card\" content=\"summary_large_image\" \/>\n<meta name=\"twitter:label1\" content=\"Est. reading time\" \/>\n\t<meta name=\"twitter:data1\" content=\"2 minutes\" \/>\n<script type=\"application\/ld+json\" class=\"yoast-schema-graph\">{\"@context\":\"https:\/\/schema.org\",\"@graph\":[{\"@type\":\"Organization\",\"@id\":\"https:\/\/valdicecinaoutdoor.it\/en\/#organization\",\"name\":\"Valdicecina Outdoor\",\"url\":\"https:\/\/valdicecinaoutdoor.it\/en\/\",\"sameAs\":[\"https:\/\/m.facebook.com\/valdicecinaoutdoor\/\",\"https:\/\/www.instagram.com\/valdicecina_outdoor\/\"],\"logo\":{\"@type\":\"ImageObject\",\"@id\":\"https:\/\/valdicecinaoutdoor.it\/en\/#logo\",\"inLanguage\":\"de-DE\",\"url\":\"https:\/\/valdicecinaoutdoor.it\/wp-content\/uploads\/2020\/09\/valdicecinaoutdoor-logo-home.png\",\"contentUrl\":\"https:\/\/valdicecinaoutdoor.it\/wp-content\/uploads\/2020\/09\/valdicecinaoutdoor-logo-home.png\",\"width\":252,\"height\":311,\"caption\":\"Valdicecina Outdoor\"},\"image\":{\"@id\":\"https:\/\/valdicecinaoutdoor.it\/en\/#logo\"}},{\"@type\":\"WebSite\",\"@id\":\"https:\/\/valdicecinaoutdoor.it\/en\/#website\",\"url\":\"https:\/\/valdicecinaoutdoor.it\/en\/\",\"name\":\"Val di Cecina outdoor\",\"description\":\"Itinerari unici nella Toscana\",\"publisher\":{\"@id\":\"https:\/\/valdicecinaoutdoor.it\/en\/#organization\"},\"potentialAction\":[{\"@type\":\"SearchAction\",\"target\":{\"@type\":\"EntryPoint\",\"urlTemplate\":\"https:\/\/valdicecinaoutdoor.it\/en\/?s={search_term_string}\"},\"query-input\":\"required name=search_term_string\"}],\"inLanguage\":\"de-DE\"},{\"@type\":\"ImageObject\",\"@id\":\"https:\/\/valdicecinaoutdoor.it\/de\/track\/tour-volterra-montecatini-val-di-cecina\/#primaryimage\",\"inLanguage\":\"de-DE\",\"url\":\"https:\/\/valdicecinaoutdoor.it\/wp-content\/uploads\/2020\/09\/Montecatini-VC-Panorama-ok-4.jpg\",\"contentUrl\":\"https:\/\/valdicecinaoutdoor.it\/wp-content\/uploads\/2020\/09\/Montecatini-VC-Panorama-ok-4.jpg\",\"width\":1080,\"height\":719},{\"@type\":\"WebPage\",\"@id\":\"https:\/\/valdicecinaoutdoor.it\/de\/track\/tour-volterra-montecatini-val-di-cecina\/#webpage\",\"url\":\"https:\/\/valdicecinaoutdoor.it\/de\/track\/tour-volterra-montecatini-val-di-cecina\/\",\"name\":\"Tour Volterra Montecatini Val di Cecina | Val di Cecina outdoor\",\"isPartOf\":{\"@id\":\"https:\/\/valdicecinaoutdoor.it\/en\/#website\"},\"primaryImageOfPage\":{\"@id\":\"https:\/\/valdicecinaoutdoor.it\/de\/track\/tour-volterra-montecatini-val-di-cecina\/#primaryimage\"},\"datePublished\":\"2023-02-17T16:58:05+00:00\",\"dateModified\":\"2023-02-17T16:58:06+00:00\",\"breadcrumb\":{\"@id\":\"https:\/\/valdicecinaoutdoor.it\/de\/track\/tour-volterra-montecatini-val-di-cecina\/#breadcrumb\"},\"inLanguage\":\"de-DE\",\"potentialAction\":[{\"@type\":\"ReadAction\",\"target\":[\"https:\/\/valdicecinaoutdoor.it\/de\/track\/tour-volterra-montecatini-val-di-cecina\/\"]}]},{\"@type\":\"BreadcrumbList\",\"@id\":\"https:\/\/valdicecinaoutdoor.it\/de\/track\/tour-volterra-montecatini-val-di-cecina\/#breadcrumb\",\"itemListElement\":[{\"@type\":\"ListItem\",\"position\":1,\"name\":\"Home\",\"item\":\"https:\/\/valdicecinaoutdoor.it\/de\/\"},{\"@type\":\"ListItem\",\"position\":2,\"name\":\"Tracks\",\"item\":\"https:\/\/valdicecinaoutdoor.it\/track\/\"},{\"@type\":\"ListItem\",\"position\":3,\"name\":\"Tour Volterra Montecatini Val di Cecina\"}]}]}<\/script>\n<!-- \/ Yoast SEO plugin. -->","yoast_head_json":{"title":"Tour Volterra Montecatini Val di Cecina | Val di Cecina outdoor","robots":{"index":"index","follow":"follow","max-snippet":"max-snippet:-1","max-image-preview":"max-image-preview:large","max-video-preview":"max-video-preview:-1"},"canonical":"https:\/\/valdicecinaoutdoor.it\/de\/track\/tour-volterra-montecatini-val-di-cecina\/","og_locale":"de_DE","og_type":"article","og_title":"Tour Volterra Montecatini Val di Cecina | Val di Cecina outdoor","og_description":"Die Sonderziele sind nur im au\u00dferst\u00e4dtischen Bereich beschrieben A large ring that connects Volterra, a city of art and culture with 3000 years of history, to Montecatini Val di Cecina, one of the most beautiful medieval villages in Tuscany and featuring the most famous and richest copper mine in 19th century Europe. Between them sprawls...","og_url":"https:\/\/valdicecinaoutdoor.it\/de\/track\/tour-volterra-montecatini-val-di-cecina\/","og_site_name":"Val di Cecina outdoor","article_publisher":"https:\/\/m.facebook.com\/valdicecinaoutdoor\/","article_modified_time":"2023-02-17T16:58:06+00:00","og_image":[{"width":1080,"height":719,"url":"https:\/\/valdicecinaoutdoor.it\/wp-content\/uploads\/2020\/09\/Montecatini-VC-Panorama-ok-4.jpg","type":"image\/jpeg"}],"twitter_card":"summary_large_image","twitter_misc":{"Est. reading time":"2 minutes"},"schema":{"@context":"https:\/\/schema.org","@graph":[{"@type":"Organization","@id":"https:\/\/valdicecinaoutdoor.it\/en\/#organization","name":"Valdicecina Outdoor","url":"https:\/\/valdicecinaoutdoor.it\/en\/","sameAs":["https:\/\/m.facebook.com\/valdicecinaoutdoor\/","https:\/\/www.instagram.com\/valdicecina_outdoor\/"],"logo":{"@type":"ImageObject","@id":"https:\/\/valdicecinaoutdoor.it\/en\/#logo","inLanguage":"de-DE","url":"https:\/\/valdicecinaoutdoor.it\/wp-content\/uploads\/2020\/09\/valdicecinaoutdoor-logo-home.png","contentUrl":"https:\/\/valdicecinaoutdoor.it\/wp-content\/uploads\/2020\/09\/valdicecinaoutdoor-logo-home.png","width":252,"height":311,"caption":"Valdicecina Outdoor"},"image":{"@id":"https:\/\/valdicecinaoutdoor.it\/en\/#logo"}},{"@type":"WebSite","@id":"https:\/\/valdicecinaoutdoor.it\/en\/#website","url":"https:\/\/valdicecinaoutdoor.it\/en\/","name":"Val di Cecina outdoor","description":"Itinerari unici nella Toscana","publisher":{"@id":"https:\/\/valdicecinaoutdoor.it\/en\/#organization"},"potentialAction":[{"@type":"SearchAction","target":{"@type":"EntryPoint","urlTemplate":"https:\/\/valdicecinaoutdoor.it\/en\/?s={search_term_string}"},"query-input":"required name=search_term_string"}],"inLanguage":"de-DE"},{"@type":"ImageObject","@id":"https:\/\/valdicecinaoutdoor.it\/de\/track\/tour-volterra-montecatini-val-di-cecina\/#primaryimage","inLanguage":"de-DE","url":"https:\/\/valdicecinaoutdoor.it\/wp-content\/uploads\/2020\/09\/Montecatini-VC-Panorama-ok-4.jpg","contentUrl":"https:\/\/valdicecinaoutdoor.it\/wp-content\/uploads\/2020\/09\/Montecatini-VC-Panorama-ok-4.jpg","width":1080,"height":719},{"@type":"WebPage","@id":"https:\/\/valdicecinaoutdoor.it\/de\/track\/tour-volterra-montecatini-val-di-cecina\/#webpage","url":"https:\/\/valdicecinaoutdoor.it\/de\/track\/tour-volterra-montecatini-val-di-cecina\/","name":"Tour Volterra Montecatini Val di Cecina | Val di Cecina outdoor","isPartOf":{"@id":"https:\/\/valdicecinaoutdoor.it\/en\/#website"},"primaryImageOfPage":{"@id":"https:\/\/valdicecinaoutdoor.it\/de\/track\/tour-volterra-montecatini-val-di-cecina\/#primaryimage"},"datePublished":"2023-02-17T16:58:05+00:00","dateModified":"2023-02-17T16:58:06+00:00","breadcrumb":{"@id":"https:\/\/valdicecinaoutdoor.it\/de\/track\/tour-volterra-montecatini-val-di-cecina\/#breadcrumb"},"inLanguage":"de-DE","potentialAction":[{"@type":"ReadAction","target":["https:\/\/valdicecinaoutdoor.it\/de\/track\/tour-volterra-montecatini-val-di-cecina\/"]}]},{"@type":"BreadcrumbList","@id":"https:\/\/valdicecinaoutdoor.it\/de\/track\/tour-volterra-montecatini-val-di-cecina\/#breadcrumb","itemListElement":[{"@type":"ListItem","position":1,"name":"Home","item":"https:\/\/valdicecinaoutdoor.it\/de\/"},{"@type":"ListItem","position":2,"name":"Tracks","item":"https:\/\/valdicecinaoutdoor.it\/track\/"},{"@type":"ListItem","position":3,"name":"Tour Volterra Montecatini Val di Cecina"}]}]}},"n7webmap_import_gpx":null,"not_accessible":false,"not_accessible_description":null,"n7webmapp_track_color":"","code":"","n7webmap_track_media_gallery":[{"ID":13556,"id":13556,"title":"Montecatini-VC-Panorama-ok","filename":"Montecatini-VC-Panorama-ok.jpg","filesize":880561,"url":"https:\/\/valdicecinaoutdoor.it\/wp-content\/uploads\/2020\/12\/Montecatini-VC-Panorama-ok.jpg","link":"https:\/\/valdicecinaoutdoor.it\/de\/orte-entdecken\/montecatini-vc-panorama-ok-2\/","alt":"","author":"3","description":"","caption":"","name":"montecatini-vc-panorama-ok-2","status":"inherit","uploaded_to":14993,"date":"2020-12-11 13:45:00","modified":"2023-02-17 10:52:08","menu_order":0,"mime_type":"image\/jpeg","type":"image","subtype":"jpeg","icon":"https:\/\/valdicecinaoutdoor.it\/wp-includes\/images\/media\/default.png","width":1080,"height":719,"sizes":{"thumbnail":"https:\/\/valdicecinaoutdoor.it\/wp-content\/uploads\/2020\/12\/Montecatini-VC-Panorama-ok.jpg","thumbnail-width":150,"thumbnail-height":100,"medium":"https:\/\/valdicecinaoutdoor.it\/wp-content\/uploads\/2020\/12\/Montecatini-VC-Panorama-ok.jpg","medium-width":300,"medium-height":200,"large":"https:\/\/valdicecinaoutdoor.it\/wp-content\/uploads\/2020\/12\/Montecatini-VC-Panorama-ok-1024x682.jpg","large-width":1024,"large-height":682,"us_810_540_crop":"https:\/\/valdicecinaoutdoor.it\/wp-content\/uploads\/2020\/12\/Montecatini-VC-Panorama-ok.jpg","us_810_540_crop-width":810,"us_810_540_crop-height":540,"pdf-large":"https:\/\/valdicecinaoutdoor.it\/wp-content\/uploads\/2020\/12\/Montecatini-VC-Panorama-ok.jpg","pdf-large-width":913,"pdf-large-height":608}},{"ID":13180,"id":13180,"title":"MBAX6208-4.jpg","filename":"MBAX6208-4.jpg","filesize":243307,"url":"https:\/\/valdicecinaoutdoor.it\/wp-content\/uploads\/2020\/09\/MBAX6208-4.jpg","link":"https:\/\/valdicecinaoutdoor.it\/de\/mbax6208-4-jpg-2\/","alt":"","author":"3","description":"","caption":"","name":"mbax6208-4-jpg-2","status":"inherit","uploaded_to":0,"date":"2020-09-10 15:55:02","modified":"2020-09-10 15:55:02","menu_order":0,"mime_type":"image\/jpeg","type":"image","subtype":"jpeg","icon":"https:\/\/valdicecinaoutdoor.it\/wp-includes\/images\/media\/default.png","width":1280,"height":960,"sizes":{"thumbnail":"https:\/\/valdicecinaoutdoor.it\/wp-content\/uploads\/2020\/09\/MBAX6208-4.jpg","thumbnail-width":150,"thumbnail-height":113,"medium":"https:\/\/valdicecinaoutdoor.it\/wp-content\/uploads\/2020\/09\/MBAX6208-4.jpg","medium-width":300,"medium-height":225,"large":"https:\/\/valdicecinaoutdoor.it\/wp-content\/uploads\/2020\/09\/MBAX6208-4-1024x768.jpg","large-width":1024,"large-height":768,"us_810_540_crop":"https:\/\/valdicecinaoutdoor.it\/wp-content\/uploads\/2020\/09\/MBAX6208-4.jpg","us_810_540_crop-width":720,"us_810_540_crop-height":540,"pdf-large":"https:\/\/valdicecinaoutdoor.it\/wp-content\/uploads\/2020\/09\/MBAX6208-4.jpg","pdf-large-width":811,"pdf-large-height":608}},{"ID":13179,"id":13179,"title":"MBSU4551-2.jpg","filename":"MBSU4551-2.jpg","filesize":374787,"url":"https:\/\/valdicecinaoutdoor.it\/wp-content\/uploads\/2020\/09\/MBSU4551-2.jpg","link":"https:\/\/valdicecinaoutdoor.it\/de\/mbsu4551-2-jpg-2\/","alt":"","author":"3","description":"","caption":"","name":"mbsu4551-2-jpg-2","status":"inherit","uploaded_to":0,"date":"2020-09-10 15:55:01","modified":"2020-09-10 15:55:01","menu_order":0,"mime_type":"image\/jpeg","type":"image","subtype":"jpeg","icon":"https:\/\/valdicecinaoutdoor.it\/wp-includes\/images\/media\/default.png","width":1280,"height":960,"sizes":{"thumbnail":"https:\/\/valdicecinaoutdoor.it\/wp-content\/uploads\/2020\/09\/MBSU4551-2.jpg","thumbnail-width":150,"thumbnail-height":113,"medium":"https:\/\/valdicecinaoutdoor.it\/wp-content\/uploads\/2020\/09\/MBSU4551-2.jpg","medium-width":300,"medium-height":225,"large":"https:\/\/valdicecinaoutdoor.it\/wp-content\/uploads\/2020\/09\/MBSU4551-2-1024x768.jpg","large-width":1024,"large-height":768,"us_810_540_crop":"https:\/\/valdicecinaoutdoor.it\/wp-content\/uploads\/2020\/09\/MBSU4551-2.jpg","us_810_540_crop-width":720,"us_810_540_crop-height":540,"pdf-large":"https:\/\/valdicecinaoutdoor.it\/wp-content\/uploads\/2020\/09\/MBSU4551-2.jpg","pdf-large-width":811,"pdf-large-height":608}},{"ID":13005,"id":13005,"title":"Montecatini-VC-Miniera-Pozzo-Alfredo-3-ok-4.jpg","filename":"Montecatini-VC-Miniera-Pozzo-Alfredo-3-ok-4.jpg","filesize":787660,"url":"https:\/\/valdicecinaoutdoor.it\/wp-content\/uploads\/2020\/09\/Montecatini-VC-Miniera-Pozzo-Alfredo-3-ok-4.jpg","link":"https:\/\/valdicecinaoutdoor.it\/de\/montecatini-vc-miniera-pozzo-alfredo-3-ok-4-jpg-2\/","alt":"","author":"3","description":"","caption":"","name":"montecatini-vc-miniera-pozzo-alfredo-3-ok-4-jpg-2","status":"inherit","uploaded_to":0,"date":"2020-09-10 15:52:11","modified":"2020-09-10 15:52:11","menu_order":0,"mime_type":"image\/jpeg","type":"image","subtype":"jpeg","icon":"https:\/\/valdicecinaoutdoor.it\/wp-includes\/images\/media\/default.png","width":1080,"height":719,"sizes":{"thumbnail":"https:\/\/valdicecinaoutdoor.it\/wp-content\/uploads\/2020\/09\/Montecatini-VC-Miniera-Pozzo-Alfredo-3-ok-4.jpg","thumbnail-width":150,"thumbnail-height":100,"medium":"https:\/\/valdicecinaoutdoor.it\/wp-content\/uploads\/2020\/09\/Montecatini-VC-Miniera-Pozzo-Alfredo-3-ok-4.jpg","medium-width":300,"medium-height":200,"large":"https:\/\/valdicecinaoutdoor.it\/wp-content\/uploads\/2020\/09\/Montecatini-VC-Miniera-Pozzo-Alfredo-3-ok-4-1024x682.jpg","large-width":1024,"large-height":682,"us_810_540_crop":"https:\/\/valdicecinaoutdoor.it\/wp-content\/uploads\/2020\/09\/Montecatini-VC-Miniera-Pozzo-Alfredo-3-ok-4.jpg","us_810_540_crop-width":810,"us_810_540_crop-height":540,"pdf-large":"https:\/\/valdicecinaoutdoor.it\/wp-content\/uploads\/2020\/09\/Montecatini-VC-Miniera-Pozzo-Alfredo-3-ok-4.jpg","pdf-large-width":913,"pdf-large-height":608}},{"ID":13009,"id":13009,"title":"IMG_20170309_102742-ok-2.jpg","filename":"IMG_20170309_102742-ok-2.jpg","filesize":356434,"url":"https:\/\/valdicecinaoutdoor.it\/wp-content\/uploads\/2020\/09\/IMG_20170309_102742-ok-2.jpg","link":"https:\/\/valdicecinaoutdoor.it\/de\/img_20170309_102742-ok-2-jpg-2\/","alt":"","author":"3","description":"","caption":"","name":"img_20170309_102742-ok-2-jpg-2","status":"inherit","uploaded_to":0,"date":"2020-09-10 15:52:13","modified":"2020-09-10 15:52:13","menu_order":0,"mime_type":"image\/jpeg","type":"image","subtype":"jpeg","icon":"https:\/\/valdicecinaoutdoor.it\/wp-includes\/images\/media\/default.png","width":1080,"height":607,"sizes":{"thumbnail":"https:\/\/valdicecinaoutdoor.it\/wp-content\/uploads\/2020\/09\/IMG_20170309_102742-ok-2.jpg","thumbnail-width":150,"thumbnail-height":84,"medium":"https:\/\/valdicecinaoutdoor.it\/wp-content\/uploads\/2020\/09\/IMG_20170309_102742-ok-2.jpg","medium-width":300,"medium-height":169,"large":"https:\/\/valdicecinaoutdoor.it\/wp-content\/uploads\/2020\/09\/IMG_20170309_102742-ok-2-1024x576.jpg","large-width":1024,"large-height":576,"us_810_540_crop":"https:\/\/valdicecinaoutdoor.it\/wp-content\/uploads\/2020\/09\/IMG_20170309_102742-ok-2.jpg","us_810_540_crop-width":810,"us_810_540_crop-height":455,"pdf-large":"https:\/\/valdicecinaoutdoor.it\/wp-content\/uploads\/2020\/09\/IMG_20170309_102742-ok-2.jpg","pdf-large-width":1080,"pdf-large-height":607}},{"ID":13002,"id":13002,"title":"MBAX6168-4.jpg","filename":"MBAX6168-4.jpg","filesize":151819,"url":"https:\/\/valdicecinaoutdoor.it\/wp-content\/uploads\/2020\/09\/MBAX6168-4.jpg","link":"https:\/\/valdicecinaoutdoor.it\/de\/mbax6168-4-jpg-2\/","alt":"","author":"3","description":"","caption":"","name":"mbax6168-4-jpg-2","status":"inherit","uploaded_to":0,"date":"2020-09-10 15:52:07","modified":"2020-09-10 15:52:07","menu_order":0,"mime_type":"image\/jpeg","type":"image","subtype":"jpeg","icon":"https:\/\/valdicecinaoutdoor.it\/wp-includes\/images\/media\/default.png","width":1280,"height":960,"sizes":{"thumbnail":"https:\/\/valdicecinaoutdoor.it\/wp-content\/uploads\/2020\/09\/MBAX6168-4.jpg","thumbnail-width":150,"thumbnail-height":113,"medium":"https:\/\/valdicecinaoutdoor.it\/wp-content\/uploads\/2020\/09\/MBAX6168-4.jpg","medium-width":300,"medium-height":225,"large":"https:\/\/valdicecinaoutdoor.it\/wp-content\/uploads\/2020\/09\/MBAX6168-4-1024x768.jpg","large-width":1024,"large-height":768,"us_810_540_crop":"https:\/\/valdicecinaoutdoor.it\/wp-content\/uploads\/2020\/09\/MBAX6168-4.jpg","us_810_540_crop-width":720,"us_810_540_crop-height":540,"pdf-large":"https:\/\/valdicecinaoutdoor.it\/wp-content\/uploads\/2020\/09\/MBAX6168-4.jpg","pdf-large-width":811,"pdf-large-height":608}},{"ID":13582,"id":13582,"title":"IMG_20201028_134909","filename":"IMG_20201028_134909-scaled.jpg","filesize":1125151,"url":"https:\/\/valdicecinaoutdoor.it\/wp-content\/uploads\/2021\/01\/IMG_20201028_134909-scaled.jpg","link":"https:\/\/valdicecinaoutdoor.it\/de\/img_20201028_134909-2\/","alt":"","author":"6","description":"","caption":"","name":"img_20201028_134909-2","status":"inherit","uploaded_to":0,"date":"2021-01-22 17:03:42","modified":"2021-01-22 17:03:42","menu_order":0,"mime_type":"image\/jpeg","type":"image","subtype":"jpeg","icon":"https:\/\/valdicecinaoutdoor.it\/wp-includes\/images\/media\/default.png","width":2560,"height":1920,"sizes":{"thumbnail":"https:\/\/valdicecinaoutdoor.it\/wp-content\/uploads\/2021\/01\/IMG_20201028_134909-150x150.jpg","thumbnail-width":150,"thumbnail-height":150,"medium":"https:\/\/valdicecinaoutdoor.it\/wp-content\/uploads\/2021\/01\/IMG_20201028_134909-300x225.jpg","medium-width":300,"medium-height":225,"large":"https:\/\/valdicecinaoutdoor.it\/wp-content\/uploads\/2021\/01\/IMG_20201028_134909-1024x768.jpg","large-width":1024,"large-height":768,"us_810_540_crop":"https:\/\/valdicecinaoutdoor.it\/wp-content\/uploads\/2021\/01\/IMG_20201028_134909-810x540.jpg","us_810_540_crop-width":810,"us_810_540_crop-height":540,"pdf-large":"https:\/\/valdicecinaoutdoor.it\/wp-content\/uploads\/2021\/01\/IMG_20201028_134909-1080x608.jpg","pdf-large-width":1080,"pdf-large-height":608}},{"ID":13583,"id":13583,"title":"calanchi scipriano","filename":"IMG_20201109_130706-scaled.jpg","filesize":1455253,"url":"https:\/\/valdicecinaoutdoor.it\/wp-content\/uploads\/2021\/01\/IMG_20201109_130706-scaled.jpg","link":"https:\/\/valdicecinaoutdoor.it\/de\/img_20201109_130706-2\/","alt":"","author":"6","description":"","caption":"","name":"img_20201109_130706-2","status":"inherit","uploaded_to":0,"date":"2021-01-22 17:03:59","modified":"2023-02-17 16:55:54","menu_order":0,"mime_type":"image\/jpeg","type":"image","subtype":"jpeg","icon":"https:\/\/valdicecinaoutdoor.it\/wp-includes\/images\/media\/default.png","width":2560,"height":1920,"sizes":{"thumbnail":"https:\/\/valdicecinaoutdoor.it\/wp-content\/uploads\/2021\/01\/IMG_20201109_130706-scaled-150x150.jpg","thumbnail-width":150,"thumbnail-height":150,"medium":"https:\/\/valdicecinaoutdoor.it\/wp-content\/uploads\/2021\/01\/IMG_20201109_130706-scaled-300x225.jpg","medium-width":300,"medium-height":225,"large":"https:\/\/valdicecinaoutdoor.it\/wp-content\/uploads\/2021\/01\/IMG_20201109_130706-scaled-1024x768.jpg","large-width":1024,"large-height":768,"us_810_540_crop":"https:\/\/valdicecinaoutdoor.it\/wp-content\/uploads\/2021\/01\/IMG_20201109_130706-scaled-810x540.jpg","us_810_540_crop-width":810,"us_810_540_crop-height":540,"pdf-large":"https:\/\/valdicecinaoutdoor.it\/wp-content\/uploads\/2021\/01\/IMG_20201109_130706-scaled-1080x608.jpg","pdf-large-width":1080,"pdf-large-height":608}},{"ID":13581,"id":13581,"title":"FB_IMG_1609518555657","filename":"FB_IMG_1609518555657.jpg","filesize":54402,"url":"https:\/\/valdicecinaoutdoor.it\/wp-content\/uploads\/2021\/01\/FB_IMG_1609518555657.jpg","link":"https:\/\/valdicecinaoutdoor.it\/de\/track\/volterra-klippen-und-schluchten\/fb_img_1609518555657-2\/","alt":"","author":"6","description":"","caption":"","name":"fb_img_1609518555657-2","status":"inherit","uploaded_to":15323,"date":"2021-01-22 16:45:33","modified":"2023-02-17 16:55:55","menu_order":0,"mime_type":"image\/jpeg","type":"image","subtype":"jpeg","icon":"https:\/\/valdicecinaoutdoor.it\/wp-includes\/images\/media\/default.png","width":1080,"height":720,"sizes":{"thumbnail":"https:\/\/valdicecinaoutdoor.it\/wp-content\/uploads\/2021\/01\/FB_IMG_1609518555657-150x150.jpg","thumbnail-width":150,"thumbnail-height":150,"medium":"https:\/\/valdicecinaoutdoor.it\/wp-content\/uploads\/2021\/01\/FB_IMG_1609518555657-300x200.jpg","medium-width":300,"medium-height":200,"large":"https:\/\/valdicecinaoutdoor.it\/wp-content\/uploads\/2021\/01\/FB_IMG_1609518555657-1024x683.jpg","large-width":1024,"large-height":683,"us_810_540_crop":"https:\/\/valdicecinaoutdoor.it\/wp-content\/uploads\/2021\/01\/FB_IMG_1609518555657-810x540.jpg","us_810_540_crop-width":810,"us_810_540_crop-height":540,"pdf-large":"https:\/\/valdicecinaoutdoor.it\/wp-content\/uploads\/2021\/01\/FB_IMG_1609518555657-1080x608.jpg","pdf-large-width":1080,"pdf-large-height":608}}],"n7webmap_start":"","n7webmap_start_poi":[{"ID":5775,"post_author":"3","post_date":"2021-01-21 16:23:15","post_date_gmt":"2021-01-21 16:23:15","post_content":"<!-- wp:paragraph -->\n<p>P.zza dei Priori, Volterra.<br><a href=\"https:\/\/volterratur.it\/?post_type=poi&amp;p=59417\" target=\"_blank\" rel=\"noreferrer noopener\">Scopri di pi\u00f9 sulla Piazza dei Priori...<\/a><\/p>\n<!-- \/wp:paragraph -->","post_title":"Inizio e fine percorso -  Tour Volterra  Montecatini V.C.","post_excerpt":"","post_status":"publish","comment_status":"open","ping_status":"closed","post_password":"","post_name":"inizio-e-fine-percorso-tour-volterra-montecatini-v-c","to_ping":"","pinged":"","post_modified":"2022-01-14 17:08:35","post_modified_gmt":"2022-01-14 17:08:35","post_content_filtered":"","post_parent":0,"guid":"https:\/\/valdicecinaoutdoor.it\/poi\/inizio-e-fine-percorso-tour-volterra-montecatini-v-c\/","menu_order":0,"post_type":"poi","post_mime_type":"","comment_count":"0","filter":"raw"}],"n7webmap_end":"","n7webmap_end_poi":null,"n7webmap_related_poi":[{"ID":5775,"post_author":"3","post_date":"2021-01-21 16:23:15","post_date_gmt":"2021-01-21 16:23:15","post_content":"<!-- wp:paragraph -->\n<p>P.zza dei Priori, Volterra.<br><a href=\"https:\/\/volterratur.it\/?post_type=poi&amp;p=59417\" target=\"_blank\" rel=\"noreferrer noopener\">Scopri di pi\u00f9 sulla Piazza dei Priori...<\/a><\/p>\n<!-- \/wp:paragraph -->","post_title":"Inizio e fine percorso -  Tour Volterra  Montecatini V.C.","post_excerpt":"","post_status":"publish","comment_status":"open","ping_status":"closed","post_password":"","post_name":"inizio-e-fine-percorso-tour-volterra-montecatini-v-c","to_ping":"","pinged":"","post_modified":"2022-01-14 17:08:35","post_modified_gmt":"2022-01-14 17:08:35","post_content_filtered":"","post_parent":0,"guid":"https:\/\/valdicecinaoutdoor.it\/poi\/inizio-e-fine-percorso-tour-volterra-montecatini-v-c\/","menu_order":0,"post_type":"poi","post_mime_type":"","comment_count":"0","filter":"raw"},{"ID":5737,"post_author":"3","post_date":"2021-01-21 15:45:59","post_date_gmt":"2021-01-21 15:45:59","post_content":"<!-- wp:paragraph -->\n<p><a href=\"https:\/\/volterratur.it\/?post_type=poi&amp;p=41737\" target=\"_blank\" rel=\"noreferrer noopener\">Le Balze<\/a>, uno dei luoghi pi\u00f9 affascinanti ed inquietanti del Volterrano, una gigantesca voragine che incide profondamente il versante NW del colle. L\u2019estesa frana \u00e8 originata dall'azione erosiva delle acque meteoriche che infiltratesi attraverso il deposito sabbioso sommitale (permeabile) del colle di Volterra giungono a sciogliere le argille sottostanti (impermeabili) provocando cos\u00ec il crollo progressivo degli spessori sabbiosi ed arenacei ad esse sovrapposti. Il fenomeno erosivo, attivo da alcuni secoli ha coinvolto nel proprio avanzamento parte di una necropoli etrusca e le Chiese di S. Clemente e di <a href=\"https:\/\/volterratur.it\/?post_type=poi&amp;p=58977\" target=\"_blank\" rel=\"noreferrer noopener\">S.Giusto<\/a> al Botro, divorate dal precipizio nel sec. XVII. &nbsp;<\/p>\n<!-- \/wp:paragraph -->\n\n<!-- wp:paragraph -->\n<p>Dal parcheggio in prossimit\u00e0 delle Balze, \u00e8 possibile percorrere un tratto a piedi lungo <a href=\"https:\/\/volterratur.it\/?post_type=poi&amp;p=48692\" target=\"_blank\" rel=\"noreferrer noopener\">le antiche mura etrusche del IV sec. A. C. <\/a>da dove si ammirano straordinari panorami per poi giungere ai resti della \u00a0<a href=\"https:\/\/volterratur.it\/?post_type=poi&amp;p=49417\" target=\"_blank\" rel=\"noreferrer noopener\">Badia Camaldolese<\/a> che sospesa tra terra e cielo da circa 10 secoli sfida la voragine delle Balze che avanza inesorabilmente.<\/p>\n<!-- \/wp:paragraph -->\n\n<!-- wp:paragraph -->\n<p>La grande cerchia muraria&nbsp; etrusca in pietra \u201cpanchino\u201d&nbsp; aveva uno sviluppo di oltre 7 km racchiudendo un area di 102 ha.<\/p>\n<!-- \/wp:paragraph -->","post_title":"Le Balze e le mura etrusche della Guerruccia","post_excerpt":"","post_status":"publish","comment_status":"open","ping_status":"closed","post_password":"","post_name":"le-balze-e-le-mura-etrusche-della-guerruccia","to_ping":"","pinged":"","post_modified":"2022-01-14 17:30:02","post_modified_gmt":"2022-01-14 17:30:02","post_content_filtered":"","post_parent":0,"guid":"https:\/\/valdicecinaoutdoor.it\/poi\/le-balze-e-le-mura-etrusche-della-guerruccia\/","menu_order":0,"post_type":"poi","post_mime_type":"","comment_count":"0","filter":"raw"},{"ID":5733,"post_author":"3","post_date":"2021-01-21 15:45:59","post_date_gmt":"2021-01-21 15:45:59","post_content":"<!-- wp:paragraph -->\n<p>La fonte di Mandringa \u00e8 coperta da un unico arco in pietra databile probabilmente alla met\u00e0 del Duecento, anno in cui il consiglio cittadino ordin\u00f2 agli uomini della contrada di Pratomarzio, sotto la cui giurisdizione si trovava la sorgente, di lavorare alla copertura della fontana.<\/p>\n<!-- \/wp:paragraph -->\n\n<!-- wp:paragraph -->\n<p>In passato la fonte era chiamata Grimaldinga, toponimo di origine germanica, altre volte venne chiamata anche fonte di Pratomarzio, confondendola con quella della Frana.<\/p>\n<!-- \/wp:paragraph -->\n\n<!-- wp:paragraph -->\n<p><em>\"Chi sciacqua le lenzuola<\/em> <em>alla Docciola,<\/em> <em>convien che l\u2019acqua attinga alla Mandringa\" G. D\u2019Annunzio<\/em> &nbsp;dal \u201cForse che s\u00ec forse che no\u201d<\/p>\n<!-- \/wp:paragraph -->","post_title":"Fonte Di Mandringa","post_excerpt":"","post_status":"publish","comment_status":"open","ping_status":"closed","post_password":"","post_name":"fonte-di-mandringa","to_ping":"","pinged":"","post_modified":"2021-08-19 09:41:20","post_modified_gmt":"2021-08-19 09:41:20","post_content_filtered":"","post_parent":0,"guid":"https:\/\/valdicecinaoutdoor.it\/poi\/fonte-di-mandringa\/","menu_order":0,"post_type":"poi","post_mime_type":"","comment_count":"0","filter":"raw"},{"ID":5736,"post_author":"3","post_date":"2021-01-21 15:45:59","post_date_gmt":"2021-01-21 14:45:59","post_content":"<!-- wp:paragraph -->\n<p>All\u2019estremit\u00e0 settentrionale della citt\u00e0 la massa imponente della <a href=\"https:\/\/volterratur.it\/poi\/la-badia-camldolese\/\" target=\"_blank\" rel=\"noreferrer noopener\">Badia di San Giusto<\/a> si affaccia sullo strapiombo delle <a href=\"https:\/\/volterratur.it\/?post_type=poi&amp;p=41737\" target=\"_blank\" rel=\"noreferrer noopener\">Balze<\/a>. Il monastero venne edificato per volere del vescovo di <a href=\"https:\/\/volterratur.it\/volterra\/\" target=\"_blank\" rel=\"noreferrer noopener\">Volterra<\/a> Gunfredo nell'anno Mille; l\u2019edificio con tutte le sue propriet\u00e0 venne poi affidato alla cura dei benedettini, i quali nel corso del XIII secolo furono sostituiti dai monaci camaldolesi. Nei primi anni del Seicento inizi\u00f2 la frana delle Balze, che nei secoli successivi arriv\u00f2 a minacciare da vicino anche la Badia. Poi nei primi anni dell'Ottocento il monastero fu soppresso temporaneamente dal governo di occupazione francese, ma quando i camaldolesi poterono tornarvi, pochi anni dopo, nel 1861, a causa anche del terremoto del 1846, abbandonarono definitivamente l\u2019edificio, per paura delle Balze.<\/p>\n<!-- \/wp:paragraph -->\n\n<!-- wp:paragraph -->\n<p>Il monastero \u00e8 oggi un\u2019unica struttura divisa in due parti ben distinte: la chiesa, pressoch\u00e9 distrutta, di cui rimangono solo scarsi resti dei muri perimetrali che conservano ancora la struttura di et\u00e0 romanica, e l\u2019edificio residenziale, con il chiostro, il refettorio ed i quartieri dei monaci, che invece hanno un aspetto pi\u00f9 moderno dovuto alla ricostruzione voluta dall\u2019abate Mario Maffei nel Cinquecento. Le finestre della Badia si affacciano su spettacolari vedute sulla chiesa del borgo, sulle mura etrusche e sui pinnacoli delle Balze.<\/p>\n<!-- \/wp:paragraph -->","post_title":"La Badia Camaldolese","post_excerpt":"","post_status":"publish","comment_status":"open","ping_status":"closed","post_password":"","post_name":"la-badia-camaldolese","to_ping":"","pinged":"","post_modified":"2025-09-04 10:14:27","post_modified_gmt":"2025-09-04 08:14:27","post_content_filtered":"","post_parent":0,"guid":"https:\/\/valdicecinaoutdoor.it\/poi\/la-badia\/","menu_order":0,"post_type":"poi","post_mime_type":"","comment_count":"0","filter":"raw"},{"ID":5734,"post_author":"3","post_date":"2021-01-21 15:45:59","post_date_gmt":"2021-01-21 15:45:59","post_content":"<!-- wp:paragraph -->\n<p>I\u00a0calanchi sono generati principalmente dall\u2019effetto dilavante dell\u2019acqua meteorica sui suoli argillosi \u2013 limosi che forgia una serie di vallecole contigue separate da creste ripide e affilate. I calanchi sono facilmente identificabili come un\u2019area, generalmente con contorno a ferro di cavallo, costituita da un sistema di solchi o di vallecole, con i fianchi estremamente ripidie denudati, separati gli uni dagli altri da sottili creste argillose con un profilo molto scosceso. Sono quasi sempre presenti solo sui versanti meridionali.<br><a href=\"https:\/\/volterratur.it\/?post_type=poi&amp;p=59612\" target=\"_blank\" rel=\"noreferrer noopener\">Scopri San Cipriano...<\/a><\/p>\n<!-- \/wp:paragraph -->","post_title":"I Calanchi di San Cipriano","post_excerpt":"","post_status":"publish","comment_status":"open","ping_status":"closed","post_password":"","post_name":"i-calanchi-di-san-cipriano","to_ping":"","pinged":"","post_modified":"2022-01-14 16:03:40","post_modified_gmt":"2022-01-14 16:03:40","post_content_filtered":"","post_parent":0,"guid":"https:\/\/valdicecinaoutdoor.it\/poi\/i-calanchi-di-san-cipriano\/","menu_order":0,"post_type":"poi","post_mime_type":"","comment_count":"0","filter":"raw"},{"ID":17723,"post_author":"8","post_date":"2026-03-25 09:30:20","post_date_gmt":"2026-03-25 08:30:20","post_content":"<!-- wp:paragraph -->\n<p><strong>Serraspina SRL Societ\u00e0 Agricola \u00e8 un'azienda d'eccellenza dedita alla produzione biologica, certificata da BioAgriCert Srl.<\/strong> L'attivit\u00e0 si concentra sulla valorizzazione di cereali antichi e di qualit\u00e0, offrendo una gamma di prodotti che include il farro (disponibile sia come farina che perlato) e il rinomato grano Senatore Cappelli, trasformato in farine e pasta artigianale, comprese le tradizionali tagliatelle. <strong>L'azienda gestisce direttamente l'intera filiera produttiva<\/strong> e accoglie i consumatori attraverso la vendita diretta in loco. Inoltre, Serraspina arricchisce la propria offerta con un servizio di ristorazione e somministrazione diretta, dove \u00e8 possibile degustare i prodotti della terra in un contesto autentico e genuino.<\/p>\n<!-- \/wp:paragraph -->\n\n<!-- wp:paragraph -->\n<p>I PRODOTTI DI ECCELLENZA DELL'AZIENDA SONO:<\/p>\n<!-- \/wp:paragraph -->\n\n<!-- wp:table -->\n<figure class=\"wp-block-table\"><table><tbody><tr><td>Farina di Farro<\/td><\/tr><tr><td>Farro perlato<\/td><\/tr><tr><td>Farina Senatore Cappelli<\/td><\/tr><tr><td>Pasta Senatore cappelli<\/td><\/tr><tr><td>Tagliatelle di Senatore Cappelli<\/td><\/tr><\/tbody><\/table><\/figure>\n<!-- \/wp:table -->\n\n<!-- wp:list -->\n<ul><li>Telefono: <a href=\"tel:0039 329 9170882\">+39 329 9170882<\/a><\/li><li>Email: <a href=\"mailto:info@serraspina.it\" target=\"_blank\" rel=\"noreferrer noopener\">info@serraspina.it<\/a><\/li><li>Web: <a href=\"http:\/\/www.serraspina.com\" target=\"_blank\" rel=\"noreferrer noopener\">www.serraspina.com<\/a><\/li><\/ul>\n<!-- \/wp:list -->","post_title":"Serraspina SRL Societ\u00e0 Agricola (L.E.)","post_excerpt":"","post_status":"publish","comment_status":"closed","ping_status":"closed","post_password":"","post_name":"serraspina-srl-societa-agricola-l-e","to_ping":"","pinged":"","post_modified":"2026-03-25 09:30:59","post_modified_gmt":"2026-03-25 08:30:59","post_content_filtered":"","post_parent":0,"guid":"https:\/\/valdicecinaoutdoor.it\/?post_type=poi&#038;p=17723","menu_order":0,"post_type":"poi","post_mime_type":"","comment_count":"0","filter":"raw"},{"ID":5738,"post_author":"3","post_date":"2021-01-21 15:45:59","post_date_gmt":"2021-01-21 15:45:59","post_content":"<!-- wp:paragraph -->\n<p>Scultura di Mauro Staccioli in prossimit\u00e0 della piccola&nbsp;Chiesa di S.Lucia a Corbano&nbsp;(sec. XI). L\u2019opera fa parte insieme ad altre collocate intorno al poggio di Volterra di una parte della straordinaria mostra a cielo aperto \u201cVolterra 1972-2009 \u2013 Luoghi d\u2019Esperienza\u201d. Le opere si collocano nel paesaggio come punti di vista, sottolineando la relazione tra uomo, opera e ambiente.<br><a href=\"https:\/\/volterratur.it\/staccioli-tra-borghi-e-natura\/\" target=\"_blank\" rel=\"noreferrer noopener\">Scopri le opere di Staccioli tra borghi e natura...<\/a><\/p>\n<!-- \/wp:paragraph -->","post_title":"Luoghi d'Esperienza: Corbano","post_excerpt":"","post_status":"publish","comment_status":"open","ping_status":"closed","post_password":"","post_name":"le-corbano","to_ping":"","pinged":"","post_modified":"2022-02-12 16:35:07","post_modified_gmt":"2022-02-12 16:35:07","post_content_filtered":"","post_parent":0,"guid":"https:\/\/valdicecinaoutdoor.it\/poi\/le-corbano\/","menu_order":0,"post_type":"poi","post_mime_type":"","comment_count":"0","filter":"raw"},{"ID":5740,"post_author":"3","post_date":"2021-01-21 15:46:00","post_date_gmt":"2021-01-21 15:46:00","post_content":"<!-- wp:paragraph -->\n<p>Scultura di Mauro Staccioli presso il podere San Giacomo. L\u2019opera fa parte insieme ad altre collocate intorno al poggio di Volterra di una parte della straordinaria mostra a cielo aperto \u201cVolterra 1972-2009 \u2013 Luoghi d\u2019Esperienza\u201d. Le opere si collocano nel paesaggio come punti di vista, sottolineando la relazione tra uomo, opera e ambiente.<br><a href=\"https:\/\/volterratur.it\/staccioli-tra-borghi-e-natura\/\" target=\"_blank\" rel=\"noreferrer noopener\">Scopri le opere di Staccioli tra borghi e natura...<\/a><\/p>\n<!-- \/wp:paragraph -->","post_title":"Luoghi d'Esperienza: San Giacomo in Fognano","post_excerpt":"","post_status":"publish","comment_status":"open","ping_status":"closed","post_password":"","post_name":"le-san-giacomo-in-fognano","to_ping":"","pinged":"","post_modified":"2022-01-21 14:43:59","post_modified_gmt":"2022-01-21 14:43:59","post_content_filtered":"","post_parent":0,"guid":"https:\/\/valdicecinaoutdoor.it\/poi\/le-san-giacomo-in-fognano\/","menu_order":0,"post_type":"poi","post_mime_type":"","comment_count":"0","filter":"raw"},{"ID":5774,"post_author":"3","post_date":"2021-01-21 16:23:15","post_date_gmt":"2021-01-21 16:23:15","post_content":"<!-- wp:paragraph -->\n<p>Un borgo ancora dal fascino autentico di un vero e proprio Castello.<\/p>\n<!-- \/wp:paragraph -->\n\n<!-- wp:paragraph -->\n<p>La storia del borgo medievale di Montecatini Val di Cecina \u00e8 legata alla sua <a href=\"https:\/\/volterratur.it\/?post_type=poi&amp;p=51044\" target=\"_blank\" rel=\"noreferrer noopener\">Miniera di Rame<\/a> che ha dato il nome ad una delle maggiori industrie del XX \u00b0 secolo: la Montecatini SpA divenuta poi Montedison.\u00a0Il\u00a0<a href=\"https:\/\/volterratur.it\/?post_type=poi&amp;p=45290\" target=\"_blank\" rel=\"noreferrer noopener\">Castello di<strong> <\/strong>Montecatini<\/a>, chiamato inizialmente Castrum Montis Leonis, fu costruito dai Belforti verso il 960 arrivati dalla Germania al seguito dell'Imperatore Ottone I.\u00a0Montecatini\u00a0lo troviamo per\u00f2 nominato per la prima volta, nel 1099, in una bolla di Pietro Vescovo di Volterra, che ne aveva la giurisdizione civile.<\/p>\n<!-- \/wp:paragraph -->\n\n<!-- wp:paragraph -->\n<p>Camminando tra i vicoli, i chiassi, attraverso le antiche porte di accesso al centro storico , troviamo la bellissima Piazza del Castello sulla quale si affacciano la <a href=\"https:\/\/volterratur.it\/?post_type=poi&amp;p=51195\" target=\"_blank\" rel=\"noreferrer noopener\">Chiesa intitolata a San Biagio<\/a>, eretta nel 1356, il Palazzo Pretorio, un edificio trecentesco con una stupenda facciata abbellita dal portico; oggi il palazzo \u00e8 sede del Centro di documentazione delle risorse e delle attivit\u00e0 legate al sottosuolo nell'Alta Val di Cecina ed \u00e8 parte integrante di un circuito di visita del Museo delle Miniere. La piazza \u00e8 sovrastata dall'imponente e suggestiva <a href=\"https:\/\/volterratur.it\/?post_type=poi&amp;p=45290\" target=\"_blank\" rel=\"noreferrer noopener\">Torre dei Belforti<\/a> eretta nell'XI\u00b0 secolo.<br><a href=\"https:\/\/volterratur.it\/montecatini-val-di-cecina\/\" target=\"_blank\" rel=\"noreferrer noopener\">Leggi di pi\u00f9...<\/a><\/p>\n<!-- \/wp:paragraph -->","post_title":"Il borgo di Montecatini V.C.","post_excerpt":"","post_status":"publish","comment_status":"open","ping_status":"closed","post_password":"","post_name":"il-borgo-di-montecatini-v-c","to_ping":"","pinged":"","post_modified":"2022-01-15 16:32:54","post_modified_gmt":"2022-01-15 16:32:54","post_content_filtered":"","post_parent":0,"guid":"https:\/\/valdicecinaoutdoor.it\/poi\/il-borgo-di-montecatini-v-c\/","menu_order":0,"post_type":"poi","post_mime_type":"","comment_count":"0","filter":"raw"},{"ID":5749,"post_author":"3","post_date":"2021-01-21 15:55:23","post_date_gmt":"2021-01-21 15:55:23","post_content":"<!-- wp:paragraph -->\n<p>La fama di Montecatini \u00e8 legata alle <a href=\"https:\/\/volterratur.it\/?post_type=poi&amp;p=51044\" target=\"_blank\" rel=\"noreferrer noopener\">antiche miniere di rame di Caporciano<\/a>, rimaste attive fino al 1907. Gi\u00e0 gli etruschi estraevano il minerale per forgiare utensili e suppellettili. L\u2019attivit\u00e0 estrattiva fu la pi\u00f9 importante d\u2019Europa nel corso dell\u2019Ottocento. Qui \u00e8 nata e ha preso il nome la societ\u00e0 Montecatini, una delle maggiori industrie europee, confluita poi nella Montedison. La storia \u00e8 documentata nel <a href=\"https:\/\/volterratur.it\/?post_type=poi&amp;p=41241\" target=\"_blank\" rel=\"noreferrer noopener\"><strong>Museo delle Miniere<\/strong><\/a> che \u2013 con il parco di archeologia industriale e il borgo minerario \u2013 offre a visitatori di ogni et\u00e0 l\u2019occasione di un affascinante viaggio nelle viscere della terra fra pozzi e gallerie, per conoscere le tecnologie estrattive e le storie dei minatori. L\u2019escavazione si articolava in dieci piani di gallerie unite da alcuni pozzi i pi\u00f9 importanti dei quali erano il Pozzo Alfredo e il Pozzo Rostand. Le quote s.l.m. andavano da 477 m. (ingresso della miniera) a 193 m. (piano pi\u00f9 basso). Una lunga galleria di scolo (oltre 1.300 m.) portava le acque in localit\u00e0 Macinaia.\u00a0 A tutte le attivit\u00e0 minerarie lavor\u00f2 un numero massimo di 350 operai. In 80 anni di vita furono estratte circa 50.000 t. di rame metallico.<\/p>\n<!-- \/wp:paragraph -->\n\n<!-- wp:paragraph -->\n<p>In estate, la Miniera diventa oggi un seducente luogo di spettacoli e concerti.<\/p>\n<!-- \/wp:paragraph -->","post_title":"La Miniera Caporciano","post_excerpt":"","post_status":"publish","comment_status":"open","ping_status":"closed","post_password":"","post_name":"la-miniera-caporciano","to_ping":"","pinged":"","post_modified":"2022-01-14 14:52:01","post_modified_gmt":"2022-01-14 14:52:01","post_content_filtered":"","post_parent":0,"guid":"https:\/\/valdicecinaoutdoor.it\/poi\/la-miniera-caporciano\/","menu_order":0,"post_type":"poi","post_mime_type":"","comment_count":"0","filter":"raw"},{"ID":5782,"post_author":"3","post_date":"2021-01-21 16:23:17","post_date_gmt":"2021-01-21 16:23:17","post_content":"<!-- wp:paragraph -->\n<p>Lungo la Via vecchia per Volterra, forse gi\u00e0 presente in epoca romana, si trova la fonte della Madonna, una sua pietra riporta la data 1681, tratti di lastricato medievale, residui di antichi castagneti da frutto ed i resti della signorile costruzione della Fattoria di Ligia e vecchi mulini abbandonati.<\/p>\n<!-- \/wp:paragraph -->","post_title":"Ligia","post_excerpt":"","post_status":"publish","comment_status":"open","ping_status":"closed","post_password":"","post_name":"ligia","to_ping":"","pinged":"","post_modified":"2021-05-14 13:12:53","post_modified_gmt":"2021-05-14 13:12:53","post_content_filtered":"","post_parent":0,"guid":"https:\/\/valdicecinaoutdoor.it\/poi\/ligia\/","menu_order":0,"post_type":"poi","post_mime_type":"","comment_count":"0","filter":"raw"},{"ID":5739,"post_author":"3","post_date":"2021-01-21 15:46:00","post_date_gmt":"2021-01-21 14:46:00","post_content":"<!-- wp:paragraph -->\n<p>Scultura di Mauro Staccioli sulla strada per la fattoria di Lischeto. L\u2019opera fa parte insieme ad altre collocate intorno al poggio di Volterra di una parte della straordinaria mostra a cielo aperto \u201cVolterra 1972-2009 \u2013 Luoghi d\u2019Esperienza\u201d. Le opere si collocano nel paesaggio come punti di vista, sottolineando la relazione tra uomo, opera e ambiente.<br><a href=\"https:\/\/volterratur.it\/staccioli-tra-borghi-e-natura\/\" target=\"_blank\" rel=\"noreferrer noopener\">Scopri le opere di Staccioli tra borghi e natura...<\/a><br>Scultura di Emilie Cummings-Enneking. Scultura paesaggistica \u201cEquanimity\u201d. Scolpita in bronzo ed alta nove metri, \u00e8 diventata un\u2019icona monumentale, che si integra perfettamente con i contorni naturali del paesaggio.<br><\/p>\n<!-- \/wp:paragraph -->\n\n<!-- wp:paragraph -->\n<p><\/p>\n<!-- \/wp:paragraph -->","post_title":"Luoghi d'Esperienza: Portale - Equanimity","post_excerpt":"","post_status":"publish","comment_status":"open","ping_status":"closed","post_password":"","post_name":"le-portale","to_ping":"","pinged":"","post_modified":"2025-09-04 10:13:39","post_modified_gmt":"2025-09-04 08:13:39","post_content_filtered":"","post_parent":0,"guid":"https:\/\/valdicecinaoutdoor.it\/poi\/le-portale\/","menu_order":0,"post_type":"poi","post_mime_type":"","comment_count":"0","filter":"raw"}],"prev_track":null,"next_track":null,"n7webmap_rpt_related_url":false,"audio":false,"zindex":"","stroke_width":"","stroke_opacity":"","line_dash_repeater":false,"ref":"","ascent":"780m","descent":"","distance":"41","duration:forward":"","duration:backward":"","cai_scale":"","osmid":"","update_track_osmid":null,"surface":[{"surface_type":"asphalt","surface_type_percentage":"63"}],"ele:from":"","ele:to":"","ele:max":"","ele:min":"","rb_track_section":"","acf":[],"wpml_current_locale":"de_DE","wpml_translations":[{"locale":"en_US","id":7683,"post_title":"Volterra Montecatini Val di Cecina Tour","href":"https:\/\/valdicecinaoutdoor.it\/en\/volterra-montecatini-val-di-cecina-tour\/"},{"locale":"it_IT","id":5770,"post_title":"Tour Volterra Montecatini Val di Cecina","href":"https:\/\/valdicecinaoutdoor.it\/tour-volterra-montecatini-v-c-1\/"}],"_links":{"self":[{"href":"https:\/\/valdicecinaoutdoor.it\/de\/wp-json\/wp\/v2\/track\/15328"}],"collection":[{"href":"https:\/\/valdicecinaoutdoor.it\/de\/wp-json\/wp\/v2\/track"}],"about":[{"href":"https:\/\/valdicecinaoutdoor.it\/de\/wp-json\/wp\/v2\/types\/track"}],"author":[{"embeddable":true,"href":"https:\/\/valdicecinaoutdoor.it\/de\/wp-json\/wp\/v2\/users\/3"}],"replies":[{"embeddable":true,"href":"https:\/\/valdicecinaoutdoor.it\/de\/wp-json\/wp\/v2\/comments?post=15328"}],"version-history":[{"count":1,"href":"https:\/\/valdicecinaoutdoor.it\/de\/wp-json\/wp\/v2\/track\/15328\/revisions"}],"predecessor-version":[{"id":15329,"href":"https:\/\/valdicecinaoutdoor.it\/de\/wp-json\/wp\/v2\/track\/15328\/revisions\/15329"}],"wp:featuredmedia":[{"embeddable":true,"href":"https:\/\/valdicecinaoutdoor.it\/de\/wp-json\/wp\/v2\/media\/13183"}],"wp:attachment":[{"href":"https:\/\/valdicecinaoutdoor.it\/de\/wp-json\/wp\/v2\/media?parent=15328"}],"wp:term":[{"taxonomy":"activity","embeddable":true,"href":"https:\/\/valdicecinaoutdoor.it\/de\/wp-json\/wp\/v2\/activity?post=15328"},{"taxonomy":"theme","embeddable":true,"href":"https:\/\/valdicecinaoutdoor.it\/de\/wp-json\/wp\/v2\/theme?post=15328"},{"taxonomy":"where","embeddable":true,"href":"https:\/\/valdicecinaoutdoor.it\/de\/wp-json\/wp\/v2\/where?post=15328"},{"taxonomy":"when","embeddable":true,"href":"https:\/\/valdicecinaoutdoor.it\/de\/wp-json\/wp\/v2\/when?post=15328"},{"taxonomy":"who","embeddable":true,"href":"https:\/\/valdicecinaoutdoor.it\/de\/wp-json\/wp\/v2\/who?post=15328"}],"curies":[{"name":"wp","href":"https:\/\/api.w.org\/{rel}","templated":true}]}}