{"id":14956,"date":"2023-02-14T17:47:38","date_gmt":"2023-02-14T17:47:38","guid":{"rendered":"https:\/\/valdicecinaoutdoor.it\/berignon-naturschutzgebiet\/"},"modified":"2023-02-23T17:17:43","modified_gmt":"2023-02-23T17:17:43","slug":"berignon-naturschutzgebiet","status":"publish","type":"page","link":"https:\/\/valdicecinaoutdoor.it\/de\/berignon-naturschutzgebiet\/","title":{"rendered":"Berignon-Naturschutzgebiet"},"content":{"rendered":"<section class=\"l-section wpb_row us_custom_8e08239e height_small\"><div class=\"l-section-h i-cf\"><div class=\"g-cols vc_row type_default valign_top\"><div class=\"vc_col-sm-12 wpb_column vc_column_container\"><div class=\"vc_column-inner us_custom_f37aca33\"><div class=\"wpb_wrapper\"><div class=\"wpb_text_column\" ><div class=\"wpb_wrapper\"><span><span><a href=\"https:\/\/valdicecinaoutdoor.it\/de\/\">Home<\/a><\/span>\n<\/div><\/div><\/div><\/div><\/div><div class=\"vc_col-sm-12 wpb_column vc_column_container\"><div class=\"vc_column-inner\"><div class=\"wpb_wrapper\"><h1 class=\"w-post-elm post_title us_custom_0140f015 align_center entry-title color_link_inherit has_text_color\">Berignon-Naturschutzgebiet<\/h1><\/div><\/div><\/div><\/div><\/div><\/section><section class=\"l-section wpb_row height_small\"><div class=\"l-section-h i-cf\"><div class=\"g-cols vc_row type_default valign_top\"><div class=\"vc_col-sm-12 wpb_column vc_column_container has-fill riserve-gallery-row with_overlay\"><div class=\"vc_column-inner us_custom_52c7b0f7\"><div class=\"vc_column-overlay\" style=\"background:rgba(0,0,0,0.50)\"><\/div><div class=\"wpb_wrapper\"><div class=\"w-slider us_custom_f558baf0 style_none fit_scaledown riserve-gallery-block\"><div class=\"w-slider-h\"><div class=\"royalSlider\"><div class=\"rsContent\"><a class=\"rsImg\" data-rsw=\"720\" data-rsh=\"540\" data-rsBigImg=\"https:\/\/valdicecinaoutdoor.it\/wp-content\/uploads\/2020\/09\/DSCN0016-ok-2.jpg\" href=\"https:\/\/valdicecinaoutdoor.it\/wp-content\/uploads\/2020\/09\/DSCN0016-ok-2.jpg\"><span data-alt=\"\"><\/span><\/a><\/div><div class=\"rsContent\"><a class=\"rsImg\" data-rsw=\"810\" data-rsh=\"487\" data-rsBigImg=\"https:\/\/valdicecinaoutdoor.it\/wp-content\/uploads\/2020\/09\/IMG_4006-ok-1.jpg\" href=\"https:\/\/valdicecinaoutdoor.it\/wp-content\/uploads\/2020\/09\/IMG_4006-ok-1.jpg\"><span data-alt=\"\"><\/span><\/a><\/div><div class=\"rsContent\"><a class=\"rsImg\" data-rsw=\"720\" data-rsh=\"540\" data-rsBigImg=\"https:\/\/valdicecinaoutdoor.it\/wp-content\/uploads\/2020\/09\/MVC-018F-ok-1.jpg\" href=\"https:\/\/valdicecinaoutdoor.it\/wp-content\/uploads\/2020\/09\/MVC-018F-ok-1.jpg\"><span data-alt=\"\"><\/span><\/a><\/div><div class=\"rsContent\"><a class=\"rsImg\" data-rsw=\"402\" data-rsh=\"540\" data-rsBigImg=\"https:\/\/valdicecinaoutdoor.it\/wp-content\/uploads\/2020\/12\/bicipiedi-berignone.jpg\" href=\"https:\/\/valdicecinaoutdoor.it\/wp-content\/uploads\/2020\/12\/bicipiedi-berignone.jpg\"><span data-alt=\"\"><\/span><\/a><\/div><div class=\"rsContent\"><a class=\"rsImg\" data-rsw=\"810\" data-rsh=\"540\" data-rsBigImg=\"https:\/\/valdicecinaoutdoor.it\/wp-content\/uploads\/2020\/09\/caprareccia-ok-1.jpg\" href=\"https:\/\/valdicecinaoutdoor.it\/wp-content\/uploads\/2020\/09\/caprareccia-ok-1.jpg\"><span data-alt=\"\"><\/span><\/a><\/div><div class=\"rsContent\"><a class=\"rsImg\" data-rsw=\"720\" data-rsh=\"540\" data-rsBigImg=\"https:\/\/valdicecinaoutdoor.it\/wp-content\/uploads\/2020\/11\/018-ok-1.jpg\" href=\"https:\/\/valdicecinaoutdoor.it\/wp-content\/uploads\/2020\/11\/018-ok-1.jpg\"><span data-alt=\"\"><\/span><\/a><\/div><div class=\"rsContent\"><a class=\"rsImg\" data-rsw=\"810\" data-rsh=\"527\" data-rsBigImg=\"https:\/\/valdicecinaoutdoor.it\/wp-content\/uploads\/2020\/11\/3-Capannone-1.jpg\" href=\"https:\/\/valdicecinaoutdoor.it\/wp-content\/uploads\/2020\/11\/3-Capannone-1.jpg\"><span data-alt=\"\"><\/span><\/a><\/div><div class=\"rsContent\"><a class=\"rsImg\" data-rsw=\"720\" data-rsh=\"540\" data-rsBigImg=\"https:\/\/valdicecinaoutdoor.it\/wp-content\/uploads\/2020\/11\/3-Capannone-2.jpg\" href=\"https:\/\/valdicecinaoutdoor.it\/wp-content\/uploads\/2020\/11\/3-Capannone-2.jpg\"><span data-alt=\"\"><\/span><\/a><\/div><\/div><img src=\"https:\/\/valdicecinaoutdoor.it\/wp-content\/uploads\/2020\/09\/DSCN0016-ok-2.jpg\" width=\"720\" height=\"540\" alt loading=\"lazy\"><\/div><div class=\"w-slider-json\" onclick='return {&quot;loop&quot;:true,&quot;fadeInLoadedSlide&quot;:false,&quot;slidesSpacing&quot;:0,&quot;imageScalePadding&quot;:0,&quot;numImagesToPreload&quot;:2,&quot;arrowsNav&quot;:true,&quot;arrowsNavAutoHide&quot;:false,&quot;transitionType&quot;:&quot;move&quot;,&quot;transitionSpeed&quot;:300,&quot;block&quot;:{&quot;moveEffect&quot;:&quot;none&quot;,&quot;speed&quot;:300},&quot;controlNavigation&quot;:&quot;none&quot;,&quot;fullscreen&quot;:{&quot;enabled&quot;:true},&quot;imageScaleMode&quot;:&quot;fit-if-smaller&quot;,&quot;autoScaleSlider&quot;:true,&quot;autoScaleSliderWidth&quot;:720,&quot;autoScaleSliderHeight&quot;:540,&quot;fitInViewport&quot;:false}'><\/div><\/div><\/div><\/div><\/div><\/div><\/div><\/section><section class=\"l-section wpb_row us_custom_8e08239e height_medium\"><div class=\"l-section-h i-cf\"><div class=\"g-cols vc_row type_default valign_top\"><div class=\"vc_col-sm-12 wpb_column vc_column_container\"><div class=\"vc_column-inner\"><div class=\"wpb_wrapper\"><div class=\"w-tabs layout_ver navpos_right navwidth_30 title_atleft style_trendy switch_click icon_chevron iconpos_right title_atleft wm-riserve-scheda-verticale\"><div class=\"w-tabs-list items_6\" style=\"font-weight:700;\"><div class=\"w-tabs-list-h\"><a class=\"w-tabs-item active\" aria-controls=\"content-1603726180333-c6615b89-84bb\" href=\"javascript:void(0);\"><span class=\"w-tabs-item-title\">Einf\u00fchrung<\/span><\/a><a class=\"w-tabs-item\" aria-controls=\"content-1603804734317-b56821ad-916d\" href=\"javascript:void(0);\"><span class=\"w-tabs-item-title\">Flora und W\u00e4lder<\/span><\/a><a class=\"w-tabs-item\" aria-controls=\"content-1603804876569-031f7c69-2913\" href=\"javascript:void(0);\"><span class=\"w-tabs-item-title\">Fauna<\/span><\/a><a class=\"w-tabs-item\" aria-controls=\"content-1603809665202-71ff47dd-d91e\" href=\"javascript:void(0);\"><span class=\"w-tabs-item-title\">Geologie, Bergweke und Mineralien<\/span><\/a><a class=\"w-tabs-item\" aria-controls=\"content-1603809697246-1e06128a-f347\" href=\"javascript:void(0);\"><span class=\"w-tabs-item-title\">Fl\u00fcsse und B\u00e4che<\/span><\/a><a class=\"w-tabs-item\" aria-controls=\"content-1603809729733-3caf0989-a7ba\" href=\"javascript:void(0);\"><span class=\"w-tabs-item-title\">Die Zeichen des Menschen<\/span><\/a><\/div><\/div><div class=\"w-tabs-sections\"><div class=\"w-tabs-sections-h\"><div class=\"w-tabs-section active\" id=\"1603726180333-c6615b89-84bb\"><button aria-controls=\"content-1603726180333-c6615b89-84bb\" class=\"w-tabs-section-header active\"><div class=\"w-tabs-section-header-h\"><div class=\"w-tabs-section-title\">Einf\u00fchrung<\/div><div class=\"w-tabs-section-control\"><\/div><\/div><\/button><div class=\"w-tabs-section-content\" id=\"content-1603726180333-c6615b89-84bb\" aria-expanded=\"true\"><div class=\"w-tabs-section-content-h i-cf\"><div class=\"wpb_text_column\" ><div class=\"wpb_wrapper\"><p>Das Schutzgebiet <strong>erstreckt sich zwischen den Gemeinden Volterra und Pomarance<\/strong> \u00fcber eine Fl\u00e4che von mehr als zweitausend Hektar, die heute auf europ\u00e4ischer Ebene als besonderes Schutzgebiet anerkannt ist.<\/p>\n<p>Neben den <strong>B\u00e4chen Fosci und Sellate<\/strong> flie\u00dft auch der <strong>Fluss Cecina<\/strong> ein St\u00fcck weit durch das Naturschutzgebiet und hinterl\u00e4sst in den Ortschaften <strong>Masso delle Fanciulle<\/strong> und <strong>Masso degli Specchi<\/strong> eine unausl\u00f6schliche Erinnerung an seine Klarheit mit wundersch\u00f6nen blaugr\u00fcnen Naturschwimmbecken, die in der Sommerhitze zum Baden einladen.<\/p>\n<p>Die <strong>W\u00e4lder<\/strong> und das <strong>Dickicht<\/strong> aus Traubeneichen, Steineichen und Erdbeerb\u00e4umen ruhen auf Felsen, die vor Millionen von Jahren in einem gro\u00dfen, heute verschwundenen See abgelagert wurden, und werden von der wilden Schlucht <strong>Botro al Rio<\/strong> mit ihren spektakul\u00e4ren Steilw\u00e4nden in der N\u00e4he der <strong>Grotta Rossa<\/strong> durchfurcht, ein Gebiet, das \u00fcber einen gro\u00dfen Wanderweg erkundet werden kann.<\/p>\n<p>Die uralten W\u00e4lder aus Laub- und immergr\u00fcnen B\u00e4umen sind die Heimat von <strong>Raubv\u00f6geln<\/strong>, Spechten und vielen anderen V\u00f6geln. Im nahe gelegenen <strong>Bosco di Tatti<\/strong> lebt die Eiche, die eine der wichtigsten Populationen Italiens bildet. Auch der <strong>Wolf<\/strong> lebt mit einem reproduzierenden Rudel im Reservat, zusammen mit der <strong>Wildkatze<\/strong>, dem Stinktier, dem Dachs und Scharen von Huftieren, die man nur mit etwas Gl\u00fcck fr\u00fchmorgens oder abends in der D\u00e4mmerung in den offenen Bereichen sehen kann.<\/p>\n<p>Das Gebiet ist nicht nur von <strong>gro\u00dfem naturkundlichen Interesse, sondern zeigt auch deutliche Spuren einer bedeutenden Pr\u00e4senz des Menschen<\/strong>: An diesen heute abgelegenen Orten wurde Geschichte geschrieben, wie die \u00dcberreste der sch\u00f6nen <strong>mittelalterlichen Festungen Castello dei Vescovi und Castello di Luppiano, letztere direkt au\u00dferhalb des Reservats<\/strong>, bezeugen.<br \/>\nVor allem die erste war, wie der Name schon sagt, Sitz der Pr\u00e4laten der \u00f6rtlichen Di\u00f6zese und eine Zeit lang auch M\u00fcnzst\u00e4tte, d. h. der Ort, an dem die als <em>Volterra Grosso<\/em> bekannte M\u00fcnze gepr\u00e4gt wurde.<\/p>\n<p>Zahlreiche alte Wege, die f\u00fcr alle Bed\u00fcrfnisse geeignet sind, erm\u00f6glichen es Ihnen, <strong>das Reservat sicher zu erkunden, in eine Waldlandschaft einzutauchen<\/strong>, die zu jeder Jahreszeit anders ist, und mehr \u00fcber <strong>das Leben im Wald und die anderen hier erhaltenen \u00d6kosysteme zu erfahren<\/strong>.<\/p>\n<\/div><\/div><div class=\"w-popup us_custom_72c0874f align_center wm-riserve-popup\"><div class=\"w-btn-wrapper\"><a class=\"w-popup-trigger type_btn w-btn us-btn-style_7\" href=\"javascript:void(0)\"><span class=\"w-btn-label\">Geht weiter<\/span><\/a><\/div><div class=\"w-popup-overlay\" style=\"background:rgba(0,0,0,0.5);\"><\/div><div class=\"w-popup-wrap\"><div class=\"w-popup-box animation_fadeIn with_title\" style=\"border-radius:0 10px 10px 10px;width:95%;\"><div class=\"w-popup-box-h\"><div class=\"w-popup-box-title\" style=\"color:var(--color-content-heading);background:#ffffff;\">Einf\u00fchrung<\/div><div class=\"w-popup-box-content\" style=\"padding:20px 2% 50px 2%;background:#ffffff;color:var(--color-content-text);\"><p>Das Schutzgebiet <strong>erstreckt sich zwischen den Gemeinden Volterra und Pomarance<\/strong> \u00fcber eine Fl\u00e4che von mehr als zweitausend Hektar, die heute auf europ\u00e4ischer Ebene als besonderes Schutzgebiet anerkannt ist.<\/p>\n<p>Neben den <strong>B\u00e4chen Fosci und Sellate<\/strong> flie\u00dft auch der <strong>Fluss Cecina<\/strong> ein St\u00fcck weit durch das Naturschutzgebiet und hinterl\u00e4sst in den Ortschaften <strong>Masso delle Fanciulle<\/strong> und <strong>Masso degli Specchi<\/strong> eine unausl\u00f6schliche Erinnerung an seine Klarheit mit wundersch\u00f6nen blaugr\u00fcnen Naturschwimmbecken, die in der Sommerhitze zum Baden einladen.<\/p>\n<p>Die <strong>W\u00e4lder<\/strong> und das <strong>Dickicht<\/strong> aus Traubeneichen, Steineichen und Erdbeerb\u00e4umen ruhen auf Felsen, die vor Millionen von Jahren in einem gro\u00dfen, heute verschwundenen See abgelagert wurden, und werden von der wilden Schlucht <strong>Botro al Rio<\/strong> mit ihren spektakul\u00e4ren Steilw\u00e4nden in der N\u00e4he der <strong>Grotta Rossa<\/strong> durchfurcht, ein Gebiet, das \u00fcber einen gro\u00dfen Wanderweg erkundet werden kann.<\/p>\n<p>Die uralten W\u00e4lder aus Laub- und immergr\u00fcnen B\u00e4umen sind die Heimat von <strong>Raubv\u00f6geln<\/strong>, Spechten und vielen anderen V\u00f6geln. Im nahe gelegenen <strong>Bosco di Tatti<\/strong> lebt die Eiche, die eine der wichtigsten Populationen Italiens bildet. Auch der <strong>Wolf<\/strong> lebt mit einem reproduzierenden Rudel im Reservat, zusammen mit der <strong>Wildkatze<\/strong>, dem Stinktier, dem Dachs und Scharen von Huftieren, die man nur mit etwas Gl\u00fcck fr\u00fchmorgens oder abends in der D\u00e4mmerung in den offenen Bereichen sehen kann.<\/p>\n<p>Das Gebiet ist nicht nur von <strong>gro\u00dfem naturkundlichen Interesse, sondern zeigt auch deutliche Spuren einer bedeutenden Pr\u00e4senz des Menschen<\/strong>: An diesen heute abgelegenen Orten wurde Geschichte geschrieben, wie die \u00dcberreste der sch\u00f6nen <strong>mittelalterlichen Festungen Castello dei Vescovi und Castello di Luppiano, letztere direkt au\u00dferhalb des Reservats<\/strong>, bezeugen.<br \/>\nVor allem die erste war, wie der Name schon sagt, Sitz der Pr\u00e4laten der \u00f6rtlichen Di\u00f6zese und eine Zeit lang auch M\u00fcnzst\u00e4tte, d. h. der Ort, an dem die als <em>Volterra Grosso<\/em> bekannte M\u00fcnze gepr\u00e4gt wurde.<\/p>\n<p>Zahlreiche alte Wege, die f\u00fcr alle Bed\u00fcrfnisse geeignet sind, erm\u00f6glichen es Ihnen, <strong>das Reservat sicher zu erkunden, in eine Waldlandschaft einzutauchen<\/strong>, die zu jeder Jahreszeit anders ist, und mehr \u00fcber <strong>das Leben im Wald und die anderen hier erhaltenen \u00d6kosysteme zu erfahren<\/strong>.<\/p>\n<div class=\"w-gallery cols_4 link_file with_meta with_indents\"><div class=\"w-gallery-list\"><a class=\"w-gallery-item order_1\" href=\"https:\/\/valdicecinaoutdoor.it\/wp-content\/uploads\/2020\/09\/028-ok-3.jpg\" title=\"Ruhezone Capannone\"><div class=\"w-gallery-item-img\"><img width=\"300\" height=\"225\" src=\"https:\/\/valdicecinaoutdoor.it\/wp-content\/uploads\/2020\/09\/028-ok-3.jpg\" class=\"attachment-medium size-medium\" alt=\"\" loading=\"lazy\" srcset=\"https:\/\/valdicecinaoutdoor.it\/wp-content\/uploads\/2020\/09\/028-ok-3.jpg 1080w, https:\/\/valdicecinaoutdoor.it\/wp-content\/uploads\/2020\/09\/028-ok-3-1024x768.jpg 1024w\" sizes=\"(max-width: 300px) 100vw, 300px\" \/><\/div><div class=\"w-gallery-item-meta\"><div class=\"w-gallery-item-title\">Ruhezone Capannone<\/div><\/div><\/a><a class=\"w-gallery-item order_2\" href=\"https:\/\/valdicecinaoutdoor.it\/wp-content\/uploads\/2020\/11\/La-Venella-2-ok.jpg\" title=\"Plakatdesign von Berignone\"><div class=\"w-gallery-item-img\"><img width=\"300\" height=\"169\" src=\"https:\/\/valdicecinaoutdoor.it\/wp-content\/uploads\/2020\/11\/La-Venella-2-ok.jpg\" class=\"attachment-medium size-medium\" alt=\"\" loading=\"lazy\" srcset=\"https:\/\/valdicecinaoutdoor.it\/wp-content\/uploads\/2020\/11\/La-Venella-2-ok.jpg 1080w, https:\/\/valdicecinaoutdoor.it\/wp-content\/uploads\/2020\/11\/La-Venella-2-ok-1024x576.jpg 1024w\" sizes=\"(max-width: 300px) 100vw, 300px\" \/><\/div><div class=\"w-gallery-item-meta\"><div class=\"w-gallery-item-title\">Plakatdesign von Berignone<\/div><\/div><\/a><a class=\"w-gallery-item order_3\" href=\"https:\/\/valdicecinaoutdoor.it\/wp-content\/uploads\/2020\/12\/Masso-delle-Fanciulle-sul-fiume-Cecina-nella-Riserva-Naturale-di-Berignone-scaled.jpg\" title=\"Masso delle Fanciulle\"><div class=\"w-gallery-item-img\"><img width=\"300\" height=\"225\" src=\"https:\/\/valdicecinaoutdoor.it\/wp-content\/uploads\/2020\/12\/Masso-delle-Fanciulle-sul-fiume-Cecina-nella-Riserva-Naturale-di-Berignone-scaled.jpg\" class=\"attachment-medium size-medium\" alt=\"\" loading=\"lazy\" srcset=\"https:\/\/valdicecinaoutdoor.it\/wp-content\/uploads\/2020\/12\/Masso-delle-Fanciulle-sul-fiume-Cecina-nella-Riserva-Naturale-di-Berignone-scaled.jpg 2560w, https:\/\/valdicecinaoutdoor.it\/wp-content\/uploads\/2020\/12\/Masso-delle-Fanciulle-sul-fiume-Cecina-nella-Riserva-Naturale-di-Berignone-scaled-1024x768.jpg 1024w\" sizes=\"(max-width: 300px) 100vw, 300px\" \/><\/div><div class=\"w-gallery-item-meta\"><div class=\"w-gallery-item-title\">Masso delle Fanciulle<\/div><\/div><\/a><a class=\"w-gallery-item order_4\" href=\"https:\/\/valdicecinaoutdoor.it\/wp-content\/uploads\/2020\/11\/096.png\" title=\"Festival der Parks in einer Kutsche\"><div class=\"w-gallery-item-img\"><img width=\"300\" height=\"225\" src=\"https:\/\/valdicecinaoutdoor.it\/wp-content\/uploads\/2020\/11\/096.png\" class=\"attachment-medium size-medium\" alt=\"\" loading=\"lazy\" srcset=\"https:\/\/valdicecinaoutdoor.it\/wp-content\/uploads\/2020\/11\/096.png 1200w, https:\/\/valdicecinaoutdoor.it\/wp-content\/uploads\/2020\/11\/096-1024x768.png 1024w\" sizes=\"(max-width: 300px) 100vw, 300px\" \/><\/div><div class=\"w-gallery-item-meta\"><div class=\"w-gallery-item-title\">Festival der Parks in einer Kutsche<\/div><\/div><\/a><a class=\"w-gallery-item order_5\" href=\"https:\/\/valdicecinaoutdoor.it\/wp-content\/uploads\/2020\/12\/castello-vescovi-torraccia.jpg\" title=\"Castello dei Vescovi o &quot;Torraccia&quot;\"><div class=\"w-gallery-item-img\"><img width=\"300\" height=\"225\" src=\"https:\/\/valdicecinaoutdoor.it\/wp-content\/uploads\/2020\/12\/castello-vescovi-torraccia.jpg\" class=\"attachment-medium size-medium\" alt=\"\" loading=\"lazy\" srcset=\"https:\/\/valdicecinaoutdoor.it\/wp-content\/uploads\/2020\/12\/castello-vescovi-torraccia.jpg 1080w, https:\/\/valdicecinaoutdoor.it\/wp-content\/uploads\/2020\/12\/castello-vescovi-torraccia-1024x768.jpg 1024w\" sizes=\"(max-width: 300px) 100vw, 300px\" \/><\/div><div class=\"w-gallery-item-meta\"><div class=\"w-gallery-item-title\">Castello dei Vescovi o \"Torraccia\"<\/div><\/div><\/a><a class=\"w-gallery-item order_6\" href=\"https:\/\/valdicecinaoutdoor.it\/wp-content\/uploads\/2020\/11\/Quercus-petraea-ghiande.jpg\" title=\"Eiche (Quercus petraea)\"><div class=\"w-gallery-item-img\"><img width=\"300\" height=\"232\" src=\"https:\/\/valdicecinaoutdoor.it\/wp-content\/uploads\/2020\/11\/Quercus-petraea-ghiande-300x232.jpg\" class=\"attachment-medium size-medium\" alt=\"\" loading=\"lazy\" srcset=\"https:\/\/valdicecinaoutdoor.it\/wp-content\/uploads\/2020\/11\/Quercus-petraea-ghiande-300x232.jpg 300w, https:\/\/valdicecinaoutdoor.it\/wp-content\/uploads\/2020\/11\/Quercus-petraea-ghiande.jpg 800w\" sizes=\"(max-width: 300px) 100vw, 300px\" \/><\/div><div class=\"w-gallery-item-meta\"><div class=\"w-gallery-item-title\">Eiche (Quercus petraea)<\/div><\/div><\/a><a class=\"w-gallery-item order_7\" href=\"https:\/\/valdicecinaoutdoor.it\/wp-content\/uploads\/2020\/11\/3-Capannone-1.jpg\" title=\"Ruhezone Capannone\"><div class=\"w-gallery-item-img\"><img width=\"300\" height=\"195\" src=\"https:\/\/valdicecinaoutdoor.it\/wp-content\/uploads\/2020\/11\/3-Capannone-1.jpg\" class=\"attachment-medium size-medium\" alt=\"\" loading=\"lazy\" srcset=\"https:\/\/valdicecinaoutdoor.it\/wp-content\/uploads\/2020\/11\/3-Capannone-1.jpg 1200w, https:\/\/valdicecinaoutdoor.it\/wp-content\/uploads\/2020\/11\/3-Capannone-1-1024x666.jpg 1024w\" sizes=\"(max-width: 300px) 100vw, 300px\" \/><\/div><div class=\"w-gallery-item-meta\"><div class=\"w-gallery-item-title\">Ruhezone Capannone<\/div><\/div><\/a><a class=\"w-gallery-item order_8\" href=\"https:\/\/valdicecinaoutdoor.it\/wp-content\/uploads\/2020\/11\/007-ok.jpg\" title=\"Ruhezone\"><div class=\"w-gallery-item-img\"><img width=\"300\" height=\"225\" src=\"https:\/\/valdicecinaoutdoor.it\/wp-content\/uploads\/2020\/11\/007-ok.jpg\" class=\"attachment-medium size-medium\" alt=\"\" loading=\"lazy\" srcset=\"https:\/\/valdicecinaoutdoor.it\/wp-content\/uploads\/2020\/11\/007-ok.jpg 1080w, https:\/\/valdicecinaoutdoor.it\/wp-content\/uploads\/2020\/11\/007-ok-1024x768.jpg 1024w\" sizes=\"(max-width: 300px) 100vw, 300px\" \/><\/div><div class=\"w-gallery-item-meta\"><div class=\"w-gallery-item-title\">Ruhezone<\/div><\/div><\/a><a class=\"w-gallery-item order_9\" href=\"https:\/\/valdicecinaoutdoor.it\/wp-content\/uploads\/2020\/11\/lupo-lore-ok.jpg\" title=\"Wolf (Canis lupus italicus)\"><div class=\"w-gallery-item-img\"><img width=\"300\" height=\"216\" src=\"https:\/\/valdicecinaoutdoor.it\/wp-content\/uploads\/2020\/11\/lupo-lore-ok.jpg\" class=\"attachment-medium size-medium\" alt=\"\" loading=\"lazy\" \/><\/div><div class=\"w-gallery-item-meta\"><div class=\"w-gallery-item-title\">Wolf (Canis lupus italicus)<\/div><\/div><\/a><a class=\"w-gallery-item order_10\" href=\"https:\/\/valdicecinaoutdoor.it\/wp-content\/uploads\/2020\/09\/IMG_9875-2.jpg\" title=\"Aufstieg zum Flussbett der Cecina\"><div class=\"w-gallery-item-img\"><img width=\"300\" height=\"200\" src=\"https:\/\/valdicecinaoutdoor.it\/wp-content\/uploads\/2020\/09\/IMG_9875-2.jpg\" class=\"attachment-medium size-medium\" alt=\"\" loading=\"lazy\" srcset=\"https:\/\/valdicecinaoutdoor.it\/wp-content\/uploads\/2020\/09\/IMG_9875-2.jpg 1080w, https:\/\/valdicecinaoutdoor.it\/wp-content\/uploads\/2020\/09\/IMG_9875-2-1024x683.jpg 1024w\" sizes=\"(max-width: 300px) 100vw, 300px\" \/><\/div><div class=\"w-gallery-item-meta\"><div class=\"w-gallery-item-title\">Aufstieg zum Flussbett der Cecina<\/div><\/div><\/a><a class=\"w-gallery-item order_11\" href=\"https:\/\/valdicecinaoutdoor.it\/wp-content\/uploads\/2020\/11\/passeggiata-aprile-e-varie113-ok.jpg\" title=\"Reiten auf dem Fluss Cecina\"><div class=\"w-gallery-item-img\"><img width=\"300\" height=\"225\" src=\"https:\/\/valdicecinaoutdoor.it\/wp-content\/uploads\/2020\/11\/passeggiata-aprile-e-varie113-ok.jpg\" class=\"attachment-medium size-medium\" alt=\"\" loading=\"lazy\" srcset=\"https:\/\/valdicecinaoutdoor.it\/wp-content\/uploads\/2020\/11\/passeggiata-aprile-e-varie113-ok.jpg 1080w, https:\/\/valdicecinaoutdoor.it\/wp-content\/uploads\/2020\/11\/passeggiata-aprile-e-varie113-ok-1024x768.jpg 1024w\" sizes=\"(max-width: 300px) 100vw, 300px\" \/><\/div><div class=\"w-gallery-item-meta\"><div class=\"w-gallery-item-title\">Reiten auf dem Fluss Cecina<\/div><\/div><\/a><\/div><\/div><br \/>\n        <h3>The tracks of <strong>Riserva Naturale Berignone<\/strong><\/h3>\n        <p>1 - <a href='https:\/\/valdicecinaoutdoor.it\/de\/track\/landschaften-burgen-und-fluesse-zwischen-pomarance-und-dem-naturschutzgebiet-berignone-variante\/' target='_blank'>Landschaften, Burgen und Fl\u00fcsse zwischen Pomarance und dem Naturschutzgebiet Berignone - Variante<\/a><\/p><p>2 - <a href='https:\/\/valdicecinaoutdoor.it\/de\/track\/landschaften-burgen-und-fluesse-zwischen-pomarance-und-dem-naturschutzgebiet-berignone\/' target='_blank'>Landschaften, Burgen und Fl\u00fcsse zwischen Pomarance und dem Naturschutzgebiet Berignone<\/a><\/p><p>3 - <a href='https:\/\/valdicecinaoutdoor.it\/de\/track\/radtour-durch-das-naturschutzgebiet-berignone-und-tatti\/' target='_blank'>Radtour durch das Naturschutzgebiet Berignone und Tatti<\/a><\/p><p>4 - <a href='https:\/\/valdicecinaoutdoor.it\/de\/track\/toller-wanderring-der-rio-schlucht\/' target='_blank'>Toller Wanderring der Rio-Schlucht<\/a><\/p><p>5 - <a href='https:\/\/valdicecinaoutdoor.it\/de\/track\/il-castello-dei-vescovi-das-schloss-der-bischoefe\/' target='_blank'>Il Castello dei Vescovi (Das Schloss der Bisch\u00f6fe)<\/a><\/p><p>6 - <a href='https:\/\/valdicecinaoutdoor.it\/de\/track\/die-nordhange-des-monte-soldano\/' target='_blank'>Die Nordh\u00e4nge des Monte Soldano<\/a><\/p><\/p>\n<\/div><\/div><\/div><div class=\"w-popup-closer\" style=\"background:#ffffff;color:var(--color-content-text);\"><\/div><\/div><\/div><\/div><\/div><\/div><div class=\"w-tabs-section\" id=\"1603804734317-b56821ad-916d\"><button aria-controls=\"content-1603804734317-b56821ad-916d\" class=\"w-tabs-section-header\"><div class=\"w-tabs-section-header-h\"><div class=\"w-tabs-section-title\">Flora und W\u00e4lder<\/div><div class=\"w-tabs-section-control\"><\/div><\/div><\/button><div class=\"w-tabs-section-content\" id=\"content-1603804734317-b56821ad-916d\" aria-expanded=\"false\"><div class=\"w-tabs-section-content-h i-cf\"><div class=\"wpb_text_column\" ><div class=\"wpb_wrapper\"><p>Die <strong>W\u00e4lder sind das vorherrschende Element<\/strong> des gesamten Schutzgebiets und bedecken das gesamte System der hohen H\u00fcgel bis hin zum Monte Soldano (555 m). Im Tal des Botro al Rio und entlang des Flusses Cecina gibt es wenige, aber bedeutende <strong>Felsenstationen<\/strong> mit Strauchvegetation und Lebensr\u00e4umen, die sowohl wegen ihrer Flora und Fauna als auch wegen ihres au\u00dfergew\u00f6hnlichen landschaftlichen Wertes sehr interessant sind.<\/p>\n<p>In kurzer Zeit ver\u00e4ndern sich die W\u00e4lder in Bezug auf Arten und H\u00f6he, von <strong>Dickichten<\/strong> und <strong>Steineichenw\u00e4ldern<\/strong> mit immergr\u00fcnen mediterranen Pflanzen an den w\u00e4rmeren und weniger fruchtbaren H\u00e4ngen bis hin zu <strong>Laubw\u00e4ldern<\/strong> an den k\u00fchleren und feuchteren H\u00e4ngen, die f\u00fcr die weiter im Landesinneren gelegenen und vom Meer entfernten Gebiete typisch sind, mit einem Klima, das in das f\u00fcr das Mittelgebirge typische \u00fcbergeht.<\/p>\n<p>Nach Jahren der intensiven Nutzung des Waldes, die bis Anfang der 1960er Jahre andauerte, hat dieses \u00d6kosystem wieder ein betr\u00e4chtliches Ma\u00df an Nat\u00fcrlichkeit und Reife erlangt. Dies gilt insbesondere f\u00fcr die hohen <strong>Steineichen \u2013 und Zerreichenw\u00e4lder<\/strong>, die an den sonnigeren oder st\u00e4rker bewirtschafteten S\u00fcdh\u00e4ngen mit wiederholtem Holzeinschlag in <strong>Geb\u00fcsche<\/strong> oder &#8220;<strong>Forteto<\/strong>&#8221; \u00fcbergehen, in denen immergr\u00fcne Str\u00e4ucher wie Phillyrea, Lentisk, Erdbeerbaum, Heidekraut und Alaterno dominieren. An den nach Norden ausgerichteten H\u00e4ngen mit fruchtbareren B\u00f6den und in den k\u00fchlen T\u00e4lern hingegen weicht die immergr\u00fcne Vegetation <strong>Laubw\u00e4ldern<\/strong> mit Traubeneichen, Feldahornen, Apfelb\u00e4umen und sogar den interessanten, von Eichen dominierten Eichenhainen.<\/p>\n<p>Darunter ist der bekannte &#8220;<strong>Bosco di rovere di Tatti<\/strong>&#8221; (Eichenwald von Tatti), der an das Naturschutzgebiet angrenzt, einer der wertvollsten Vegetationsaspekte des Gebiets von Volterra und sicherlich einer der wichtigsten W\u00e4lder Italiens, in denen diese Art vorherrscht. Neben der Eiche und der Traubeneiche, die ebenfalls eine H\u00f6he von 25 Metern \u00fcberschreiten, gibt es Arten, die besonders hohe Anspr\u00fcche an das k\u00fchle Klima und die Fruchtbarkeit des Bodens stellen, wie die Wei\u00dfbuche, die Espe, die Ulme, der Feldahorn und sch\u00f6ne Exemplare der Stechpalme. <strong>Im Bach Pilelle sind zwei Buchen zu finden<\/strong>, die Relikte einer Vegetation sind, die mehrere tausend Jahre alt ist, als das Klima in diesen Breitengraden noch viel k\u00e4lter war. Ein sehr reichhaltiges Mosaik also, das uns im Fr\u00fchjahr und Herbst wirklich au\u00dfergew\u00f6hnliche Farbkontraste beschert.<\/p>\n<\/div><\/div><div class=\"w-popup us_custom_72c0874f align_center wm-riserve-popup\"><div class=\"w-btn-wrapper\"><a class=\"w-popup-trigger type_btn w-btn us-btn-style_7\" href=\"javascript:void(0)\"><span class=\"w-btn-label\">Geht weiter<\/span><\/a><\/div><div class=\"w-popup-overlay\" style=\"background:rgba(0,0,0,0.5);\"><\/div><div class=\"w-popup-wrap\"><div class=\"w-popup-box animation_fadeIn with_title\" style=\"border-radius:0 10px 10px 10px;width:95%;\"><div class=\"w-popup-box-h\"><div class=\"w-popup-box-title\" style=\"color:var(--color-content-heading);background:#ffffff;\">Flora und W\u00e4lder<\/div><div class=\"w-popup-box-content\" style=\"padding:20px 2% 50px 2%;background:#ffffff;color:var(--color-content-text);\"><p>Die <strong>W\u00e4lder sind das vorherrschende Element<\/strong> des gesamten Schutzgebiets und bedecken das gesamte System der hohen H\u00fcgel bis hin zum Monte Soldano (555 m). Im Tal des Botro al Rio und entlang des Flusses Cecina gibt es wenige, aber bedeutende <strong>Felsenstationen<\/strong> mit Strauchvegetation und Lebensr\u00e4umen, die sowohl wegen ihrer Flora und Fauna als auch wegen ihres au\u00dfergew\u00f6hnlichen landschaftlichen Wertes sehr interessant sind.<\/p>\n<p>In kurzer Zeit ver\u00e4ndern sich die W\u00e4lder in Bezug auf Arten und H\u00f6he, von <strong>Dickichten<\/strong> und <strong>Steineichenw\u00e4ldern<\/strong> mit immergr\u00fcnen mediterranen Pflanzen an den w\u00e4rmeren und weniger fruchtbaren H\u00e4ngen bis hin zu <strong>Laubw\u00e4ldern<\/strong> an den k\u00fchleren und feuchteren H\u00e4ngen, die f\u00fcr die weiter im Landesinneren gelegenen und vom Meer entfernten Gebiete typisch sind, mit einem Klima, das in das f\u00fcr das Mittelgebirge typische \u00fcbergeht.<\/p>\n<p>Nach Jahren der intensiven Nutzung des Waldes, die bis Anfang der 1960er Jahre andauerte, hat dieses \u00d6kosystem wieder ein betr\u00e4chtliches Ma\u00df an Nat\u00fcrlichkeit und Reife erlangt. Dies gilt insbesondere f\u00fcr die hohen <strong>Steineichen \u2013 und Zerreichenw\u00e4lder<\/strong>, die an den sonnigeren oder st\u00e4rker bewirtschafteten S\u00fcdh\u00e4ngen mit wiederholtem Holzeinschlag in <strong>Geb\u00fcsche<\/strong> oder &#8220;<strong>Forteto<\/strong>&#8221; \u00fcbergehen, in denen immergr\u00fcne Str\u00e4ucher wie Phillyrea, Lentisk, Erdbeerbaum, Heidekraut und Alaterno dominieren. An den nach Norden ausgerichteten H\u00e4ngen mit fruchtbareren B\u00f6den und in den k\u00fchlen T\u00e4lern hingegen weicht die immergr\u00fcne Vegetation <strong>Laubw\u00e4ldern<\/strong> mit Traubeneichen, Feldahornen, Apfelb\u00e4umen und sogar den interessanten, von Eichen dominierten Eichenhainen.<\/p>\n<p>Darunter ist der bekannte &#8220;<strong>Bosco di rovere di Tatti<\/strong>&#8221; (Eichenwald von Tatti), der an das Naturschutzgebiet angrenzt, einer der wertvollsten Vegetationsaspekte des Gebiets von Volterra und sicherlich einer der wichtigsten W\u00e4lder Italiens, in denen diese Art vorherrscht. Neben der Eiche und der Traubeneiche, die ebenfalls eine H\u00f6he von 25 Metern \u00fcberschreiten, gibt es Arten, die besonders hohe Anspr\u00fcche an das k\u00fchle Klima und die Fruchtbarkeit des Bodens stellen, wie die Wei\u00dfbuche, die Espe, die Ulme, der Feldahorn und sch\u00f6ne Exemplare der Stechpalme. <strong>Im Bach Pilelle sind zwei Buchen zu finden<\/strong>, die Relikte einer Vegetation sind, die mehrere tausend Jahre alt ist, als das Klima in diesen Breitengraden noch viel k\u00e4lter war. Ein sehr reichhaltiges Mosaik also, das uns im Fr\u00fchjahr und Herbst wirklich au\u00dfergew\u00f6hnliche Farbkontraste beschert.<\/p>\n<div class=\"w-gallery cols_4 link_file with_meta with_indents\"><div class=\"w-gallery-list\"><a class=\"w-gallery-item order_1\" href=\"https:\/\/valdicecinaoutdoor.it\/wp-content\/uploads\/2020\/11\/Bacche-e-piccoli-frutti-9.jpg\" title=\"Fillirea (Phillyrea latifolia)\"><div class=\"w-gallery-item-img\"><img width=\"300\" height=\"225\" src=\"https:\/\/valdicecinaoutdoor.it\/wp-content\/uploads\/2020\/11\/Bacche-e-piccoli-frutti-9.jpg\" class=\"attachment-medium size-medium\" alt=\"\" loading=\"lazy\" srcset=\"https:\/\/valdicecinaoutdoor.it\/wp-content\/uploads\/2020\/11\/Bacche-e-piccoli-frutti-9.jpg 1200w, https:\/\/valdicecinaoutdoor.it\/wp-content\/uploads\/2020\/11\/Bacche-e-piccoli-frutti-9-1024x768.jpg 1024w\" sizes=\"(max-width: 300px) 100vw, 300px\" \/><\/div><div class=\"w-gallery-item-meta\"><div class=\"w-gallery-item-title\">Fillirea (Phillyrea latifolia)<\/div><\/div><\/a><a class=\"w-gallery-item order_2\" href=\"https:\/\/valdicecinaoutdoor.it\/wp-content\/uploads\/2020\/09\/Bacche-e-piccoli-frutti-12-2.jpg\" title=\"Schneeball (Viburnum tinus)\"><div class=\"w-gallery-item-img\"><img width=\"300\" height=\"225\" src=\"https:\/\/valdicecinaoutdoor.it\/wp-content\/uploads\/2020\/09\/Bacche-e-piccoli-frutti-12-2.jpg\" class=\"attachment-medium size-medium\" alt=\"\" loading=\"lazy\" srcset=\"https:\/\/valdicecinaoutdoor.it\/wp-content\/uploads\/2020\/09\/Bacche-e-piccoli-frutti-12-2.jpg 1200w, https:\/\/valdicecinaoutdoor.it\/wp-content\/uploads\/2020\/09\/Bacche-e-piccoli-frutti-12-2-1024x768.jpg 1024w\" sizes=\"(max-width: 300px) 100vw, 300px\" \/><\/div><div class=\"w-gallery-item-meta\"><div class=\"w-gallery-item-title\">Schneeball (Viburnum tinus)<\/div><\/div><\/a><a class=\"w-gallery-item order_3\" href=\"https:\/\/valdicecinaoutdoor.it\/wp-content\/uploads\/2020\/09\/fiume-ok-2.jpg\" title=\"Ufervegetation\"><div class=\"w-gallery-item-img\"><img width=\"300\" height=\"225\" src=\"https:\/\/valdicecinaoutdoor.it\/wp-content\/uploads\/2020\/09\/fiume-ok-2.jpg\" class=\"attachment-medium size-medium\" alt=\"\" loading=\"lazy\" srcset=\"https:\/\/valdicecinaoutdoor.it\/wp-content\/uploads\/2020\/09\/fiume-ok-2.jpg 1080w, https:\/\/valdicecinaoutdoor.it\/wp-content\/uploads\/2020\/09\/fiume-ok-2-1024x768.jpg 1024w\" sizes=\"(max-width: 300px) 100vw, 300px\" \/><\/div><div class=\"w-gallery-item-meta\"><div class=\"w-gallery-item-title\">Ufervegetation<\/div><\/div><\/a><a class=\"w-gallery-item order_4\" href=\"https:\/\/valdicecinaoutdoor.it\/wp-content\/uploads\/2020\/11\/6-Torrente-Rivivo-2.jpg\" title=\"Strauch hypericum (Hypericum androsaemum)\"><div class=\"w-gallery-item-img\"><img width=\"300\" height=\"208\" src=\"https:\/\/valdicecinaoutdoor.it\/wp-content\/uploads\/2020\/11\/6-Torrente-Rivivo-2.jpg\" class=\"attachment-medium size-medium\" alt=\"\" loading=\"lazy\" srcset=\"https:\/\/valdicecinaoutdoor.it\/wp-content\/uploads\/2020\/11\/6-Torrente-Rivivo-2.jpg 1200w, https:\/\/valdicecinaoutdoor.it\/wp-content\/uploads\/2020\/11\/6-Torrente-Rivivo-2-1024x710.jpg 1024w\" sizes=\"(max-width: 300px) 100vw, 300px\" \/><\/div><div class=\"w-gallery-item-meta\"><div class=\"w-gallery-item-title\">Strauch hypericum (Hypericum androsaemum)<\/div><\/div><\/a><a class=\"w-gallery-item order_5\" href=\"https:\/\/valdicecinaoutdoor.it\/wp-content\/uploads\/2020\/11\/Orchidee-delle-Riserve-2.jpg\" title=\"Holzblumenorchideen (Limodorum abortivum)\"><div class=\"w-gallery-item-img\"><img width=\"225\" height=\"300\" src=\"https:\/\/valdicecinaoutdoor.it\/wp-content\/uploads\/2020\/11\/Orchidee-delle-Riserve-2.jpg\" class=\"attachment-medium size-medium\" alt=\"\" loading=\"lazy\" srcset=\"https:\/\/valdicecinaoutdoor.it\/wp-content\/uploads\/2020\/11\/Orchidee-delle-Riserve-2.jpg 1200w, https:\/\/valdicecinaoutdoor.it\/wp-content\/uploads\/2020\/11\/Orchidee-delle-Riserve-2-768x1024.jpg 768w\" sizes=\"(max-width: 225px) 100vw, 225px\" \/><\/div><div class=\"w-gallery-item-meta\"><div class=\"w-gallery-item-title\">Holzblumenorchideen (Limodorum abortivum)<\/div><\/div><\/a><a class=\"w-gallery-item order_6\" href=\"https:\/\/valdicecinaoutdoor.it\/wp-content\/uploads\/2020\/11\/anfarneta-trossa-6-Piante-relit-2.jpg\" title=\"Stechpalme (Ilex aquifolium)\"><div class=\"w-gallery-item-img\"><img width=\"300\" height=\"225\" src=\"https:\/\/valdicecinaoutdoor.it\/wp-content\/uploads\/2020\/11\/anfarneta-trossa-6-Piante-relit-2.jpg\" class=\"attachment-medium size-medium\" alt=\"\" loading=\"lazy\" srcset=\"https:\/\/valdicecinaoutdoor.it\/wp-content\/uploads\/2020\/11\/anfarneta-trossa-6-Piante-relit-2.jpg 1200w, https:\/\/valdicecinaoutdoor.it\/wp-content\/uploads\/2020\/11\/anfarneta-trossa-6-Piante-relit-2-1024x768.jpg 1024w\" sizes=\"(max-width: 300px) 100vw, 300px\" \/><\/div><div class=\"w-gallery-item-meta\"><div class=\"w-gallery-item-title\">Stechpalme (Ilex aquifolium)<\/div><\/div><\/a><a class=\"w-gallery-item order_7\" href=\"https:\/\/valdicecinaoutdoor.it\/wp-content\/uploads\/2020\/11\/3-Capannone-2.jpg\" title=\"Capannone Laubwald\"><div class=\"w-gallery-item-img\"><img width=\"300\" height=\"225\" src=\"https:\/\/valdicecinaoutdoor.it\/wp-content\/uploads\/2020\/11\/3-Capannone-2.jpg\" class=\"attachment-medium size-medium\" alt=\"\" loading=\"lazy\" srcset=\"https:\/\/valdicecinaoutdoor.it\/wp-content\/uploads\/2020\/11\/3-Capannone-2.jpg 1200w, https:\/\/valdicecinaoutdoor.it\/wp-content\/uploads\/2020\/11\/3-Capannone-2-1024x768.jpg 1024w\" sizes=\"(max-width: 300px) 100vw, 300px\" \/><\/div><div class=\"w-gallery-item-meta\"><div class=\"w-gallery-item-title\">Capannone Laubwald<\/div><\/div><\/a><a class=\"w-gallery-item order_8\" href=\"https:\/\/valdicecinaoutdoor.it\/wp-content\/uploads\/2020\/09\/rovere-da-sotto-vert-rip-5.jpg\" title=\"Eiche (Quercus petraea)\"><div class=\"w-gallery-item-img\"><img width=\"225\" height=\"300\" src=\"https:\/\/valdicecinaoutdoor.it\/wp-content\/uploads\/2020\/09\/rovere-da-sotto-vert-rip-5.jpg\" class=\"attachment-medium size-medium\" alt=\"\" loading=\"lazy\" srcset=\"https:\/\/valdicecinaoutdoor.it\/wp-content\/uploads\/2020\/09\/rovere-da-sotto-vert-rip-5.jpg 810w, https:\/\/valdicecinaoutdoor.it\/wp-content\/uploads\/2020\/09\/rovere-da-sotto-vert-rip-5-768x1024.jpg 768w\" sizes=\"(max-width: 225px) 100vw, 225px\" \/><\/div><div class=\"w-gallery-item-meta\"><div class=\"w-gallery-item-title\">Eiche (Quercus petraea)<\/div><\/div><\/a><a class=\"w-gallery-item order_9\" href=\"https:\/\/valdicecinaoutdoor.it\/wp-content\/uploads\/2020\/11\/Quercus-petraea-ghiande.jpg\" title=\"Eiche (Quercus petraea)\"><div class=\"w-gallery-item-img\"><img width=\"300\" height=\"232\" src=\"https:\/\/valdicecinaoutdoor.it\/wp-content\/uploads\/2020\/11\/Quercus-petraea-ghiande-300x232.jpg\" class=\"attachment-medium size-medium\" alt=\"\" loading=\"lazy\" srcset=\"https:\/\/valdicecinaoutdoor.it\/wp-content\/uploads\/2020\/11\/Quercus-petraea-ghiande-300x232.jpg 300w, https:\/\/valdicecinaoutdoor.it\/wp-content\/uploads\/2020\/11\/Quercus-petraea-ghiande.jpg 800w\" sizes=\"(max-width: 300px) 100vw, 300px\" \/><\/div><div class=\"w-gallery-item-meta\"><div class=\"w-gallery-item-title\">Eiche (Quercus petraea)<\/div><\/div><\/a><a class=\"w-gallery-item order_10\" href=\"https:\/\/valdicecinaoutdoor.it\/wp-content\/uploads\/2020\/11\/Carpino-nero.jpg\" title=\"Hainbuche Hopfen (Ostrya carpinifolia)\"><div class=\"w-gallery-item-img\"><img width=\"300\" height=\"225\" src=\"https:\/\/valdicecinaoutdoor.it\/wp-content\/uploads\/2020\/11\/Carpino-nero.jpg\" class=\"attachment-medium size-medium\" alt=\"\" loading=\"lazy\" srcset=\"https:\/\/valdicecinaoutdoor.it\/wp-content\/uploads\/2020\/11\/Carpino-nero.jpg 1200w, https:\/\/valdicecinaoutdoor.it\/wp-content\/uploads\/2020\/11\/Carpino-nero-1024x768.jpg 1024w\" sizes=\"(max-width: 300px) 100vw, 300px\" \/><\/div><div class=\"w-gallery-item-meta\"><div class=\"w-gallery-item-title\">Hainbuche Hopfen (Ostrya carpinifolia)<\/div><\/div><\/a><a class=\"w-gallery-item order_11\" href=\"https:\/\/valdicecinaoutdoor.it\/wp-content\/uploads\/2020\/09\/1Siepi-e-frutti-selvatici-1-2.jpg\" title=\"Schwarzdorn (Prunus spinosa)\"><div class=\"w-gallery-item-img\"><img width=\"300\" height=\"234\" src=\"https:\/\/valdicecinaoutdoor.it\/wp-content\/uploads\/2020\/09\/1Siepi-e-frutti-selvatici-1-2.jpg\" class=\"attachment-medium size-medium\" alt=\"\" loading=\"lazy\" srcset=\"https:\/\/valdicecinaoutdoor.it\/wp-content\/uploads\/2020\/09\/1Siepi-e-frutti-selvatici-1-2.jpg 1200w, https:\/\/valdicecinaoutdoor.it\/wp-content\/uploads\/2020\/09\/1Siepi-e-frutti-selvatici-1-2-1024x798.jpg 1024w\" sizes=\"(max-width: 300px) 100vw, 300px\" \/><\/div><div class=\"w-gallery-item-meta\"><div class=\"w-gallery-item-title\">Schwarzdorn (Prunus spinosa)<\/div><\/div><\/a><a class=\"w-gallery-item order_12\" href=\"https:\/\/valdicecinaoutdoor.it\/wp-content\/uploads\/2020\/11\/018-ok-1.jpg\" title=\"Cecina-Fluss\"><div class=\"w-gallery-item-img\"><img width=\"300\" height=\"225\" src=\"https:\/\/valdicecinaoutdoor.it\/wp-content\/uploads\/2020\/11\/018-ok-1.jpg\" class=\"attachment-medium size-medium\" alt=\"\" loading=\"lazy\" srcset=\"https:\/\/valdicecinaoutdoor.it\/wp-content\/uploads\/2020\/11\/018-ok-1.jpg 1080w, https:\/\/valdicecinaoutdoor.it\/wp-content\/uploads\/2020\/11\/018-ok-1-1024x768.jpg 1024w\" sizes=\"(max-width: 300px) 100vw, 300px\" \/><\/div><div class=\"w-gallery-item-meta\"><div class=\"w-gallery-item-title\">Cecina-Fluss<\/div><\/div><\/a><a class=\"w-gallery-item order_13\" href=\"https:\/\/valdicecinaoutdoor.it\/wp-content\/uploads\/2020\/09\/IMG_2124-vert-2.jpg\" title=\"Zistrose (Cistus spp.)\"><div class=\"w-gallery-item-img\"><img width=\"225\" height=\"300\" src=\"https:\/\/valdicecinaoutdoor.it\/wp-content\/uploads\/2020\/09\/IMG_2124-vert-2.jpg\" class=\"attachment-medium size-medium\" alt=\"\" loading=\"lazy\" srcset=\"https:\/\/valdicecinaoutdoor.it\/wp-content\/uploads\/2020\/09\/IMG_2124-vert-2.jpg 810w, https:\/\/valdicecinaoutdoor.it\/wp-content\/uploads\/2020\/09\/IMG_2124-vert-2-768x1024.jpg 768w\" sizes=\"(max-width: 225px) 100vw, 225px\" \/><\/div><div class=\"w-gallery-item-meta\"><div class=\"w-gallery-item-title\">Zistrose (Cistus spp.)<\/div><\/div><\/a><a class=\"w-gallery-item order_14\" href=\"https:\/\/valdicecinaoutdoor.it\/wp-content\/uploads\/2020\/11\/4-Loranto-1.jpg\" title=\"Eiche Mistel (Loranthus europaeus)\"><div class=\"w-gallery-item-img\"><img width=\"300\" height=\"224\" src=\"https:\/\/valdicecinaoutdoor.it\/wp-content\/uploads\/2020\/11\/4-Loranto-1.jpg\" class=\"attachment-medium size-medium\" alt=\"\" loading=\"lazy\" srcset=\"https:\/\/valdicecinaoutdoor.it\/wp-content\/uploads\/2020\/11\/4-Loranto-1.jpg 1200w, https:\/\/valdicecinaoutdoor.it\/wp-content\/uploads\/2020\/11\/4-Loranto-1-1024x765.jpg 1024w\" sizes=\"(max-width: 300px) 100vw, 300px\" \/><\/div><div class=\"w-gallery-item-meta\"><div class=\"w-gallery-item-title\">Eiche Mistel (Loranthus europaeus)<\/div><\/div><\/a><a class=\"w-gallery-item order_15\" href=\"https:\/\/valdicecinaoutdoor.it\/wp-content\/uploads\/2020\/11\/CAPRARECCIA-2-vert-rip.jpg\" title=\"monumentaler Olivenbaum von Caprareccia\"><div class=\"w-gallery-item-img\"><img width=\"200\" height=\"300\" src=\"https:\/\/valdicecinaoutdoor.it\/wp-content\/uploads\/2020\/11\/CAPRARECCIA-2-vert-rip.jpg\" class=\"attachment-medium size-medium\" alt=\"\" loading=\"lazy\" srcset=\"https:\/\/valdicecinaoutdoor.it\/wp-content\/uploads\/2020\/11\/CAPRARECCIA-2-vert-rip.jpg 720w, https:\/\/valdicecinaoutdoor.it\/wp-content\/uploads\/2020\/11\/CAPRARECCIA-2-vert-rip-683x1024.jpg 683w\" sizes=\"(max-width: 200px) 100vw, 200px\" \/><\/div><div class=\"w-gallery-item-meta\"><div class=\"w-gallery-item-title\">monumentaler Olivenbaum von Caprareccia<\/div><\/div><\/a><a class=\"w-gallery-item order_16\" href=\"https:\/\/valdicecinaoutdoor.it\/wp-content\/uploads\/2020\/11\/Bacche-e-piccoli-frutti-11-1.jpg\" title=\"Erdbeerbaum (Arbutus unedo)\"><div class=\"w-gallery-item-img\"><img width=\"300\" height=\"201\" src=\"https:\/\/valdicecinaoutdoor.it\/wp-content\/uploads\/2020\/11\/Bacche-e-piccoli-frutti-11-1.jpg\" class=\"attachment-medium size-medium\" alt=\"\" loading=\"lazy\" srcset=\"https:\/\/valdicecinaoutdoor.it\/wp-content\/uploads\/2020\/11\/Bacche-e-piccoli-frutti-11-1.jpg 1200w, https:\/\/valdicecinaoutdoor.it\/wp-content\/uploads\/2020\/11\/Bacche-e-piccoli-frutti-11-1-1024x684.jpg 1024w\" sizes=\"(max-width: 300px) 100vw, 300px\" \/><\/div><div class=\"w-gallery-item-meta\"><div class=\"w-gallery-item-title\">Erdbeerbaum (Arbutus unedo)<\/div><\/div><\/a><\/div><\/div>\n<p>&nbsp;<\/p>\n<p>        <h3>The tracks of <strong>Riserva Naturale Berignone<\/strong><\/h3>\n        <p>1 - <a href='https:\/\/valdicecinaoutdoor.it\/de\/track\/landschaften-burgen-und-fluesse-zwischen-pomarance-und-dem-naturschutzgebiet-berignone-variante\/' target='_blank'>Landschaften, Burgen und Fl\u00fcsse zwischen Pomarance und dem Naturschutzgebiet Berignone - Variante<\/a><\/p><p>2 - <a href='https:\/\/valdicecinaoutdoor.it\/de\/track\/landschaften-burgen-und-fluesse-zwischen-pomarance-und-dem-naturschutzgebiet-berignone\/' target='_blank'>Landschaften, Burgen und Fl\u00fcsse zwischen Pomarance und dem Naturschutzgebiet Berignone<\/a><\/p><p>3 - <a href='https:\/\/valdicecinaoutdoor.it\/de\/track\/radtour-durch-das-naturschutzgebiet-berignone-und-tatti\/' target='_blank'>Radtour durch das Naturschutzgebiet Berignone und Tatti<\/a><\/p><p>4 - <a href='https:\/\/valdicecinaoutdoor.it\/de\/track\/toller-wanderring-der-rio-schlucht\/' target='_blank'>Toller Wanderring der Rio-Schlucht<\/a><\/p><p>5 - <a href='https:\/\/valdicecinaoutdoor.it\/de\/track\/il-castello-dei-vescovi-das-schloss-der-bischoefe\/' target='_blank'>Il Castello dei Vescovi (Das Schloss der Bisch\u00f6fe)<\/a><\/p><p>6 - <a href='https:\/\/valdicecinaoutdoor.it\/de\/track\/die-nordhange-des-monte-soldano\/' target='_blank'>Die Nordh\u00e4nge des Monte Soldano<\/a><\/p><\/p>\n<\/div><\/div><\/div><div class=\"w-popup-closer\" style=\"background:#ffffff;color:var(--color-content-text);\"><\/div><\/div><\/div><\/div><\/div><\/div><div class=\"w-tabs-section\" id=\"1603804876569-031f7c69-2913\"><button aria-controls=\"content-1603804876569-031f7c69-2913\" class=\"w-tabs-section-header\"><div class=\"w-tabs-section-header-h\"><div class=\"w-tabs-section-title\">Fauna<\/div><div class=\"w-tabs-section-control\"><\/div><\/div><\/button><div class=\"w-tabs-section-content\" id=\"content-1603804876569-031f7c69-2913\" aria-expanded=\"false\"><div class=\"w-tabs-section-content-h i-cf\"><div class=\"wpb_text_column\" ><div class=\"wpb_wrapper\"><p><span style=\"font-weight: 400;\">Berignone ist eine Art gro\u00dfe <strong>Waldinsel in der Kulturlandschaft<\/strong>, ein idealer Ort f\u00fcr eine hohe Konzentration von H\u00f6hlen und Nestern von Beute- und Raubtieren, die dann oft au\u00dferhalb des Waldes auf Nahrungssuche gehen. Ein Beispiel daf\u00fcr ist der <strong>Kurzzehenadler<\/strong>, ein gro\u00dfer Raubvogel, der auch als Schlangenadler bekannt ist und \u00fcber Felder und Fl\u00fcsse fliegt, um Reptilien zu jagen und sein Nest im Wald zu verstecken. <\/span><\/p>\n<p>\u00c4hnlich verhalten sich auch viele andere <strong>Raubv\u00f6gel<\/strong>, die das Reservat frequentieren, wie <strong>Wanderfalke, Wespenbussard, Schwarzmilan, Sperber, M\u00e4usebussard<\/strong> und unter den S\u00e4ugetieren der <strong>Wolf<\/strong>, der mit einem reproduzierenden Rudel in den wilderen Gebieten des Reservats pr\u00e4sent ist und derzeit Gegenstand spezieller Forschungen ist.<\/p>\n<p>Entlang der Wege im Reservat sind Anzeichen f\u00fcr die Anwesenheit von Huftieren h\u00e4ufig: <strong>Damhirsche<\/strong>, <strong>Mufflons<\/strong>, <strong>Wildschweine<\/strong> und <strong>Rehe<\/strong> sind \u00fcberall sichtbar und auffallend und stellen eine wichtige Nahrungsquelle f\u00fcr den Wolf dar.<\/p>\n<p>Das Vorhandensein eines sehr reichhaltigen Umweltmosaiks und der geringe Grad an anthropogenen St\u00f6rungen haben auch die Erhaltung seltener und schwer fassbarer Arten erm\u00f6glicht. Dazu geh\u00f6rt seit kurzem auch das Vorkommen eines einzelnen, schwer zu beobachtenden Raubtiers, der <strong>Wildkatze<\/strong>, die offenbar die im Reservat noch vorhandenen Str\u00e4ucher und Anbaufl\u00e4chen nutzt. Andere S\u00e4ugetiere wie <strong>Fuchs, Dachs, Marder, Iltis, Wiesel und Stachelschwein<\/strong> sind hier recht h\u00e4ufig.<\/p>\n<p><strong>Unter den V\u00f6geln<\/strong> sind vor allem im Winter gro\u00dfe Schw\u00e4rme von <strong>Ringeltauben<\/strong> zu beobachten, w\u00e4hrend im Fr\u00fchjahr der Gesang zahlreicher Arten zu h\u00f6ren ist. Unter den zahlreichen nistenden V\u00f6geln sind <strong>Rotkehlchen, M\u00f6nchsgrasm\u00fccke, Amsel und Sommergoldh\u00e4hnchen<\/strong> weit verbreitet, und in den seltenen offenen Bereichen kann man auch die <strong>Heidelerche<\/strong> und die <strong>Grauammer<\/strong> sehen; in den Dickichten kann man auch die <strong>Zwergseeschwalbe<\/strong> und die <strong>Samtkopfgrasm\u00fccke<\/strong> beobachten. Bei einem Spaziergang entlang der zahlreichen Wasserl\u00e4ufe kann man in den zugelassenen Abschnitten die besondere <strong>Fauna der Flusslebensr\u00e4ume, Wasserv\u00f6gel wie das Teichhuhn, den Graureiher und den Eisvogel beobachten, w\u00e4hrend unter den Amphibien die Wechselkr\u00f6te und unter den Reptilien die Sumpfschildkr\u00f6te zahlreich vertreten sind<\/strong>. Zu den Flusslandschaften geh\u00f6ren aber auch Steppen- und Trockenlebensr\u00e4ume, in denen seltene und gef\u00e4hrdete V\u00f6gel wie der <strong>Gro\u00dfe Brachvogel<\/strong>, der <strong>Sumpfrohrs\u00e4nger<\/strong> und der <strong>Ziegenmelker<\/strong> nisten. Und schlie\u00dflich ist der Fluss vielleicht der bevorzugte Jagd- und Aufenthaltsort von <strong>tag- und nachtaktiven Raubv\u00f6geln<\/strong> wie <strong>Schleiereulen, Zwergohreulen und Waldohreulen<\/strong>.<\/p>\n<p><i><\/i><em>Viele dieser Tierarten sind heute selten und gef\u00e4hrdet. Bitte st\u00f6ren Sie sie nicht, indem Sie auf den markierten Wegen bleiben, den L\u00e4rm auf ein Minimum beschr\u00e4nken, Ihre Hunde an der Leine f\u00fchren, keine Abf\u00e4lle, auch keine Essensreste, hinterlassen und vor allem w\u00e4hrend der Brutzeit im Fr\u00fchjahr besonders vorsichtig sind.<\/em><\/p>\n<\/div><\/div><div class=\"w-popup us_custom_72c0874f align_center wm-riserve-popup\"><div class=\"w-btn-wrapper\"><a class=\"w-popup-trigger type_btn w-btn us-btn-style_7\" href=\"javascript:void(0)\"><span class=\"w-btn-label\">Geht weiter<\/span><\/a><\/div><div class=\"w-popup-overlay\" style=\"background:rgba(0,0,0,0.5);\"><\/div><div class=\"w-popup-wrap\"><div class=\"w-popup-box animation_fadeIn with_title\" style=\"border-radius:0 10px 10px 10px;width:95%;\"><div class=\"w-popup-box-h\"><div class=\"w-popup-box-title\" style=\"color:var(--color-content-heading);background:#ffffff;\">Fauna<\/div><div class=\"w-popup-box-content\" style=\"padding:20px 2% 50px 2%;background:#ffffff;color:var(--color-content-text);\"><p><span style=\"font-weight: 400;\">Berignone ist eine Art gro\u00dfe <strong>Waldinsel in der Kulturlandschaft<\/strong>, ein idealer Ort f\u00fcr eine hohe Konzentration von H\u00f6hlen und Nestern von Beute- und Raubtieren, die dann oft au\u00dferhalb des Waldes auf Nahrungssuche gehen. Ein Beispiel daf\u00fcr ist der <strong>Kurzzehenadler<\/strong>, ein gro\u00dfer Raubvogel, der auch als Schlangenadler bekannt ist und \u00fcber Felder und Fl\u00fcsse fliegt, um Reptilien zu jagen und sein Nest im Wald zu verstecken. <\/span><\/p>\n<p>\u00c4hnlich verhalten sich auch viele andere <strong>Raubv\u00f6gel<\/strong>, die das Reservat frequentieren, wie <strong>Wanderfalke, Wespenbussard, Schwarzmilan, Sperber, M\u00e4usebussard<\/strong> und unter den S\u00e4ugetieren der <strong>Wolf<\/strong>, der mit einem reproduzierenden Rudel in den wilderen Gebieten des Reservats pr\u00e4sent ist und derzeit Gegenstand spezieller Forschungen ist.<\/p>\n<p>Entlang der Wege im Reservat sind Anzeichen f\u00fcr die Anwesenheit von Huftieren h\u00e4ufig: <strong>Damhirsche<\/strong>, <strong>Mufflons<\/strong>, <strong>Wildschweine<\/strong> und <strong>Rehe<\/strong> sind \u00fcberall sichtbar und auffallend und stellen eine wichtige Nahrungsquelle f\u00fcr den Wolf dar.<\/p>\n<p>Das Vorhandensein eines sehr reichhaltigen Umweltmosaiks und der geringe Grad an anthropogenen St\u00f6rungen haben auch die Erhaltung seltener und schwer fassbarer Arten erm\u00f6glicht. Dazu geh\u00f6rt seit kurzem auch das Vorkommen eines einzelnen, schwer zu beobachtenden Raubtiers, der <strong>Wildkatze<\/strong>, die offenbar die im Reservat noch vorhandenen Str\u00e4ucher und Anbaufl\u00e4chen nutzt. Andere S\u00e4ugetiere wie <strong>Fuchs, Dachs, Marder, Iltis, Wiesel und Stachelschwein<\/strong> sind hier recht h\u00e4ufig.<\/p>\n<p><strong>Unter den V\u00f6geln<\/strong> sind vor allem im Winter gro\u00dfe Schw\u00e4rme von <strong>Ringeltauben<\/strong> zu beobachten, w\u00e4hrend im Fr\u00fchjahr der Gesang zahlreicher Arten zu h\u00f6ren ist. Unter den zahlreichen nistenden V\u00f6geln sind <strong>Rotkehlchen, M\u00f6nchsgrasm\u00fccke, Amsel und Sommergoldh\u00e4hnchen<\/strong> weit verbreitet, und in den seltenen offenen Bereichen kann man auch die <strong>Heidelerche<\/strong> und die <strong>Grauammer<\/strong> sehen; in den Dickichten kann man auch die <strong>Zwergseeschwalbe<\/strong> und die <strong>Samtkopfgrasm\u00fccke<\/strong> beobachten. Bei einem Spaziergang entlang der zahlreichen Wasserl\u00e4ufe kann man in den zugelassenen Abschnitten die besondere <strong>Fauna der Flusslebensr\u00e4ume, Wasserv\u00f6gel wie das Teichhuhn, den Graureiher und den Eisvogel beobachten, w\u00e4hrend unter den Amphibien die Wechselkr\u00f6te und unter den Reptilien die Sumpfschildkr\u00f6te zahlreich vertreten sind<\/strong>. Zu den Flusslandschaften geh\u00f6ren aber auch Steppen- und Trockenlebensr\u00e4ume, in denen seltene und gef\u00e4hrdete V\u00f6gel wie der <strong>Gro\u00dfe Brachvogel<\/strong>, der <strong>Sumpfrohrs\u00e4nger<\/strong> und der <strong>Ziegenmelker<\/strong> nisten. Und schlie\u00dflich ist der Fluss vielleicht der bevorzugte Jagd- und Aufenthaltsort von <strong>tag- und nachtaktiven Raubv\u00f6geln<\/strong> wie <strong>Schleiereulen, Zwergohreulen und Waldohreulen<\/strong>.<\/p>\n<p><i><\/i><em>Viele dieser Tierarten sind heute selten und gef\u00e4hrdet. Bitte st\u00f6ren Sie sie nicht, indem Sie auf den markierten Wegen bleiben, den L\u00e4rm auf ein Minimum beschr\u00e4nken, Ihre Hunde an der Leine f\u00fchren, keine Abf\u00e4lle, auch keine Essensreste, hinterlassen und vor allem w\u00e4hrend der Brutzeit im Fr\u00fchjahr besonders vorsichtig sind.<\/em><\/p>\n<div class=\"w-gallery cols_4 link_file with_meta with_indents\"><div class=\"w-gallery-list\"><a class=\"w-gallery-item order_1\" href=\"https:\/\/valdicecinaoutdoor.it\/wp-content\/uploads\/2020\/11\/004-ok-rip-3.jpg\" title=\"Fuchs (Vulpes vulpes)\"><div class=\"w-gallery-item-img\"><img width=\"300\" height=\"225\" src=\"https:\/\/valdicecinaoutdoor.it\/wp-content\/uploads\/2020\/11\/004-ok-rip-3.jpg\" class=\"attachment-medium size-medium\" alt=\"\" loading=\"lazy\" srcset=\"https:\/\/valdicecinaoutdoor.it\/wp-content\/uploads\/2020\/11\/004-ok-rip-3.jpg 1080w, https:\/\/valdicecinaoutdoor.it\/wp-content\/uploads\/2020\/11\/004-ok-rip-3-1024x768.jpg 1024w\" sizes=\"(max-width: 300px) 100vw, 300px\" \/><\/div><div class=\"w-gallery-item-meta\"><div class=\"w-gallery-item-title\">Fuchs (Vulpes vulpes)<\/div><\/div><\/a><a class=\"w-gallery-item order_2\" href=\"https:\/\/valdicecinaoutdoor.it\/wp-content\/uploads\/2020\/11\/IMG-20180217-WA0003.jpg\" title=\"Wildschwein (Sus scrofa)\"><div class=\"w-gallery-item-img\"><img width=\"300\" height=\"201\" src=\"https:\/\/valdicecinaoutdoor.it\/wp-content\/uploads\/2020\/11\/IMG-20180217-WA0003.jpg\" class=\"attachment-medium size-medium\" alt=\"\" loading=\"lazy\" \/><\/div><div class=\"w-gallery-item-meta\"><div class=\"w-gallery-item-title\">Wildschwein (Sus scrofa)<\/div><\/div><\/a><a class=\"w-gallery-item order_3\" href=\"https:\/\/valdicecinaoutdoor.it\/wp-content\/uploads\/2020\/11\/plecottero.jpg\" title=\"Plecopter (Plecoptera Sp.).\"><div class=\"w-gallery-item-img\"><img width=\"300\" height=\"213\" src=\"https:\/\/valdicecinaoutdoor.it\/wp-content\/uploads\/2020\/11\/plecottero.jpg\" class=\"attachment-medium size-medium\" alt=\"\" loading=\"lazy\" srcset=\"https:\/\/valdicecinaoutdoor.it\/wp-content\/uploads\/2020\/11\/plecottero.jpg 1288w, https:\/\/valdicecinaoutdoor.it\/wp-content\/uploads\/2020\/11\/plecottero-1024x727.jpg 1024w\" sizes=\"(max-width: 300px) 100vw, 300px\" \/><\/div><div class=\"w-gallery-item-meta\"><div class=\"w-gallery-item-title\">Plecopter (Plecoptera Sp.).<\/div><\/div><\/a><a class=\"w-gallery-item order_4\" href=\"https:\/\/valdicecinaoutdoor.it\/wp-content\/uploads\/2020\/11\/IMG_2930-vert-rip-rotated.jpg\" title=\"Brillensalamander (Salamandrina terdigitata)\"><div class=\"w-gallery-item-img\"><img width=\"300\" height=\"225\" src=\"https:\/\/valdicecinaoutdoor.it\/wp-content\/uploads\/2020\/11\/IMG_2930-vert-rip-rotated.jpg\" class=\"attachment-medium size-medium\" alt=\"\" loading=\"lazy\" srcset=\"https:\/\/valdicecinaoutdoor.it\/wp-content\/uploads\/2020\/11\/IMG_2930-vert-rip-rotated.jpg 1080w, https:\/\/valdicecinaoutdoor.it\/wp-content\/uploads\/2020\/11\/IMG_2930-vert-rip-rotated-1024x768.jpg 1024w\" sizes=\"(max-width: 300px) 100vw, 300px\" \/><\/div><div class=\"w-gallery-item-meta\"><div class=\"w-gallery-item-title\">Brillensalamander (Salamandrina terdigitata)<\/div><\/div><\/a><a class=\"w-gallery-item order_5\" href=\"https:\/\/valdicecinaoutdoor.it\/wp-content\/uploads\/2020\/11\/IMG_2929-ok-rip.jpg\" title=\"Brillensalamander (Salamandrina terdigitata)\"><div class=\"w-gallery-item-img\"><img width=\"300\" height=\"225\" src=\"https:\/\/valdicecinaoutdoor.it\/wp-content\/uploads\/2020\/11\/IMG_2929-ok-rip.jpg\" class=\"attachment-medium size-medium\" alt=\"\" loading=\"lazy\" srcset=\"https:\/\/valdicecinaoutdoor.it\/wp-content\/uploads\/2020\/11\/IMG_2929-ok-rip.jpg 1080w, https:\/\/valdicecinaoutdoor.it\/wp-content\/uploads\/2020\/11\/IMG_2929-ok-rip-1024x768.jpg 1024w\" sizes=\"(max-width: 300px) 100vw, 300px\" \/><\/div><div class=\"w-gallery-item-meta\"><div class=\"w-gallery-item-title\">Brillensalamander (Salamandrina terdigitata)<\/div><\/div><\/a><a class=\"w-gallery-item order_6\" href=\"https:\/\/valdicecinaoutdoor.it\/wp-content\/uploads\/2020\/11\/lupo-amerighi-ok-1.jpg\" title=\"Wolf (Canis lupus italicus)\"><div class=\"w-gallery-item-img\"><img width=\"300\" height=\"226\" src=\"https:\/\/valdicecinaoutdoor.it\/wp-content\/uploads\/2020\/11\/lupo-amerighi-ok-1.jpg\" class=\"attachment-medium size-medium\" alt=\"\" loading=\"lazy\" \/><\/div><div class=\"w-gallery-item-meta\"><div class=\"w-gallery-item-title\">Wolf (Canis lupus italicus)<\/div><\/div><\/a><a class=\"w-gallery-item order_7\" href=\"https:\/\/valdicecinaoutdoor.it\/wp-content\/uploads\/2020\/11\/biancone_1-vert-rip.jpg\" title=\"Schlangenadler (Circaetus gallicus)\"><div class=\"w-gallery-item-img\"><img width=\"208\" height=\"300\" src=\"https:\/\/valdicecinaoutdoor.it\/wp-content\/uploads\/2020\/11\/biancone_1-vert-rip.jpg\" class=\"attachment-medium size-medium\" alt=\"\" loading=\"lazy\" srcset=\"https:\/\/valdicecinaoutdoor.it\/wp-content\/uploads\/2020\/11\/biancone_1-vert-rip.jpg 749w, https:\/\/valdicecinaoutdoor.it\/wp-content\/uploads\/2020\/11\/biancone_1-vert-rip-710x1024.jpg 710w\" sizes=\"(max-width: 208px) 100vw, 208px\" \/><\/div><div class=\"w-gallery-item-meta\"><div class=\"w-gallery-item-title\">Schlangenadler (Circaetus gallicus)<\/div><\/div><\/a><a class=\"w-gallery-item order_8\" href=\"https:\/\/valdicecinaoutdoor.it\/wp-content\/uploads\/2020\/11\/15778412_10212180782745895_848557966_o-1.jpg\" title=\"Wildkatze (Felis silvestris)\"><div class=\"w-gallery-item-img\"><img width=\"300\" height=\"177\" src=\"https:\/\/valdicecinaoutdoor.it\/wp-content\/uploads\/2020\/11\/15778412_10212180782745895_848557966_o-1.jpg\" class=\"attachment-medium size-medium\" alt=\"\" loading=\"lazy\" srcset=\"https:\/\/valdicecinaoutdoor.it\/wp-content\/uploads\/2020\/11\/15778412_10212180782745895_848557966_o-1.jpg 1343w, https:\/\/valdicecinaoutdoor.it\/wp-content\/uploads\/2020\/11\/15778412_10212180782745895_848557966_o-1-1024x603.jpg 1024w\" sizes=\"(max-width: 300px) 100vw, 300px\" \/><\/div><div class=\"w-gallery-item-meta\"><div class=\"w-gallery-item-title\">Wildkatze (Felis silvestris)<\/div><\/div><\/a><a class=\"w-gallery-item order_9\" href=\"https:\/\/valdicecinaoutdoor.it\/wp-content\/uploads\/2020\/11\/lupo-lore-ok.jpg\" title=\"Wolf (Canis lupus italicus)\"><div class=\"w-gallery-item-img\"><img width=\"300\" height=\"216\" src=\"https:\/\/valdicecinaoutdoor.it\/wp-content\/uploads\/2020\/11\/lupo-lore-ok.jpg\" class=\"attachment-medium size-medium\" alt=\"\" loading=\"lazy\" \/><\/div><div class=\"w-gallery-item-meta\"><div class=\"w-gallery-item-title\">Wolf (Canis lupus italicus)<\/div><\/div><\/a><a class=\"w-gallery-item order_10\" href=\"https:\/\/valdicecinaoutdoor.it\/wp-content\/uploads\/2020\/09\/IMG_2937-ok-rip-3.jpg\" title=\"Roter Frosch (Rana dalmatina)\"><div class=\"w-gallery-item-img\"><img width=\"300\" height=\"225\" src=\"https:\/\/valdicecinaoutdoor.it\/wp-content\/uploads\/2020\/09\/IMG_2937-ok-rip-3.jpg\" class=\"attachment-medium size-medium\" alt=\"\" loading=\"lazy\" srcset=\"https:\/\/valdicecinaoutdoor.it\/wp-content\/uploads\/2020\/09\/IMG_2937-ok-rip-3.jpg 1080w, https:\/\/valdicecinaoutdoor.it\/wp-content\/uploads\/2020\/09\/IMG_2937-ok-rip-3-1024x768.jpg 1024w\" sizes=\"(max-width: 300px) 100vw, 300px\" \/><\/div><div class=\"w-gallery-item-meta\"><div class=\"w-gallery-item-title\">Roter Frosch (Rana dalmatina)<\/div><\/div><\/a><\/div><\/div>\n<p>&nbsp;<\/p>\n<p>        <h3>The tracks of <strong>Riserva Naturale Berignone<\/strong><\/h3>\n        <p>1 - <a href='https:\/\/valdicecinaoutdoor.it\/de\/track\/landschaften-burgen-und-fluesse-zwischen-pomarance-und-dem-naturschutzgebiet-berignone-variante\/' target='_blank'>Landschaften, Burgen und Fl\u00fcsse zwischen Pomarance und dem Naturschutzgebiet Berignone - Variante<\/a><\/p><p>2 - <a href='https:\/\/valdicecinaoutdoor.it\/de\/track\/landschaften-burgen-und-fluesse-zwischen-pomarance-und-dem-naturschutzgebiet-berignone\/' target='_blank'>Landschaften, Burgen und Fl\u00fcsse zwischen Pomarance und dem Naturschutzgebiet Berignone<\/a><\/p><p>3 - <a href='https:\/\/valdicecinaoutdoor.it\/de\/track\/radtour-durch-das-naturschutzgebiet-berignone-und-tatti\/' target='_blank'>Radtour durch das Naturschutzgebiet Berignone und Tatti<\/a><\/p><p>4 - <a href='https:\/\/valdicecinaoutdoor.it\/de\/track\/toller-wanderring-der-rio-schlucht\/' target='_blank'>Toller Wanderring der Rio-Schlucht<\/a><\/p><p>5 - <a href='https:\/\/valdicecinaoutdoor.it\/de\/track\/il-castello-dei-vescovi-das-schloss-der-bischoefe\/' target='_blank'>Il Castello dei Vescovi (Das Schloss der Bisch\u00f6fe)<\/a><\/p><p>6 - <a href='https:\/\/valdicecinaoutdoor.it\/de\/track\/die-nordhange-des-monte-soldano\/' target='_blank'>Die Nordh\u00e4nge des Monte Soldano<\/a><\/p><\/p>\n<\/div><\/div><\/div><div class=\"w-popup-closer\" style=\"background:#ffffff;color:var(--color-content-text);\"><\/div><\/div><\/div><\/div><\/div><\/div><div class=\"w-tabs-section\" id=\"1603809665202-71ff47dd-d91e\"><button aria-controls=\"content-1603809665202-71ff47dd-d91e\" class=\"w-tabs-section-header\"><div class=\"w-tabs-section-header-h\"><div class=\"w-tabs-section-title\">Geologie, Bergweke und Mineralien<\/div><div class=\"w-tabs-section-control\"><\/div><\/div><\/button><div class=\"w-tabs-section-content\" id=\"content-1603809665202-71ff47dd-d91e\" aria-expanded=\"false\"><div class=\"w-tabs-section-content-h i-cf\"><div class=\"wpb_text_column\" ><div class=\"wpb_wrapper\"><p><span style=\"font-weight: 400;\">Der Wald von Berignone erstreckt sich \u00fcber ein gegliedertes Hochgebirgssystem mit den h\u00f6chsten Erhebungen im Gebiet von Volterra wie dem Monte Soldano (555 m) und dem Poggio Metato (547).<\/span><\/p>\n<p>Das <strong>Reservat enth\u00fcllt die unerwartete Geschichte eines gro\u00dfen Sees vor Millionen von Jahren<\/strong>.<br \/>\nSedimentgestein aus Seen und dem Meer, wie <strong>Konglomerate<\/strong>, <strong>Sandsteine<\/strong>, <strong>Mergel<\/strong> und <strong>Tone<\/strong>, die vor etwa 7-9 Millionen Jahren abgelagert wurden, pr\u00e4gen das Reservat. Diese wichtigen Zeugnisse des alten Sees und seiner Zufl\u00fcsse sowie die erosive Wirkung der Wasserl\u00e4ufe pr\u00e4gen die heutige Morphologie und Landschaft stark.<\/p>\n<p>Bei einem Spaziergang durch die beeindruckende <strong>Schlucht des Botro al Rio<\/strong>, eines Nebenflusses des <strong>Torrente Sellate<\/strong>, kann man aus n\u00e4chster N\u00e4he die M\u00e4chtigkeit der <strong>Seekonglomerate<\/strong> und die Erosionswirkung des Wassers des Wildbachs beobachten. Eine starke Wirkung, die r\u00f6tliche Steilw\u00e4nde zum Vorschein gebracht hat, die heute von der Masse des Castello dei Vescovi dominiert werden, dessen F\u00e4rbung wahrscheinlich mit der periodischen Freilegung der Konglomerate w\u00e4hrend einer besonders trockenen Klimaperiode zusammenh\u00e4ngt.<\/p>\n<p>Das h\u00e4ufige Vorhandensein von <strong>Braunkohleb\u00e4nken<\/strong>, einer fossilen Kohle, die sich an der Basis von Konglomeraten bildet, erm\u00f6glichte in der ersten H\u00e4lfte des 20. Jahrhunderts die Entwicklung einer bedeutenden Bergbaut\u00e4tigkeit, von der nur noch wenige Spuren in der N\u00e4he von Poggio Metato, in der Macchia di Tatti, an der n\u00f6rdlichen Grenze des Reservats, zu finden sind.<\/p>\n<p>Es gibt bescheidene Aufschl\u00fcsse von <strong>ophiolitischen Gesteinen<\/strong> der Sorte Serpentinit, bei denen es sich um uralte Fragmente von tiefem Magma aus dem Meeresboden des Juras vor 180 Millionen Jahren handelt. Diese Felsen, die sich vor allem im s\u00fcdlichen Teil des Berignone zwischen dem Masso delle Fanciulle und der Bocca del Pavone befinden, tragen zur Bereicherung der geologischen Landschaft und der \u00f6kologischen Vielfalt des Schutzgebiets bei und beherbergen u.a. im Fr\u00fchjahr eine herrliche Bl\u00fctenpracht.<\/p>\n<\/div><\/div><div class=\"w-popup us_custom_72c0874f align_center wm-riserve-popup\"><div class=\"w-btn-wrapper\"><a class=\"w-popup-trigger type_btn w-btn us-btn-style_7\" href=\"javascript:void(0)\"><span class=\"w-btn-label\">Geht weiter<\/span><\/a><\/div><div class=\"w-popup-overlay\" style=\"background:rgba(0,0,0,0.5);\"><\/div><div class=\"w-popup-wrap\"><div class=\"w-popup-box animation_fadeIn with_title\" style=\"border-radius:0 10px 10px 10px;width:95%;\"><div class=\"w-popup-box-h\"><div class=\"w-popup-box-title\" style=\"color:var(--color-content-heading);background:#ffffff;\">Geologie, Bergweke und Mineralien<\/div><div class=\"w-popup-box-content\" style=\"padding:20px 2% 50px 2%;background:#ffffff;color:var(--color-content-text);\"><p><span style=\"font-weight: 400;\">Der Wald von Berignone erstreckt sich \u00fcber ein gegliedertes Hochgebirgssystem mit den h\u00f6chsten Erhebungen im Gebiet von Volterra wie dem Monte Soldano (555 m) und dem Poggio Metato (547).<\/span><\/p>\n<p>Das <strong>Reservat enth\u00fcllt die unerwartete Geschichte eines gro\u00dfen Sees vor Millionen von Jahren<\/strong>.<br \/>\nSedimentgestein aus Seen und dem Meer, wie <strong>Konglomerate<\/strong>, <strong>Sandsteine<\/strong>, <strong>Mergel<\/strong> und <strong>Tone<\/strong>, die vor etwa 7-9 Millionen Jahren abgelagert wurden, pr\u00e4gen das Reservat. Diese wichtigen Zeugnisse des alten Sees und seiner Zufl\u00fcsse sowie die erosive Wirkung der Wasserl\u00e4ufe pr\u00e4gen die heutige Morphologie und Landschaft stark.<\/p>\n<p>Bei einem Spaziergang durch die beeindruckende <strong>Schlucht des Botro al Rio<\/strong>, eines Nebenflusses des <strong>Torrente Sellate<\/strong>, kann man aus n\u00e4chster N\u00e4he die M\u00e4chtigkeit der <strong>Seekonglomerate<\/strong> und die Erosionswirkung des Wassers des Wildbachs beobachten. Eine starke Wirkung, die r\u00f6tliche Steilw\u00e4nde zum Vorschein gebracht hat, die heute von der Masse des Castello dei Vescovi dominiert werden, dessen F\u00e4rbung wahrscheinlich mit der periodischen Freilegung der Konglomerate w\u00e4hrend einer besonders trockenen Klimaperiode zusammenh\u00e4ngt.<\/p>\n<p>Das h\u00e4ufige Vorhandensein von <strong>Braunkohleb\u00e4nken<\/strong>, einer fossilen Kohle, die sich an der Basis von Konglomeraten bildet, erm\u00f6glichte in der ersten H\u00e4lfte des 20. Jahrhunderts die Entwicklung einer bedeutenden Bergbaut\u00e4tigkeit, von der nur noch wenige Spuren in der N\u00e4he von Poggio Metato, in der Macchia di Tatti, an der n\u00f6rdlichen Grenze des Reservats, zu finden sind.<\/p>\n<p>Es gibt bescheidene Aufschl\u00fcsse von <strong>ophiolitischen Gesteinen<\/strong> der Sorte Serpentinit, bei denen es sich um uralte Fragmente von tiefem Magma aus dem Meeresboden des Juras vor 180 Millionen Jahren handelt. Diese Felsen, die sich vor allem im s\u00fcdlichen Teil des Berignone zwischen dem Masso delle Fanciulle und der Bocca del Pavone befinden, tragen zur Bereicherung der geologischen Landschaft und der \u00f6kologischen Vielfalt des Schutzgebiets bei und beherbergen u.a. im Fr\u00fchjahr eine herrliche Bl\u00fctenpracht.<\/p>\n<div class=\"w-gallery cols_5 link_file type_masonry with_meta with_indents\"><div class=\"w-gallery-list\"><a class=\"w-gallery-item order_1\" href=\"https:\/\/valdicecinaoutdoor.it\/wp-content\/uploads\/2020\/09\/2-Sellate-1-2.jpg\" title=\"Aufschluss am Zusammenfluss von Sellate und Botro al Rio\"><div class=\"w-gallery-item-img\"><img width=\"300\" height=\"225\" src=\"https:\/\/valdicecinaoutdoor.it\/wp-content\/uploads\/2020\/09\/2-Sellate-1-2.jpg\" class=\"attachment-medium size-medium\" alt=\"\" loading=\"lazy\" srcset=\"https:\/\/valdicecinaoutdoor.it\/wp-content\/uploads\/2020\/09\/2-Sellate-1-2.jpg 1200w, https:\/\/valdicecinaoutdoor.it\/wp-content\/uploads\/2020\/09\/2-Sellate-1-2-1024x768.jpg 1024w\" sizes=\"(max-width: 300px) 100vw, 300px\" \/><\/div><div class=\"w-gallery-item-meta\"><div class=\"w-gallery-item-title\">Aufschluss am Zusammenfluss von Sellate und Botro al Rio<\/div><\/div><\/a><a class=\"w-gallery-item order_2\" href=\"https:\/\/valdicecinaoutdoor.it\/wp-content\/uploads\/2020\/09\/7-Conglomerati-Botro-al-Rio-6-2.jpg\" title=\"Die Seekonglomerate\"><div class=\"w-gallery-item-img\"><img width=\"300\" height=\"201\" src=\"https:\/\/valdicecinaoutdoor.it\/wp-content\/uploads\/2020\/09\/7-Conglomerati-Botro-al-Rio-6-2.jpg\" class=\"attachment-medium size-medium\" alt=\"\" loading=\"lazy\" srcset=\"https:\/\/valdicecinaoutdoor.it\/wp-content\/uploads\/2020\/09\/7-Conglomerati-Botro-al-Rio-6-2.jpg 1200w, https:\/\/valdicecinaoutdoor.it\/wp-content\/uploads\/2020\/09\/7-Conglomerati-Botro-al-Rio-6-2-1024x687.jpg 1024w\" sizes=\"(max-width: 300px) 100vw, 300px\" \/><\/div><div class=\"w-gallery-item-meta\"><div class=\"w-gallery-item-title\">Die Seekonglomerate<\/div><\/div><\/a><a class=\"w-gallery-item order_3\" href=\"https:\/\/valdicecinaoutdoor.it\/wp-content\/uploads\/2020\/09\/7-Conglomerati-Botro-al-Rio-5-2.jpg\" title=\"Grotta Rossa\"><div class=\"w-gallery-item-img\"><img width=\"300\" height=\"201\" src=\"https:\/\/valdicecinaoutdoor.it\/wp-content\/uploads\/2020\/09\/7-Conglomerati-Botro-al-Rio-5-2.jpg\" class=\"attachment-medium size-medium\" alt=\"\" loading=\"lazy\" srcset=\"https:\/\/valdicecinaoutdoor.it\/wp-content\/uploads\/2020\/09\/7-Conglomerati-Botro-al-Rio-5-2.jpg 1200w, https:\/\/valdicecinaoutdoor.it\/wp-content\/uploads\/2020\/09\/7-Conglomerati-Botro-al-Rio-5-2-1024x684.jpg 1024w\" sizes=\"(max-width: 300px) 100vw, 300px\" \/><\/div><div class=\"w-gallery-item-meta\"><div class=\"w-gallery-item-title\">Grotta Rossa<\/div><\/div><\/a><a class=\"w-gallery-item order_4\" href=\"https:\/\/valdicecinaoutdoor.it\/wp-content\/uploads\/2020\/09\/6-Panorami-cstello-Vescovi-2-2.jpg\" title=\"Botro al Rio\"><div class=\"w-gallery-item-img\"><img width=\"300\" height=\"200\" src=\"https:\/\/valdicecinaoutdoor.it\/wp-content\/uploads\/2020\/09\/6-Panorami-cstello-Vescovi-2-2.jpg\" class=\"attachment-medium size-medium\" alt=\"\" loading=\"lazy\" srcset=\"https:\/\/valdicecinaoutdoor.it\/wp-content\/uploads\/2020\/09\/6-Panorami-cstello-Vescovi-2-2.jpg 1200w, https:\/\/valdicecinaoutdoor.it\/wp-content\/uploads\/2020\/09\/6-Panorami-cstello-Vescovi-2-2-1024x683.jpg 1024w\" sizes=\"(max-width: 300px) 100vw, 300px\" \/><\/div><div class=\"w-gallery-item-meta\"><div class=\"w-gallery-item-title\">Botro al Rio<\/div><\/div><\/a><a class=\"w-gallery-item order_5\" href=\"https:\/\/valdicecinaoutdoor.it\/wp-content\/uploads\/2020\/09\/IMG_1602-ok-2.jpg\" title=\"Das Tal des Sellatebaches\"><div class=\"w-gallery-item-img\"><img width=\"300\" height=\"225\" src=\"https:\/\/valdicecinaoutdoor.it\/wp-content\/uploads\/2020\/09\/IMG_1602-ok-2.jpg\" class=\"attachment-medium size-medium\" alt=\"\" loading=\"lazy\" srcset=\"https:\/\/valdicecinaoutdoor.it\/wp-content\/uploads\/2020\/09\/IMG_1602-ok-2.jpg 1080w, https:\/\/valdicecinaoutdoor.it\/wp-content\/uploads\/2020\/09\/IMG_1602-ok-2-1024x768.jpg 1024w\" sizes=\"(max-width: 300px) 100vw, 300px\" \/><\/div><div class=\"w-gallery-item-meta\"><div class=\"w-gallery-item-title\">Das Tal des Sellatebaches<\/div><\/div><\/a><a class=\"w-gallery-item order_6\" href=\"https:\/\/valdicecinaoutdoor.it\/wp-content\/uploads\/2020\/12\/botrorio-castello-rotated-e1608537723519.jpg\" title=\"Konglomerate von Botro al Rio\"><div class=\"w-gallery-item-img\"><img width=\"225\" height=\"300\" src=\"https:\/\/valdicecinaoutdoor.it\/wp-content\/uploads\/2020\/12\/botrorio-castello-rotated-e1608537723519.jpg\" class=\"attachment-medium size-medium\" alt=\"\" loading=\"lazy\" srcset=\"https:\/\/valdicecinaoutdoor.it\/wp-content\/uploads\/2020\/12\/botrorio-castello-rotated-e1608537723519.jpg 810w, https:\/\/valdicecinaoutdoor.it\/wp-content\/uploads\/2020\/12\/botrorio-castello-rotated-e1608537723519-768x1024.jpg 768w\" sizes=\"(max-width: 225px) 100vw, 225px\" \/><\/div><div class=\"w-gallery-item-meta\"><div class=\"w-gallery-item-title\">Konglomerate von Botro al Rio<\/div><\/div><\/a><\/div><\/div>\n<p>&nbsp;<\/p>\n<p>        <h3>The tracks of <strong>Riserva Naturale Berignone<\/strong><\/h3>\n        <p>1 - <a href='https:\/\/valdicecinaoutdoor.it\/de\/track\/landschaften-burgen-und-fluesse-zwischen-pomarance-und-dem-naturschutzgebiet-berignone-variante\/' target='_blank'>Landschaften, Burgen und Fl\u00fcsse zwischen Pomarance und dem Naturschutzgebiet Berignone - Variante<\/a><\/p><p>2 - <a href='https:\/\/valdicecinaoutdoor.it\/de\/track\/landschaften-burgen-und-fluesse-zwischen-pomarance-und-dem-naturschutzgebiet-berignone\/' target='_blank'>Landschaften, Burgen und Fl\u00fcsse zwischen Pomarance und dem Naturschutzgebiet Berignone<\/a><\/p><p>3 - <a href='https:\/\/valdicecinaoutdoor.it\/de\/track\/radtour-durch-das-naturschutzgebiet-berignone-und-tatti\/' target='_blank'>Radtour durch das Naturschutzgebiet Berignone und Tatti<\/a><\/p><p>4 - <a href='https:\/\/valdicecinaoutdoor.it\/de\/track\/toller-wanderring-der-rio-schlucht\/' target='_blank'>Toller Wanderring der Rio-Schlucht<\/a><\/p><p>5 - <a href='https:\/\/valdicecinaoutdoor.it\/de\/track\/il-castello-dei-vescovi-das-schloss-der-bischoefe\/' target='_blank'>Il Castello dei Vescovi (Das Schloss der Bisch\u00f6fe)<\/a><\/p><p>6 - <a href='https:\/\/valdicecinaoutdoor.it\/de\/track\/die-nordhange-des-monte-soldano\/' target='_blank'>Die Nordh\u00e4nge des Monte Soldano<\/a><\/p><\/p>\n<\/div><\/div><\/div><div class=\"w-popup-closer\" style=\"background:#ffffff;color:var(--color-content-text);\"><\/div><\/div><\/div><\/div><\/div><\/div><div class=\"w-tabs-section\" id=\"1603809697246-1e06128a-f347\"><button aria-controls=\"content-1603809697246-1e06128a-f347\" class=\"w-tabs-section-header\"><div class=\"w-tabs-section-header-h\"><div class=\"w-tabs-section-title\">Fl\u00fcsse und B\u00e4che<\/div><div class=\"w-tabs-section-control\"><\/div><\/div><\/button><div class=\"w-tabs-section-content\" id=\"content-1603809697246-1e06128a-f347\" aria-expanded=\"false\"><div class=\"w-tabs-section-content-h i-cf\"><div class=\"wpb_text_column\" ><div class=\"wpb_wrapper\"><p>Der <strong>Fluss Cecina<\/strong> ist der wichtigste Wasserlauf; sein Name ist etruskischen Ursprungs und identisch mit dem einer antiken etruskischen Familie aus Volterra, den Ceicna, lateinisch Caecina. Ein Teil des Mittellaufs befindet sich im s\u00fcdlichsten Teil des Reservats und stellt eines der interessantesten Natur- und Landschaftsgebiete von Berignone und des gesamten Cecina-Tals dar.<\/p>\n<p>Der ausgezeichnete Erhaltungszustand der Ufervegetation, die sich durch Schwarzpappel, Schwarzerle, Ulme, verschiedene Strauchweiden und Wei\u00dfweide auszeichnet, und die hohe Wasserqualit\u00e4t des Flusses bilden eine einzigartige und au\u00dferordentlich sch\u00f6ne Umgebung, die durch das Vorhandensein von charakteristischen Aufschl\u00fcssen aus ophiolitischem Gestein zwischen dem <strong>Masso delle Fanciulle<\/strong> und der <strong>Bocca di Pavone<\/strong> bereichert wird, die ein Bild mit rei\u00dferischen Z\u00fcgen zeichnen.<\/p>\n<p>Die Kiesb\u00e4nke und Terrassen des Cecina-Flusses sind ein idealer Nistplatz f\u00fcr den seltenen Gro\u00dfen Brachvogel, eine der wichtigsten Vogelarten im Schutzgebiet.<\/p>\n<p>Der zweifellos bekannteste Ort ist der Masso delle Fanciulle (Felsen der Jungfrauen), der sich flussaufw\u00e4rts der gro\u00dfen landwirtschaftlichen Terrasse des Molino di Berignone befindet, ein Flussabschnitt, der von gro\u00dfen Serpentinenfelsen umgeben ist, die eine Abfolge von kleinen Wasserf\u00e4llen und Becken mit blaugr\u00fcnem Wasser in einer wirklich eindrucksvollen Umgebung beschreiben.<\/p>\n<p>Der <strong>Bach Pavone<\/strong> umsp\u00fclt das Reservat an seiner s\u00fcdlichen Grenze, m\u00fcndet in die Cecina und beendet seinen malerischen Abstieg bei Bocca di Pavone. Das Valle del Pavone, das au\u00dferhalb des Naturschutzgebietes liegt und von der m\u00e4chtigen Rocca Sillana \u00fcberragt wird, ist eine der wildesten und unber\u00fchrtesten Landschaften der Toskana.<\/p>\n<p>Die beiden anderen wichtigen, aber wenig flie\u00dfenden Wasserl\u00e4ufe sind der <strong>Bach Fosci<\/strong> an der westlichen Grenze und der <strong>Bach Sellate<\/strong> im s\u00fcdlichen Teil des Reservats, der in den Fluss Cecina m\u00fcndet. In einigen Bachabschnitten erm\u00f6glicht die geringere Str\u00f6mungsgeschwindigkeit die Entwicklung von Vegetationsformationen, die f\u00fcr Feuchtgebiete typisch sind, wie z. B. Scirpeti, Binsen, Seggen und Schilfdickichte, die von Amphibien und an Feuchtgebiete gebundenen V\u00f6geln wie Reihern, Eisv\u00f6geln und Moorh\u00fchnern bewohnt werden. Auch das Vorkommen eines seltenen Wasserreptils, der Sumpfschildkr\u00f6te, wird in diesen Gebieten gemeldet.<\/p>\n<p><span style=\"font-weight: 400;\">Um die Wasserwege des Reservats in vollen Z\u00fcgen genie\u00dfen zu k\u00f6nnen, empfiehlt sich ein Besuch im Fr\u00fchjahr oder Fr\u00fchsommer, da dann noch gen\u00fcgend Wasser vorhanden ist; bedenken Sie jedoch, dass dies auch eine besonders heikle Zeit f\u00fcr die Fortpflanzung von V\u00f6geln und insbesondere von Amphibien ist.<\/span><\/p>\n<p><strong>WICHTIG: <em>Die Wasserl\u00e4ufe k\u00f6nnen nur in der N\u00e4he der markierten Wege erreicht werden. Aus Gr\u00fcnden des Habitatschutzes und der Sicherheit ist das Begehen aller Wasserl\u00e4ufe mit Ausnahme der Strecke zwischen Masso delle Fanciulle und Masso degli Specchi verboten. Aufstiege und gef\u00fchrte Exkursionen k\u00f6nnen von dem Regionalb\u00fcro, das die Reservate verwaltet, genehmigt werden.<\/em><\/strong><\/p>\n<\/div><\/div><div class=\"w-popup us_custom_72c0874f align_center wm-riserve-popup\"><div class=\"w-btn-wrapper\"><a class=\"w-popup-trigger type_btn w-btn us-btn-style_7\" href=\"javascript:void(0)\"><span class=\"w-btn-label\">Geht weiter<\/span><\/a><\/div><div class=\"w-popup-overlay\" style=\"background:rgba(0,0,0,0.5);\"><\/div><div class=\"w-popup-wrap\"><div class=\"w-popup-box animation_fadeIn with_title\" style=\"border-radius:0 10px 10px 10px;width:95%;\"><div class=\"w-popup-box-h\"><div class=\"w-popup-box-title\" style=\"color:var(--color-content-heading);background:#ffffff;\">Fl\u00fcsse und B\u00e4che<\/div><div class=\"w-popup-box-content\" style=\"padding:20px 2% 50px 2%;background:#ffffff;color:var(--color-content-text);\"><p>Der <strong>Fluss Cecina<\/strong> ist der wichtigste Wasserlauf; sein Name ist etruskischen Ursprungs und identisch mit dem einer antiken etruskischen Familie aus Volterra, den Ceicna, lateinisch Caecina. Ein Teil des Mittellaufs befindet sich im s\u00fcdlichsten Teil des Reservats und stellt eines der interessantesten Natur- und Landschaftsgebiete von Berignone und des gesamten Cecina-Tals dar.<\/p>\n<p>Der ausgezeichnete Erhaltungszustand der Ufervegetation, die sich durch Schwarzpappel, Schwarzerle, Ulme, verschiedene Strauchweiden und Wei\u00dfweide auszeichnet, und die hohe Wasserqualit\u00e4t des Flusses bilden eine einzigartige und au\u00dferordentlich sch\u00f6ne Umgebung, die durch das Vorhandensein von charakteristischen Aufschl\u00fcssen aus ophiolitischem Gestein zwischen dem <strong>Masso delle Fanciulle<\/strong> und der <strong>Bocca di Pavone<\/strong> bereichert wird, die ein Bild mit rei\u00dferischen Z\u00fcgen zeichnen.<\/p>\n<p>Die Kiesb\u00e4nke und Terrassen des Cecina-Flusses sind ein idealer Nistplatz f\u00fcr den seltenen Gro\u00dfen Brachvogel, eine der wichtigsten Vogelarten im Schutzgebiet.<\/p>\n<p>Der zweifellos bekannteste Ort ist der Masso delle Fanciulle (Felsen der Jungfrauen), der sich flussaufw\u00e4rts der gro\u00dfen landwirtschaftlichen Terrasse des Molino di Berignone befindet, ein Flussabschnitt, der von gro\u00dfen Serpentinenfelsen umgeben ist, die eine Abfolge von kleinen Wasserf\u00e4llen und Becken mit blaugr\u00fcnem Wasser in einer wirklich eindrucksvollen Umgebung beschreiben.<\/p>\n<p>Der <strong>Bach Pavone<\/strong> umsp\u00fclt das Reservat an seiner s\u00fcdlichen Grenze, m\u00fcndet in die Cecina und beendet seinen malerischen Abstieg bei Bocca di Pavone. Das Valle del Pavone, das au\u00dferhalb des Naturschutzgebietes liegt und von der m\u00e4chtigen Rocca Sillana \u00fcberragt wird, ist eine der wildesten und unber\u00fchrtesten Landschaften der Toskana.<\/p>\n<p>Die beiden anderen wichtigen, aber wenig flie\u00dfenden Wasserl\u00e4ufe sind der <strong>Bach Fosci<\/strong> an der westlichen Grenze und der <strong>Bach Sellate<\/strong> im s\u00fcdlichen Teil des Reservats, der in den Fluss Cecina m\u00fcndet. In einigen Bachabschnitten erm\u00f6glicht die geringere Str\u00f6mungsgeschwindigkeit die Entwicklung von Vegetationsformationen, die f\u00fcr Feuchtgebiete typisch sind, wie z. B. Scirpeti, Binsen, Seggen und Schilfdickichte, die von Amphibien und an Feuchtgebiete gebundenen V\u00f6geln wie Reihern, Eisv\u00f6geln und Moorh\u00fchnern bewohnt werden. Auch das Vorkommen eines seltenen Wasserreptils, der Sumpfschildkr\u00f6te, wird in diesen Gebieten gemeldet.<\/p>\n<p><span style=\"font-weight: 400;\">Um die Wasserwege des Reservats in vollen Z\u00fcgen genie\u00dfen zu k\u00f6nnen, empfiehlt sich ein Besuch im Fr\u00fchjahr oder Fr\u00fchsommer, da dann noch gen\u00fcgend Wasser vorhanden ist; bedenken Sie jedoch, dass dies auch eine besonders heikle Zeit f\u00fcr die Fortpflanzung von V\u00f6geln und insbesondere von Amphibien ist.<\/span><\/p>\n<p><strong>WICHTIG: <em>Die Wasserl\u00e4ufe k\u00f6nnen nur in der N\u00e4he der markierten Wege erreicht werden. Aus Gr\u00fcnden des Habitatschutzes und der Sicherheit ist das Begehen aller Wasserl\u00e4ufe mit Ausnahme der Strecke zwischen Masso delle Fanciulle und Masso degli Specchi verboten. Aufstiege und gef\u00fchrte Exkursionen k\u00f6nnen von dem Regionalb\u00fcro, das die Reservate verwaltet, genehmigt werden.<\/em><\/strong><\/p>\n<div class=\"w-gallery cols_4 link_file with_meta with_indents\"><div class=\"w-gallery-list\"><a class=\"w-gallery-item order_1\" href=\"https:\/\/valdicecinaoutdoor.it\/wp-content\/uploads\/2020\/09\/MBAX6169-1.jpg\" title=\"Pavone Strom\"><div class=\"w-gallery-item-img\"><img width=\"300\" height=\"225\" src=\"https:\/\/valdicecinaoutdoor.it\/wp-content\/uploads\/2020\/09\/MBAX6169-1.jpg\" class=\"attachment-medium size-medium\" alt=\"\" loading=\"lazy\" srcset=\"https:\/\/valdicecinaoutdoor.it\/wp-content\/uploads\/2020\/09\/MBAX6169-1.jpg 1280w, https:\/\/valdicecinaoutdoor.it\/wp-content\/uploads\/2020\/09\/MBAX6169-1-1024x768.jpg 1024w\" sizes=\"(max-width: 300px) 100vw, 300px\" \/><\/div><div class=\"w-gallery-item-meta\"><div class=\"w-gallery-item-title\">Pavone Strom<\/div><\/div><\/a><a class=\"w-gallery-item order_2\" href=\"https:\/\/valdicecinaoutdoor.it\/wp-content\/uploads\/2020\/09\/2-Sellate-2-2.jpg\" title=\"Sellate Strom\"><div class=\"w-gallery-item-img\"><img width=\"300\" height=\"225\" src=\"https:\/\/valdicecinaoutdoor.it\/wp-content\/uploads\/2020\/09\/2-Sellate-2-2.jpg\" class=\"attachment-medium size-medium\" alt=\"\" loading=\"lazy\" srcset=\"https:\/\/valdicecinaoutdoor.it\/wp-content\/uploads\/2020\/09\/2-Sellate-2-2.jpg 1200w, https:\/\/valdicecinaoutdoor.it\/wp-content\/uploads\/2020\/09\/2-Sellate-2-2-1024x768.jpg 1024w\" sizes=\"(max-width: 300px) 100vw, 300px\" \/><\/div><div class=\"w-gallery-item-meta\"><div class=\"w-gallery-item-title\">Sellate Strom<\/div><\/div><\/a><a class=\"w-gallery-item order_3\" href=\"https:\/\/valdicecinaoutdoor.it\/wp-content\/uploads\/2020\/12\/botroRio-Acqua-rotated-e1608537746961.jpg\" title=\"Botro al Rio\"><div class=\"w-gallery-item-img\"><img width=\"225\" height=\"300\" src=\"https:\/\/valdicecinaoutdoor.it\/wp-content\/uploads\/2020\/12\/botroRio-Acqua-rotated-e1608537746961.jpg\" class=\"attachment-medium size-medium\" alt=\"\" loading=\"lazy\" srcset=\"https:\/\/valdicecinaoutdoor.it\/wp-content\/uploads\/2020\/12\/botroRio-Acqua-rotated-e1608537746961.jpg 810w, https:\/\/valdicecinaoutdoor.it\/wp-content\/uploads\/2020\/12\/botroRio-Acqua-rotated-e1608537746961-768x1024.jpg 768w\" sizes=\"(max-width: 225px) 100vw, 225px\" \/><\/div><div class=\"w-gallery-item-meta\"><div class=\"w-gallery-item-title\">Botro al Rio<\/div><\/div><\/a><a class=\"w-gallery-item order_4\" href=\"https:\/\/valdicecinaoutdoor.it\/wp-content\/uploads\/2020\/11\/018-ok-1.jpg\" title=\"Cecina-Fluss\"><div class=\"w-gallery-item-img\"><img width=\"300\" height=\"225\" src=\"https:\/\/valdicecinaoutdoor.it\/wp-content\/uploads\/2020\/11\/018-ok-1.jpg\" class=\"attachment-medium size-medium\" alt=\"\" loading=\"lazy\" srcset=\"https:\/\/valdicecinaoutdoor.it\/wp-content\/uploads\/2020\/11\/018-ok-1.jpg 1080w, https:\/\/valdicecinaoutdoor.it\/wp-content\/uploads\/2020\/11\/018-ok-1-1024x768.jpg 1024w\" sizes=\"(max-width: 300px) 100vw, 300px\" \/><\/div><div class=\"w-gallery-item-meta\"><div class=\"w-gallery-item-title\">Cecina-Fluss<\/div><\/div><\/a><a class=\"w-gallery-item order_5\" href=\"https:\/\/valdicecinaoutdoor.it\/wp-content\/uploads\/2020\/09\/4-Botro-al-Fico-3-2.jpg\" title=\"Botro al Fico\"><div class=\"w-gallery-item-img\"><img width=\"300\" height=\"215\" src=\"https:\/\/valdicecinaoutdoor.it\/wp-content\/uploads\/2020\/09\/4-Botro-al-Fico-3-2.jpg\" class=\"attachment-medium size-medium\" alt=\"\" loading=\"lazy\" srcset=\"https:\/\/valdicecinaoutdoor.it\/wp-content\/uploads\/2020\/09\/4-Botro-al-Fico-3-2.jpg 1200w, https:\/\/valdicecinaoutdoor.it\/wp-content\/uploads\/2020\/09\/4-Botro-al-Fico-3-2-1024x732.jpg 1024w\" sizes=\"(max-width: 300px) 100vw, 300px\" \/><\/div><div class=\"w-gallery-item-meta\"><div class=\"w-gallery-item-title\">Botro al Fico<\/div><\/div><\/a><a class=\"w-gallery-item order_6\" href=\"https:\/\/valdicecinaoutdoor.it\/wp-content\/uploads\/2020\/09\/IMG_9875-2.jpg\" title=\"Aufstieg zum Flussbett der Cecina\"><div class=\"w-gallery-item-img\"><img width=\"300\" height=\"200\" src=\"https:\/\/valdicecinaoutdoor.it\/wp-content\/uploads\/2020\/09\/IMG_9875-2.jpg\" class=\"attachment-medium size-medium\" alt=\"\" loading=\"lazy\" srcset=\"https:\/\/valdicecinaoutdoor.it\/wp-content\/uploads\/2020\/09\/IMG_9875-2.jpg 1080w, https:\/\/valdicecinaoutdoor.it\/wp-content\/uploads\/2020\/09\/IMG_9875-2-1024x683.jpg 1024w\" sizes=\"(max-width: 300px) 100vw, 300px\" \/><\/div><div class=\"w-gallery-item-meta\"><div class=\"w-gallery-item-title\">Aufstieg zum Flussbett der Cecina<\/div><\/div><\/a><a class=\"w-gallery-item order_7\" href=\"https:\/\/valdicecinaoutdoor.it\/wp-content\/uploads\/2020\/11\/IMG_9354-ok.jpg\" title=\"\"><div class=\"w-gallery-item-img\"><img width=\"300\" height=\"200\" src=\"https:\/\/valdicecinaoutdoor.it\/wp-content\/uploads\/2020\/11\/IMG_9354-ok.jpg\" class=\"attachment-medium size-medium\" alt=\"\" loading=\"lazy\" srcset=\"https:\/\/valdicecinaoutdoor.it\/wp-content\/uploads\/2020\/11\/IMG_9354-ok.jpg 1080w, https:\/\/valdicecinaoutdoor.it\/wp-content\/uploads\/2020\/11\/IMG_9354-ok-1024x683.jpg 1024w\" sizes=\"(max-width: 300px) 100vw, 300px\" \/><\/div><div class=\"w-gallery-item-meta\"><\/div><\/a><a class=\"w-gallery-item order_8\" href=\"https:\/\/valdicecinaoutdoor.it\/wp-content\/uploads\/2020\/09\/1_Cecina-Masso-Fanciulle-dintorni-2.jpg\" title=\"Masso delle Fanciulle\"><div class=\"w-gallery-item-img\"><img width=\"300\" height=\"201\" src=\"https:\/\/valdicecinaoutdoor.it\/wp-content\/uploads\/2020\/09\/1_Cecina-Masso-Fanciulle-dintorni-2.jpg\" class=\"attachment-medium size-medium\" alt=\"\" loading=\"lazy\" srcset=\"https:\/\/valdicecinaoutdoor.it\/wp-content\/uploads\/2020\/09\/1_Cecina-Masso-Fanciulle-dintorni-2.jpg 1200w, https:\/\/valdicecinaoutdoor.it\/wp-content\/uploads\/2020\/09\/1_Cecina-Masso-Fanciulle-dintorni-2-1024x684.jpg 1024w\" sizes=\"(max-width: 300px) 100vw, 300px\" \/><\/div><div class=\"w-gallery-item-meta\"><div class=\"w-gallery-item-title\">Masso delle Fanciulle<\/div><\/div><\/a><a class=\"w-gallery-item order_9\" href=\"https:\/\/valdicecinaoutdoor.it\/wp-content\/uploads\/2020\/09\/MBAX6160-1-2.jpg\" title=\"Pavone Strom\"><div class=\"w-gallery-item-img\"><img width=\"300\" height=\"225\" src=\"https:\/\/valdicecinaoutdoor.it\/wp-content\/uploads\/2020\/09\/MBAX6160-1-2.jpg\" class=\"attachment-medium size-medium\" alt=\"\" loading=\"lazy\" srcset=\"https:\/\/valdicecinaoutdoor.it\/wp-content\/uploads\/2020\/09\/MBAX6160-1-2.jpg 1280w, https:\/\/valdicecinaoutdoor.it\/wp-content\/uploads\/2020\/09\/MBAX6160-1-2-1024x768.jpg 1024w\" sizes=\"(max-width: 300px) 100vw, 300px\" \/><\/div><div class=\"w-gallery-item-meta\"><div class=\"w-gallery-item-title\">Pavone Strom<\/div><\/div><\/a><a class=\"w-gallery-item order_10\" href=\"https:\/\/valdicecinaoutdoor.it\/wp-content\/uploads\/2020\/11\/5-Masso-delle-Fanciulle-2.jpg\" title=\"Masso delle Fanciulle\"><div class=\"w-gallery-item-img\"><img width=\"300\" height=\"221\" src=\"https:\/\/valdicecinaoutdoor.it\/wp-content\/uploads\/2020\/11\/5-Masso-delle-Fanciulle-2.jpg\" class=\"attachment-medium size-medium\" alt=\"\" loading=\"lazy\" srcset=\"https:\/\/valdicecinaoutdoor.it\/wp-content\/uploads\/2020\/11\/5-Masso-delle-Fanciulle-2.jpg 1200w, https:\/\/valdicecinaoutdoor.it\/wp-content\/uploads\/2020\/11\/5-Masso-delle-Fanciulle-2-1024x754.jpg 1024w\" sizes=\"(max-width: 300px) 100vw, 300px\" \/><\/div><div class=\"w-gallery-item-meta\"><div class=\"w-gallery-item-title\">Masso delle Fanciulle<\/div><\/div><\/a><\/div><\/div>\n<p>&nbsp;<\/p>\n<p>        <h3>The tracks of <strong>Riserva Naturale Berignone<\/strong><\/h3>\n        <p>1 - <a href='https:\/\/valdicecinaoutdoor.it\/de\/track\/landschaften-burgen-und-fluesse-zwischen-pomarance-und-dem-naturschutzgebiet-berignone-variante\/' target='_blank'>Landschaften, Burgen und Fl\u00fcsse zwischen Pomarance und dem Naturschutzgebiet Berignone - Variante<\/a><\/p><p>2 - <a href='https:\/\/valdicecinaoutdoor.it\/de\/track\/landschaften-burgen-und-fluesse-zwischen-pomarance-und-dem-naturschutzgebiet-berignone\/' target='_blank'>Landschaften, Burgen und Fl\u00fcsse zwischen Pomarance und dem Naturschutzgebiet Berignone<\/a><\/p><p>3 - <a href='https:\/\/valdicecinaoutdoor.it\/de\/track\/radtour-durch-das-naturschutzgebiet-berignone-und-tatti\/' target='_blank'>Radtour durch das Naturschutzgebiet Berignone und Tatti<\/a><\/p><p>4 - <a href='https:\/\/valdicecinaoutdoor.it\/de\/track\/toller-wanderring-der-rio-schlucht\/' target='_blank'>Toller Wanderring der Rio-Schlucht<\/a><\/p><p>5 - <a href='https:\/\/valdicecinaoutdoor.it\/de\/track\/il-castello-dei-vescovi-das-schloss-der-bischoefe\/' target='_blank'>Il Castello dei Vescovi (Das Schloss der Bisch\u00f6fe)<\/a><\/p><p>6 - <a href='https:\/\/valdicecinaoutdoor.it\/de\/track\/die-nordhange-des-monte-soldano\/' target='_blank'>Die Nordh\u00e4nge des Monte Soldano<\/a><\/p><\/p>\n<\/div><\/div><\/div><div class=\"w-popup-closer\" style=\"background:#ffffff;color:var(--color-content-text);\"><\/div><\/div><\/div><\/div><\/div><\/div><div class=\"w-tabs-section\" id=\"1603809729733-3caf0989-a7ba\"><button aria-controls=\"content-1603809729733-3caf0989-a7ba\" class=\"w-tabs-section-header\"><div class=\"w-tabs-section-header-h\"><div class=\"w-tabs-section-title\">Die Zeichen des Menschen<\/div><div class=\"w-tabs-section-control\"><\/div><\/div><\/button><div class=\"w-tabs-section-content\" id=\"content-1603809729733-3caf0989-a7ba\" aria-expanded=\"false\"><div class=\"w-tabs-section-content-h i-cf\"><div class=\"wpb_text_column\" ><div class=\"wpb_wrapper\"><p>Die \u00fcppigen W\u00e4lder von Berignone und Tatti verbergen heute ruhige Orte, an denen man stundenlang ungest\u00f6rt spazieren gehen kann, aber sie erz\u00e4hlen auch von einer Vergangenheit, in der der Mensch in Verbindung mit <strong>forstwirtschaftlichen Aktivit\u00e4ten<\/strong>, wie dem regelm\u00e4\u00dfigen Abholzen des Waldes zur Gewinnung von Holzkohle und Holz (Niederwald), und in einigen F\u00e4llen auch mit der Weidehaltung des Viehs in der freien Natur, sehr aktiv war. <strong>Vom sp\u00e4ten Mittelalter bis zur Mitte des 19. Jahrhunderts wurden diese W\u00e4lder intensiv genutzt, um die Kessel der Salinen von Volterra mit Brennholz zu versorgen<\/strong>; die zahlreichen, \u00fcber das gesamte Naturschutzgebiet verstreuten ehemaligen Holzkohle\u00f6fen und die ebenfalls durchgef\u00fchrte didaktische Rekonstruktion entlang des La Venella-Pfades erinnern an diese T\u00e4tigkeit, die Anfang der 1960er Jahre eingestellt wurde. <strong>Heute zeugen die wenigen, der Natur entrissenen Ackerfl\u00e4chen, die alten, gewundenen Olivenb\u00e4ume, die Aufforstungen mit Kiefern und die zahlreichen verstreuten Bauernh\u00f6fe (Il Pino, Poggio Casinieri, Capannone, Caprareccia usw.) von der jahrhundertelangen Anwesenheit flei\u00dfiger Teilp\u00e4chterfamilien<\/strong>. Faszinierend ist auch die Geschichte einer gro\u00dfherzoglichen Brennerei auf dem Landgut Caprareccia, wo Mitte des 19. <strong>Jahrhunderts Gin<\/strong> aus Wacholderbeeren und Arbutuslik\u00f6r hergestellt wurde, der in ganz Europa f\u00fcr seine Qualit\u00e4t bekannt war.<\/p>\n<p>Weniger weit verbreitet als in Monterufoli waren die <strong>Bergbauaktivit\u00e4ten<\/strong> in der ersten H\u00e4lfte des 20. Jahrhunderts im Wesentlichen auf die Gewinnung von <strong>Braunkohle<\/strong> ausgerichtet, wovon noch Spuren in einem Verladehof an der Stra\u00dfe, die heute durch den Wald von Tatti f\u00fchrt, erhalten sind.<\/p>\n<p><strong>Das wichtigste Zeugnis der jahrhundertelangen menschlichen Anwesenheit sind jedoch sicherlich die \u00dcberreste der &#8220;Torraccia&#8221;, der Burg der Bisch\u00f6fe von Berignone aus dem 10. Jahrhundert,<\/strong> die auf einem hohen Felsvorsprung (231 m) \u00fcber dem Zusammenfluss des Botro al Rio und des Torrente Sellate liegt und noch heute die Erinnerung an die langwierigen und heftigen mittelalterlichen Auseinandersetzungen zwischen den Bisch\u00f6fen und der Gemeinde Volterra wach h\u00e4lt. Als Hochburg der Bisch\u00f6fe von Volterra spielte sie eine wichtige Rolle bei der Kontrolle einer strategischen Route f\u00fcr den Transport von Metallen, Silber und Kupfer, vom oberen Cecina-Tal nach Volterra. Nach dem Jahr 1000 wurde von hier aus Recht gesprochen und d<strong>ie W\u00e4hrung von Volterra, der &#8220;Grosso&#8221;<\/strong>, gepr\u00e4gt. Die mehrfach zerst\u00f6rte und wieder aufgebaute Burg fand ihren wichtigsten Kern im Cassero, dem Sitz der bisch\u00f6flichen Residenz. Die von zwei Mauern gesch\u00fctzte Burg beherbergte auch eine Kirche, die dem heiligen Michael geweiht war, und ein Krankenhaus, das m\u00f6glicherweise dem heiligen Antonius geweiht und als &#8220;Krankenhaus der Armen&#8221; bekannt war. Auch die <strong>Partisanen der Dritten Garibaldi-Brigade<\/strong>, die sich im November 1943 im Val di Cecina formierten, w\u00e4hlten diese einsame Burg als ihr Hauptquartier.<\/p>\n<\/div><\/div><div class=\"w-popup us_custom_72c0874f align_center wm-riserve-popup\"><div class=\"w-btn-wrapper\"><a class=\"w-popup-trigger type_btn w-btn us-btn-style_7\" href=\"javascript:void(0)\"><span class=\"w-btn-label\">Geht weiter<\/span><\/a><\/div><div class=\"w-popup-overlay\" style=\"background:rgba(0,0,0,0.5);\"><\/div><div class=\"w-popup-wrap\"><div class=\"w-popup-box animation_fadeIn with_title\" style=\"border-radius:0 10px 10px 10px;width:95%;\"><div class=\"w-popup-box-h\"><div class=\"w-popup-box-title\" style=\"color:var(--color-content-heading);background:#ffffff;\">Die Zeichen des Menschen<\/div><div class=\"w-popup-box-content\" style=\"padding:20px 2% 50px 2%;background:#ffffff;color:var(--color-content-text);\"><p>Die \u00fcppigen W\u00e4lder von Berignone und Tatti verbergen heute ruhige Orte, an denen man stundenlang ungest\u00f6rt spazieren gehen kann, aber sie erz\u00e4hlen auch von einer Vergangenheit, in der der Mensch in Verbindung mit <strong>forstwirtschaftlichen Aktivit\u00e4ten<\/strong>, wie dem regelm\u00e4\u00dfigen Abholzen des Waldes zur Gewinnung von Holzkohle und Holz (Niederwald), und in einigen F\u00e4llen auch mit der Weidehaltung des Viehs in der freien Natur, sehr aktiv war. <strong>Vom sp\u00e4ten Mittelalter bis zur Mitte des 19. Jahrhunderts wurden diese W\u00e4lder intensiv genutzt, um die Kessel der Salinen von Volterra mit Brennholz zu versorgen<\/strong>; die zahlreichen, \u00fcber das gesamte Naturschutzgebiet verstreuten ehemaligen Holzkohle\u00f6fen und die ebenfalls durchgef\u00fchrte didaktische Rekonstruktion entlang des La Venella-Pfades erinnern an diese T\u00e4tigkeit, die Anfang der 1960er Jahre eingestellt wurde. <strong>Heute zeugen die wenigen, der Natur entrissenen Ackerfl\u00e4chen, die alten, gewundenen Olivenb\u00e4ume, die Aufforstungen mit Kiefern und die zahlreichen verstreuten Bauernh\u00f6fe (Il Pino, Poggio Casinieri, Capannone, Caprareccia usw.) von der jahrhundertelangen Anwesenheit flei\u00dfiger Teilp\u00e4chterfamilien<\/strong>. Faszinierend ist auch die Geschichte einer gro\u00dfherzoglichen Brennerei auf dem Landgut Caprareccia, wo Mitte des 19. <strong>Jahrhunderts Gin<\/strong> aus Wacholderbeeren und Arbutuslik\u00f6r hergestellt wurde, der in ganz Europa f\u00fcr seine Qualit\u00e4t bekannt war.<\/p>\n<p>Weniger weit verbreitet als in Monterufoli waren die <strong>Bergbauaktivit\u00e4ten<\/strong> in der ersten H\u00e4lfte des 20. Jahrhunderts im Wesentlichen auf die Gewinnung von <strong>Braunkohle<\/strong> ausgerichtet, wovon noch Spuren in einem Verladehof an der Stra\u00dfe, die heute durch den Wald von Tatti f\u00fchrt, erhalten sind.<\/p>\n<p><strong>Das wichtigste Zeugnis der jahrhundertelangen menschlichen Anwesenheit sind jedoch sicherlich die \u00dcberreste der &#8220;Torraccia&#8221;, der Burg der Bisch\u00f6fe von Berignone aus dem 10. Jahrhundert,<\/strong> die auf einem hohen Felsvorsprung (231 m) \u00fcber dem Zusammenfluss des Botro al Rio und des Torrente Sellate liegt und noch heute die Erinnerung an die langwierigen und heftigen mittelalterlichen Auseinandersetzungen zwischen den Bisch\u00f6fen und der Gemeinde Volterra wach h\u00e4lt. Als Hochburg der Bisch\u00f6fe von Volterra spielte sie eine wichtige Rolle bei der Kontrolle einer strategischen Route f\u00fcr den Transport von Metallen, Silber und Kupfer, vom oberen Cecina-Tal nach Volterra. Nach dem Jahr 1000 wurde von hier aus Recht gesprochen und d<strong>ie W\u00e4hrung von Volterra, der &#8220;Grosso&#8221;<\/strong>, gepr\u00e4gt. Die mehrfach zerst\u00f6rte und wieder aufgebaute Burg fand ihren wichtigsten Kern im Cassero, dem Sitz der bisch\u00f6flichen Residenz. Die von zwei Mauern gesch\u00fctzte Burg beherbergte auch eine Kirche, die dem heiligen Michael geweiht war, und ein Krankenhaus, das m\u00f6glicherweise dem heiligen Antonius geweiht und als &#8220;Krankenhaus der Armen&#8221; bekannt war. Auch die <strong>Partisanen der Dritten Garibaldi-Brigade<\/strong>, die sich im November 1943 im Val di Cecina formierten, w\u00e4hlten diese einsame Burg als ihr Hauptquartier.<\/p>\n<div class=\"w-gallery cols_4 link_file with_meta with_indents\"><div class=\"w-gallery-list\"><a class=\"w-gallery-item order_1\" href=\"https:\/\/valdicecinaoutdoor.it\/wp-content\/uploads\/2020\/09\/DSCN1649b-ok-rip-1.jpg\" title=\"Castello dei Vescovi\"><div class=\"w-gallery-item-img\"><img width=\"300\" height=\"225\" src=\"https:\/\/valdicecinaoutdoor.it\/wp-content\/uploads\/2020\/09\/DSCN1649b-ok-rip-1-300x225.jpg\" class=\"attachment-medium size-medium\" alt=\"\" loading=\"lazy\" srcset=\"https:\/\/valdicecinaoutdoor.it\/wp-content\/uploads\/2020\/09\/DSCN1649b-ok-rip-1-300x225.jpg 300w, https:\/\/valdicecinaoutdoor.it\/wp-content\/uploads\/2020\/09\/DSCN1649b-ok-rip-1-1024x768.jpg 1024w, https:\/\/valdicecinaoutdoor.it\/wp-content\/uploads\/2020\/09\/DSCN1649b-ok-rip-1.jpg 1080w\" sizes=\"(max-width: 300px) 100vw, 300px\" \/><\/div><div class=\"w-gallery-item-meta\"><div class=\"w-gallery-item-title\">Castello dei Vescovi<\/div><\/div><\/a><a class=\"w-gallery-item order_2\" href=\"https:\/\/valdicecinaoutdoor.it\/wp-content\/uploads\/2020\/09\/3-Capannone-4.jpg\" title=\"Bauernhof Capannone\"><div class=\"w-gallery-item-img\"><img width=\"300\" height=\"201\" src=\"https:\/\/valdicecinaoutdoor.it\/wp-content\/uploads\/2020\/09\/3-Capannone-4.jpg\" class=\"attachment-medium size-medium\" alt=\"\" loading=\"lazy\" srcset=\"https:\/\/valdicecinaoutdoor.it\/wp-content\/uploads\/2020\/09\/3-Capannone-4.jpg 1200w, https:\/\/valdicecinaoutdoor.it\/wp-content\/uploads\/2020\/09\/3-Capannone-4-1024x684.jpg 1024w\" sizes=\"(max-width: 300px) 100vw, 300px\" \/><\/div><div class=\"w-gallery-item-meta\"><div class=\"w-gallery-item-title\">Bauernhof Capannone<\/div><\/div><\/a><a class=\"w-gallery-item order_3\" href=\"https:\/\/valdicecinaoutdoor.it\/wp-content\/uploads\/2020\/09\/SIR-berignone-ok-rip-1.jpg\" title=\"Die Landschaft um Berignone\"><div class=\"w-gallery-item-img\"><img width=\"300\" height=\"200\" src=\"https:\/\/valdicecinaoutdoor.it\/wp-content\/uploads\/2020\/09\/SIR-berignone-ok-rip-1.jpg\" class=\"attachment-medium size-medium\" alt=\"\" loading=\"lazy\" srcset=\"https:\/\/valdicecinaoutdoor.it\/wp-content\/uploads\/2020\/09\/SIR-berignone-ok-rip-1.jpg 1080w, https:\/\/valdicecinaoutdoor.it\/wp-content\/uploads\/2020\/09\/SIR-berignone-ok-rip-1-1024x683.jpg 1024w\" sizes=\"(max-width: 300px) 100vw, 300px\" \/><\/div><div class=\"w-gallery-item-meta\"><div class=\"w-gallery-item-title\">Die Landschaft um Berignone<\/div><\/div><\/a><a class=\"w-gallery-item order_4\" href=\"https:\/\/valdicecinaoutdoor.it\/wp-content\/uploads\/2020\/09\/6-Abetina-Venelle-2.jpg\" title=\"Wiederaufforstung von Nadelb\u00e4umen in Venella\"><div class=\"w-gallery-item-img\"><img width=\"300\" height=\"220\" src=\"https:\/\/valdicecinaoutdoor.it\/wp-content\/uploads\/2020\/09\/6-Abetina-Venelle-2.jpg\" class=\"attachment-medium size-medium\" alt=\"\" loading=\"lazy\" srcset=\"https:\/\/valdicecinaoutdoor.it\/wp-content\/uploads\/2020\/09\/6-Abetina-Venelle-2.jpg 1200w, https:\/\/valdicecinaoutdoor.it\/wp-content\/uploads\/2020\/09\/6-Abetina-Venelle-2-1024x752.jpg 1024w\" sizes=\"(max-width: 300px) 100vw, 300px\" \/><\/div><div class=\"w-gallery-item-meta\"><div class=\"w-gallery-item-title\">Wiederaufforstung von Nadelb\u00e4umen in Venella<\/div><\/div><\/a><a class=\"w-gallery-item order_5\" href=\"https:\/\/valdicecinaoutdoor.it\/wp-content\/uploads\/2020\/09\/6-castello-Vescovi-2.jpg\" title=\"Castello dei Vescovi\"><div class=\"w-gallery-item-img\"><img width=\"300\" height=\"200\" src=\"https:\/\/valdicecinaoutdoor.it\/wp-content\/uploads\/2020\/09\/6-castello-Vescovi-2.jpg\" class=\"attachment-medium size-medium\" alt=\"\" loading=\"lazy\" srcset=\"https:\/\/valdicecinaoutdoor.it\/wp-content\/uploads\/2020\/09\/6-castello-Vescovi-2.jpg 1200w, https:\/\/valdicecinaoutdoor.it\/wp-content\/uploads\/2020\/09\/6-castello-Vescovi-2-1024x683.jpg 1024w\" sizes=\"(max-width: 300px) 100vw, 300px\" \/><\/div><div class=\"w-gallery-item-meta\"><div class=\"w-gallery-item-title\">Castello dei Vescovi<\/div><\/div><\/a><a class=\"w-gallery-item order_6\" href=\"https:\/\/valdicecinaoutdoor.it\/wp-content\/uploads\/2020\/09\/caprareccia-ok-1.jpg\" title=\"Bauernhof Caprareccia\"><div class=\"w-gallery-item-img\"><img width=\"300\" height=\"200\" src=\"https:\/\/valdicecinaoutdoor.it\/wp-content\/uploads\/2020\/09\/caprareccia-ok-1.jpg\" class=\"attachment-medium size-medium\" alt=\"\" loading=\"lazy\" srcset=\"https:\/\/valdicecinaoutdoor.it\/wp-content\/uploads\/2020\/09\/caprareccia-ok-1.jpg 1080w, https:\/\/valdicecinaoutdoor.it\/wp-content\/uploads\/2020\/09\/caprareccia-ok-1-1024x683.jpg 1024w\" sizes=\"(max-width: 300px) 100vw, 300px\" \/><\/div><div class=\"w-gallery-item-meta\"><div class=\"w-gallery-item-title\">Bauernhof Caprareccia<\/div><\/div><\/a><a class=\"w-gallery-item order_7\" href=\"https:\/\/valdicecinaoutdoor.it\/wp-content\/uploads\/2020\/09\/La-Venella7-ok-rip-3.jpg\" title=\"Rekonstruktion der K\u00f6hlerh\u00fctte in Venella\"><div class=\"w-gallery-item-img\"><img width=\"300\" height=\"169\" src=\"https:\/\/valdicecinaoutdoor.it\/wp-content\/uploads\/2020\/09\/La-Venella7-ok-rip-3.jpg\" class=\"attachment-medium size-medium\" alt=\"\" loading=\"lazy\" srcset=\"https:\/\/valdicecinaoutdoor.it\/wp-content\/uploads\/2020\/09\/La-Venella7-ok-rip-3.jpg 1080w, https:\/\/valdicecinaoutdoor.it\/wp-content\/uploads\/2020\/09\/La-Venella7-ok-rip-3-1024x576.jpg 1024w\" sizes=\"(max-width: 300px) 100vw, 300px\" \/><\/div><div class=\"w-gallery-item-meta\"><div class=\"w-gallery-item-title\">Rekonstruktion der K\u00f6hlerh\u00fctte in Venella<\/div><\/div><\/a><a class=\"w-gallery-item order_8\" href=\"https:\/\/valdicecinaoutdoor.it\/wp-content\/uploads\/2020\/12\/castello-vescovi-torraccia.jpg\" title=\"Castello dei Vescovi o &quot;Torraccia&quot;\"><div class=\"w-gallery-item-img\"><img width=\"300\" height=\"225\" src=\"https:\/\/valdicecinaoutdoor.it\/wp-content\/uploads\/2020\/12\/castello-vescovi-torraccia.jpg\" class=\"attachment-medium size-medium\" alt=\"\" loading=\"lazy\" srcset=\"https:\/\/valdicecinaoutdoor.it\/wp-content\/uploads\/2020\/12\/castello-vescovi-torraccia.jpg 1080w, https:\/\/valdicecinaoutdoor.it\/wp-content\/uploads\/2020\/12\/castello-vescovi-torraccia-1024x768.jpg 1024w\" sizes=\"(max-width: 300px) 100vw, 300px\" \/><\/div><div class=\"w-gallery-item-meta\"><div class=\"w-gallery-item-title\">Castello dei Vescovi o \"Torraccia\"<\/div><\/div><\/a><\/div><\/div>\n<p>&nbsp;<\/p>\n<p>        <h3>The tracks of <strong>Riserva Naturale Berignone<\/strong><\/h3>\n        <p>1 - <a href='https:\/\/valdicecinaoutdoor.it\/de\/track\/landschaften-burgen-und-fluesse-zwischen-pomarance-und-dem-naturschutzgebiet-berignone-variante\/' target='_blank'>Landschaften, Burgen und Fl\u00fcsse zwischen Pomarance und dem Naturschutzgebiet Berignone - Variante<\/a><\/p><p>2 - <a href='https:\/\/valdicecinaoutdoor.it\/de\/track\/landschaften-burgen-und-fluesse-zwischen-pomarance-und-dem-naturschutzgebiet-berignone\/' target='_blank'>Landschaften, Burgen und Fl\u00fcsse zwischen Pomarance und dem Naturschutzgebiet Berignone<\/a><\/p><p>3 - <a href='https:\/\/valdicecinaoutdoor.it\/de\/track\/radtour-durch-das-naturschutzgebiet-berignone-und-tatti\/' target='_blank'>Radtour durch das Naturschutzgebiet Berignone und Tatti<\/a><\/p><p>4 - <a href='https:\/\/valdicecinaoutdoor.it\/de\/track\/toller-wanderring-der-rio-schlucht\/' target='_blank'>Toller Wanderring der Rio-Schlucht<\/a><\/p><p>5 - <a href='https:\/\/valdicecinaoutdoor.it\/de\/track\/il-castello-dei-vescovi-das-schloss-der-bischoefe\/' target='_blank'>Il Castello dei Vescovi (Das Schloss der Bisch\u00f6fe)<\/a><\/p><p>6 - <a href='https:\/\/valdicecinaoutdoor.it\/de\/track\/die-nordhange-des-monte-soldano\/' target='_blank'>Die Nordh\u00e4nge des Monte Soldano<\/a><\/p><\/p>\n<\/div><\/div><\/div><div class=\"w-popup-closer\" style=\"background:#ffffff;color:var(--color-content-text);\"><\/div><\/div><\/div><\/div><\/div><\/div><\/div><\/div><\/div><\/div><\/div><\/div><\/div><\/div><\/section><section class=\"l-section wpb_row us_custom_02fcff39 height_small\"><div class=\"l-section-h i-cf\"><div class=\"g-cols vc_row type_default valign_top\"><div class=\"vc_col-sm-12 wpb_column vc_column_container\"><div class=\"vc_column-inner\"><div class=\"wpb_wrapper\"><div class=\"w-separator us_custom_eeb5604a size_small wm-separator-with-85 with_line width_50 thick_1 style_solid color_secondary align_center\"><div class=\"w-separator-h\"><\/div><\/div>[vc_custom_heading text=&#8221;<strong>BESICHTIGUNG DES RESERVATS<\/strong> Hauptzugangsstellen&#8221; font_container=&#8221;tag:h3|text_align:center&#8221; use_theme_fonts=&#8221;yes&#8221; css=&#8221;%7B%22default%22%3A%7B%22color%22%3A%22%2349341D%22%2C%22font-weight%22%3A%22400%22%2C%22font-size%22%3A%2224px%22%2C%22padding-left%22%3A%220%22%2C%22padding-top%22%3A%220%22%2C%22padding-bottom%22%3A%220%22%2C%22padding-right%22%3A%220%22%7D%7D&#8221;]<div class=\"w-grid type_grid layout_4248 cols_4 ratio_2x3\" id=\"us_grid_1\"><style id=\"us_grid_1_css\">#us_grid_1 .w-grid-item{padding:10px}#us_grid_1 .w-grid-list{margin:-10px}.w-grid + #us_grid_1 .w-grid-list{margin-top:10px}@media (max-width:1199px){#us_grid_1 .w-grid-item{width:33.3333%}#us_grid_1 .w-grid-item.size_2x1,#us_grid_1 .w-grid-item.size_2x2{width:66.6667%}}@media (max-width:959px){#us_grid_1 .w-grid-item{width:50.0000%}#us_grid_1 .w-grid-item.size_2x1,#us_grid_1 .w-grid-item.size_2x2{width:100.0000%}}@media (max-width:599px){#us_grid_1 .w-grid-list{margin:0}#us_grid_1 .w-grid-item{width:100.0000%;padding:0;margin-bottom:10px}}<\/style><style>.layout_4248 .w-grid-item-h:before{padding-bottom:150.0000%}@media (min-width:600px){.layout_4248 .w-grid-item.size_1x2 .w-grid-item-h:before{padding-bottom:calc(300.0000% + 10px + 10px)}.layout_4248 .w-grid-item.size_2x1 .w-grid-item-h:before{padding-bottom:calc(75.0000% - 10px * 1.5000)}.layout_4248 .w-grid-item.size_2x2 .w-grid-item-h:before{padding-bottom:calc(150.0000% - 10px * 1)}}.layout_4248 .w-grid-item-h{}.layout_4248 .usg_post_image_1{transition-duration:0.4s;transform-origin:50% 50%;transform:scale(1) translate(0%,0%)}.layout_4248 .w-grid-item-h:hover .usg_post_image_1{transform:scale(1) translate(0%,0%);opacity:1}.layout_4248 .usg_vwrapper_1{transition-duration:0.3s;transform-origin:50% 50%;transform:scale(1) translate(0%,0%)}.layout_4248 .w-grid-item-h:hover .usg_vwrapper_1{transform:scale(1) translate(0%,0%);opacity:1;background:rgba(73,52,29,0.90)!important}.layout_4248 .usg_post_title_1{transition-duration:0.3s;transform-origin:50% 50%;transform:scale(1) translate(0%,0%)}.layout_4248 .w-grid-item-h:hover .usg_post_title_1{transform:scale(1) translate(0%,0%);opacity:1}.layout_4248 .usg_btn_1{transition-duration:0.3s;transform-origin:50% 50%;transform:scale(1) translate(0%,0%);opacity:0}.layout_4248 .w-grid-item-h:hover .usg_btn_1{transform:scale(1) translate(0%,0%);opacity:1}.layout_4248 .usg_post_image_1{position:absolute!important;left:0!important;top:0!important;bottom:0!important;right:0!important}.layout_4248 .usg_vwrapper_1{position:absolute!important;left:0!important;top:0!important;bottom:0!important;right:0!important;padding:2rem!important;background:rgba(73,52,29,0.60)!important}.layout_4248 .usg_post_title_1{color:#ffffff!important;font-size:1.4rem!important}.layout_4248 .usg_btn_1{border:1px solid #ffffff!important}<\/style><div class=\"w-grid-list\" ><\/div><div class=\"w-grid-preloader\"><div class=\"g-preloader type_1\">\r\n\t<div><\/div>\r\n<\/div>\r\n<\/div>\t<div class=\"w-grid-json hidden\" onclick='return {&quot;action&quot;:&quot;us_ajax_grid&quot;,&quot;ajax_url&quot;:&quot;https:\\\/\\\/valdicecinaoutdoor.it\\\/wp-admin\\\/admin-ajax.php&quot;,&quot;infinite_scroll&quot;:0,&quot;max_num_pages&quot;:0,&quot;pagination&quot;:&quot;none&quot;,&quot;permalink_url&quot;:&quot;https:\\\/\\\/valdicecinaoutdoor.it\\\/de\\\/wp-json\\\/wp\\\/v2\\\/pages\\\/14956\\\/&quot;,&quot;template_vars&quot;:{&quot;columns&quot;:&quot;4&quot;,&quot;exclude_items&quot;:&quot;none&quot;,&quot;img_size&quot;:&quot;default&quot;,&quot;ignore_items_size&quot;:false,&quot;items_layout&quot;:&quot;4248&quot;,&quot;items_offset&quot;:&quot;1&quot;,&quot;load_animation&quot;:&quot;none&quot;,&quot;overriding_link&quot;:&quot;none&quot;,&quot;post_id&quot;:14956,&quot;query_args&quot;:{&quot;ignore_sticky_posts&quot;:1,&quot;post_type&quot;:&quot;any&quot;,&quot;post__in&quot;:[&quot;4024&quot;,&quot;893&quot;,&quot;720&quot;,&quot;876&quot;],&quot;posts_per_page&quot;:&quot;4&quot;},&quot;orderby_query_args&quot;:{&quot;orderby&quot;:{&quot;menu_order&quot;:&quot;ASC&quot;},&quot;order&quot;:&quot;ASC&quot;},&quot;type&quot;:&quot;grid&quot;,&quot;us_grid_ajax_index&quot;:1,&quot;us_grid_filter_params&quot;:null,&quot;us_grid_index&quot;:1,&quot;_us_grid_post_type&quot;:&quot;ids&quot;,&quot;lang&quot;:&quot;de&quot;}}'><\/div>\r\n\t<h4 class=\"w-grid-none\">No results found.<\/h4><\/div><\/div><\/div><\/div><\/div><\/div><\/section><section class=\"l-section wpb_row us_custom_98abde2d height_small\"><div class=\"l-section-h i-cf\"><div class=\"g-cols vc_row type_default valign_top\"><div class=\"vc_col-sm-12 wpb_column vc_column_container wm-riserve-informazioni-column\"><div class=\"vc_column-inner\"><div class=\"wpb_wrapper\">[vc_custom_heading text=&#8221;Verwaltungsorgane von Naturreservaten&#8221; font_container=&#8221;tag:h3|text_align:left&#8221; use_theme_fonts=&#8221;yes&#8221; css=&#8221;%7B%22default%22%3A%7B%22color%22%3A%22%23c2c2c2%22%2C%22font-weight%22%3A%22300%22%2C%22font-size%22%3A%2230px%22%7D%7D&#8221;]<div class=\"g-cols wpb_row  type_default valign_top vc_inner\"><div class=\"vc_col-sm-6 wpb_column vc_column_container\"><div class=\"vc_column-inner\"><div class=\"wpb_wrapper\"><div class=\"w-iconbox iconpos_left style_default color_custom align_left no_title\"><div class=\"w-iconbox-icon\" style=\"font-size:20px;color:#D6021D;\"><i class=\"fas fa-map-marker-alt\"><\/i><\/div><div class=\"w-iconbox-meta\"><div class=\"w-iconbox-text\"><p><span style=\"font-weight: 400;\">Region Toskana &#8211; Amt f\u00fcr Natur- und Meeresschutz<\/span><\/p>\n<\/div><\/div><\/div><div class=\"w-iconbox us_custom_70d6db64 iconpos_left style_default color_custom align_left no_title has_text_color\"><div class=\"w-iconbox-icon\" style=\"font-size:20px;color:#D6021D;\"><i class=\"far fa-phone\"><\/i><\/div><div class=\"w-iconbox-meta\"><div class=\"w-iconbox-text\"><p><span style=\"font-weight: 400;\"><a href=\"tel:00390554386663\">+39 055 4386663<\/a><\/span><\/p>\n<\/div><\/div><\/div><div class=\"w-iconbox us_custom_d87a3ead iconpos_left style_default color_custom align_left no_title has_text_color\"><div class=\"w-iconbox-icon\" style=\"font-size:20px;color:#D6021D;\"><i class=\"fas fa-envelope\"><\/i><\/div><div class=\"w-iconbox-meta\"><div class=\"w-iconbox-text\"><p><a href=\"mailto:guido.iacono@regione.toscana.it\"><span style=\"font-weight: 400;\">guido.iacono@regione.toscana.it<\/span><\/a><\/p>\n<\/div><\/div><\/div><\/div><\/div><\/div><div class=\"vc_col-sm-6 wpb_column vc_column_container\"><div class=\"vc_column-inner\"><div class=\"wpb_wrapper\"><div class=\"w-iconbox iconpos_left style_default color_custom align_left no_title\"><div class=\"w-iconbox-icon\" style=\"font-size:20px;color:#D6021D;\"><i class=\"fas fa-map-marker-alt\"><\/i><\/div><div class=\"w-iconbox-meta\"><div class=\"w-iconbox-text\"><p><span style=\"font-weight: 400;\">Gebirgsvereinigung Alta Val di Cecina<\/span><\/p>\n<\/div><\/div><\/div><div class=\"w-iconbox us_custom_70d6db64 iconpos_left style_default color_custom align_left no_title has_text_color\"><div class=\"w-iconbox-icon\" style=\"font-size:20px;color:#D6021D;\"><i class=\"far fa-phone\"><\/i><\/div><div class=\"w-iconbox-meta\"><div class=\"w-iconbox-text\"><p><span style=\"font-weight: 400;\"><a href=\"tel:0039058862003\">+39 0588 62003<\/a><\/span><\/p>\n<\/div><\/div><\/div><div class=\"w-iconbox us_custom_d87a3ead iconpos_left style_default color_custom align_left no_title has_text_color\"><div class=\"w-iconbox-icon\" style=\"font-size:20px;color:#D6021D;\"><i class=\"fas fa-envelope\"><\/i><\/div><div class=\"w-iconbox-meta\"><div class=\"w-iconbox-text\"><p><span style=\"font-weight: 400;\"><a href=\"mailto:unionemontana@umavc.it\">unionemontana@umavc.it<\/a>\u00a0<\/span><\/p>\n<\/div><\/div><\/div><\/div><\/div><\/div><\/div>[vc_custom_heading text=&#8221;Informationen und Buchung von F\u00fchrungen&#8221; font_container=&#8221;tag:h3|text_align:left&#8221; use_theme_fonts=&#8221;yes&#8221; css=&#8221;%7B%22default%22%3A%7B%22color%22%3A%22%23c2c2c2%22%2C%22font-weight%22%3A%22300%22%2C%22font-size%22%3A%2230px%22%7D%7D&#8221;]<div class=\"g-cols wpb_row  type_default valign_top vc_inner\"><div class=\"vc_col-sm-6 wpb_column vc_column_container\"><div class=\"vc_column-inner\"><div class=\"wpb_wrapper\"><div class=\"w-iconbox iconpos_left style_default color_custom align_left no_title\"><div class=\"w-iconbox-icon\" style=\"font-size:20px;color:#D6021D;\"><i class=\"fas fa-map-marker-alt\"><\/i><\/div><div class=\"w-iconbox-meta\"><div class=\"w-iconbox-text\"><p><span style=\"font-weight: 400;\">Fremdenverkehrskonsortium Volterra Valdicecina <\/span><span style=\"font-weight: 400;\">Valdera<\/span><\/p>\n<\/div><\/div><\/div><div class=\"w-iconbox us_custom_43d836d8 iconpos_left style_default color_custom align_left no_title\"><div class=\"w-iconbox-icon\" style=\"font-size:20px;color:#D6021D;\"><i class=\"far fa-phone\"><\/i><\/div><div class=\"w-iconbox-meta\"><div class=\"w-iconbox-text\"><p><span style=\"font-weight: 400;\"><a href=\"tel:0039058886099\">+39 0588 86099<\/a><\/span><\/p>\n<\/div><\/div><\/div><div class=\"w-iconbox iconpos_left style_default color_custom align_left no_title\"><div class=\"w-iconbox-icon\" style=\"font-size:20px;color:#D6021D;\"><i class=\"fas fa-envelope\"><\/i><\/div><div class=\"w-iconbox-meta\"><div class=\"w-iconbox-text\"><p><span style=\"font-weight: 400;\"><a href=\"mailto:info@volterratur.it\">info@volterratur.it<\/a><\/span><\/p>\n<\/div><\/div><\/div><div class=\"w-iconbox iconpos_left style_default color_custom align_left no_title\"><div class=\"w-iconbox-icon\" style=\"font-size:20px;color:#D6021D;\"><i class=\"far fa-globe\"><\/i><\/div><div class=\"w-iconbox-meta\"><div class=\"w-iconbox-text\"><p><span style=\"font-weight: 400;\"><a href=\"http:\/\/www.volterratur.it\">www.volterratur.it<\/a><\/span><\/p>\n<\/div><\/div><\/div><\/div><\/div><\/div><div class=\"vc_col-sm-6 wpb_column vc_column_container\"><div class=\"vc_column-inner\"><div class=\"wpb_wrapper\"><div class=\"w-iconbox iconpos_left style_default color_custom align_left no_title\"><div class=\"w-iconbox-icon\" style=\"font-size:20px;color:#D6021D;\"><i class=\"fas fa-map-marker-alt\"><\/i><\/div><div class=\"w-iconbox-meta\"><div class=\"w-iconbox-text\"><p><span style=\"font-weight: 400;\">Mail Umweltbildungszentrum<\/span><\/p>\n<\/div><\/div><\/div><div class=\"w-iconbox iconpos_left style_default color_custom align_left no_title\"><div class=\"w-iconbox-icon\" style=\"font-size:20px;color:#D6021D;\"><i class=\"fas fa-envelope\"><\/i><\/div><div class=\"w-iconbox-meta\"><div class=\"w-iconbox-text\"><p><a href=\"mailto:cea.altavaldicecina@gmail.com\"><span style=\"font-weight: 400;\">cea.altavaldicecina@gmail.com<\/span><\/a><\/p>\n<\/div><\/div><\/div><div class=\"w-iconbox iconpos_left style_default color_custom align_left no_title\"><div class=\"w-iconbox-icon\" style=\"font-size:20px;color:#D6021D;\"><i class=\"far fa-globe\"><\/i><\/div><div class=\"w-iconbox-meta\"><div class=\"w-iconbox-text\"><p><a href=\"https:\/\/www.facebook.com\/CEAValdiCecina\">www.facebook.com\/CEAValdiCecina<\/a><\/p>\n<\/div><\/div><\/div><\/div><\/div><\/div><\/div>[vc_custom_heading text=&#8221;Aufenthalte im Umweltbildungszentrum des Naturparks Monterufoli-Caselli&#8221; font_container=&#8221;tag:h3|text_align:left&#8221; use_theme_fonts=&#8221;yes&#8221; css=&#8221;%7B%22default%22%3A%7B%22color%22%3A%22%23c2c2c2%22%2C%22font-weight%22%3A%22300%22%2C%22font-size%22%3A%2230px%22%7D%7D&#8221;]<div class=\"g-cols wpb_row  type_default valign_top vc_inner\"><div class=\"vc_col-sm-12 wpb_column vc_column_container\"><div class=\"vc_column-inner\"><div class=\"wpb_wrapper\"><div class=\"w-iconbox us_custom_43d836d8 iconpos_left style_default color_custom align_left no_title\"><div class=\"w-iconbox-icon\" style=\"font-size:20px;color:#D6021D;\"><i class=\"far fa-phone\"><\/i><\/div><div class=\"w-iconbox-meta\"><div class=\"w-iconbox-text\"><p><span style=\"font-weight: 400;\"><a href=\"tel:0039391490251\">+39 391 490251<\/a><\/span><\/p>\n<\/div><\/div><\/div><div class=\"w-iconbox iconpos_left style_default color_custom align_left no_title\"><div class=\"w-iconbox-icon\" style=\"font-size:20px;color:#D6021D;\"><i class=\"fas fa-envelope\"><\/i><\/div><div class=\"w-iconbox-meta\"><div class=\"w-iconbox-text\"><p><a href=\"mailto:laludimare@libero.it\"><span style=\"font-weight: 400;\">laludimare@libero.it<\/span><\/a><span style=\"font-weight: 400;\">\u00a0<\/span><\/p>\n<\/div><\/div><\/div><div class=\"w-iconbox iconpos_left style_default color_custom align_left no_title\"><div class=\"w-iconbox-icon\" style=\"font-size:20px;color:#D6021D;\"><i class=\"fas fa-envelope\"><\/i><\/div><div class=\"w-iconbox-meta\"><div class=\"w-iconbox-text\"><p><a href=\"mailto:squarciapaola@gmail.com\"><span style=\"font-weight: 400;\">squarciapaola@gmail.com<\/span><\/a><\/p>\n<\/div><\/div><\/div><\/div><\/div><\/div><\/div>[vc_custom_heading text=&#8221;Mehr Infos&#8221; font_container=&#8221;tag:h3|text_align:left&#8221; use_theme_fonts=&#8221;yes&#8221; css=&#8221;%7B%22default%22%3A%7B%22color%22%3A%22%23c2c2c2%22%2C%22font-weight%22%3A%22300%22%2C%22font-size%22%3A%2230px%22%7D%7D&#8221;]<div class=\"g-cols wpb_row  type_default valign_top vc_inner\"><div class=\"vc_col-sm-12 wpb_column vc_column_container\"><div class=\"vc_column-inner\"><div class=\"wpb_wrapper\"><div class=\"w-iconbox iconpos_left style_default color_custom align_left no_title\"><div class=\"w-iconbox-icon\" style=\"font-size:20px;color:#D6021D;\"><i class=\"fas fa-info-circle\"><\/i><\/div><div class=\"w-iconbox-meta\"><div class=\"w-iconbox-text\"><p><span style=\"font-weight: 400;\">Naturreservate k\u00f6nnen von Sonnenaufgang bis 1 Stunde nach Sonnenuntergang besucht werden.<\/span><\/p>\n<\/div><\/div><\/div><div class=\"w-iconbox iconpos_left style_default color_custom align_left no_title\"><div class=\"w-iconbox-icon\" style=\"font-size:20px;color:#D6021D;\"><i class=\"fas fa-info-circle\"><\/i><\/div><div class=\"w-iconbox-meta\"><div class=\"w-iconbox-text\"><p><span style=\"font-weight: 400;\">Nur markierte Wanderwege sind erlaub<\/span><\/p>\n<\/div><\/div><\/div><div class=\"w-iconbox iconpos_left style_default color_custom align_left no_title\"><div class=\"w-iconbox-icon\" style=\"font-size:20px;color:#D6021D;\"><i class=\"fas fa-info-circle\"><\/i><\/div><div class=\"w-iconbox-meta\"><div class=\"w-iconbox-text\"><p><span style=\"font-weight: 400;\">F\u00fcr Gruppen von mehr als 15 Personen ist eine gef\u00fchrte Tour obligatorisch<\/span><\/p>\n<\/div><\/div><\/div><\/div><\/div><\/div><\/div><\/div><\/div><\/div><\/div><\/div><\/section><section class=\"l-section wpb_row us_custom_02fcff39 height_small\"><div class=\"l-section-h i-cf\"><div class=\"g-cols vc_row type_default valign_top\"><div class=\"vc_col-sm-12 wpb_column vc_column_container\"><div class=\"vc_column-inner\"><div class=\"wpb_wrapper\">[vc_custom_heading text=&#8221;Wichtigste Sehensw\u00fcrdigkeiten&#8221; font_container=&#8221;tag:h3|text_align:center&#8221; use_theme_fonts=&#8221;yes&#8221; css=&#8221;%7B%22default%22%3A%7B%22color%22%3A%22%2349341D%22%2C%22font-weight%22%3A%22600%22%2C%22font-size%22%3A%2222px%22%2C%22padding-left%22%3A%220%22%2C%22padding-top%22%3A%220%22%2C%22padding-bottom%22%3A%220%22%2C%22padding-right%22%3A%220%22%7D%7D&#8221;]<div class=\"w-grid type_grid layout_4364 cols_3 ratio_1x1\" id=\"us_grid_2\"><style id=\"us_grid_2_css\">#us_grid_2 .w-grid-item{padding:10px}#us_grid_2 .w-grid-list{margin:-10px}.w-grid + #us_grid_2 .w-grid-list{margin-top:10px}@media (max-width:959px){#us_grid_2 .w-grid-item{width:50.0000%}#us_grid_2 .w-grid-item.size_2x1,#us_grid_2 .w-grid-item.size_2x2{width:100.0000%}}@media (max-width:599px){#us_grid_2 .w-grid-list{margin:0}#us_grid_2 .w-grid-item{width:100.0000%;padding:0;margin-bottom:10px}}<\/style><style>.layout_4364 .w-grid-item-h:before{padding-bottom:100.0000%}@media (min-width:600px){.layout_4364 .w-grid-item.size_1x2 .w-grid-item-h:before{padding-bottom:calc(200.0000% + 10px + 10px)}.layout_4364 .w-grid-item.size_2x1 .w-grid-item-h:before{padding-bottom:calc(50.0000% - 10px * 1.0000)}.layout_4364 .w-grid-item.size_2x2 .w-grid-item-h:before{padding-bottom:calc(100.0000% - 10px * 0)}}.layout_4364 .w-grid-item-h{}.layout_4364 .usg_post_image_1{transition-duration:0.4s;transform-origin:50% 50%;transform:scale(1) translate(0%,0%)}.layout_4364 .w-grid-item-h:hover .usg_post_image_1{transform:scale(1) translate(0%,0%);opacity:1}.layout_4364 .usg_vwrapper_1{transition-duration:0.3s;transform-origin:50% 50%;transform:scale(1) translate(0%,0%)}.layout_4364 .w-grid-item-h:hover .usg_vwrapper_1{transform:scale(1) translate(0%,0%);opacity:1;background:rgba(73,52,29,0.90)!important}.layout_4364 .usg_post_title_1{transition-duration:0.3s;transform-origin:50% 50%;transform:scale(1) translate(0%,0%)}.layout_4364 .w-grid-item-h:hover .usg_post_title_1{transform:scale(1) translate(0%,0%);opacity:1}.layout_4364 .usg_btn_1{transition-duration:0.3s;transform-origin:50% 50%;transform:scale(1) translate(0%,0%);opacity:0}.layout_4364 .w-grid-item-h:hover .usg_btn_1{transform:scale(1) translate(0%,0%);opacity:1}.layout_4364 .usg_post_image_1{position:absolute!important;left:0!important;top:0!important;bottom:0!important;right:0!important}.layout_4364 .usg_vwrapper_1{position:absolute!important;left:0!important;top:0!important;bottom:0!important;right:0!important;padding:2rem!important;background:rgba(73,52,29,0.60)!important}.layout_4364 .usg_post_title_1{color:#ffffff!important;font-size:1.4rem!important}.layout_4364 .usg_btn_1{border:1px solid #ffffff!important}<\/style><div class=\"w-grid-list\" ><\/div><div class=\"w-grid-preloader\"><div class=\"g-preloader type_1\">\r\n\t<div><\/div>\r\n<\/div>\r\n<\/div>\t<div class=\"w-grid-json hidden\" onclick='return {&quot;action&quot;:&quot;us_ajax_grid&quot;,&quot;ajax_url&quot;:&quot;https:\\\/\\\/valdicecinaoutdoor.it\\\/wp-admin\\\/admin-ajax.php&quot;,&quot;infinite_scroll&quot;:0,&quot;max_num_pages&quot;:0,&quot;pagination&quot;:&quot;none&quot;,&quot;permalink_url&quot;:&quot;https:\\\/\\\/valdicecinaoutdoor.it\\\/de\\\/wp-json\\\/wp\\\/v2\\\/pages\\\/14956\\\/&quot;,&quot;template_vars&quot;:{&quot;columns&quot;:&quot;3&quot;,&quot;exclude_items&quot;:&quot;none&quot;,&quot;img_size&quot;:&quot;default&quot;,&quot;ignore_items_size&quot;:false,&quot;items_layout&quot;:&quot;4364&quot;,&quot;items_offset&quot;:&quot;1&quot;,&quot;load_animation&quot;:&quot;none&quot;,&quot;overriding_link&quot;:&quot;none&quot;,&quot;post_id&quot;:14956,&quot;query_args&quot;:{&quot;ignore_sticky_posts&quot;:1,&quot;post_type&quot;:&quot;any&quot;,&quot;post__in&quot;:[&quot;309&quot;,&quot;303&quot;,&quot;746&quot;,&quot;750&quot;,&quot;758&quot;,&quot;867&quot;,&quot;741&quot;,&quot;739&quot;,&quot;876&quot;,&quot;648&quot;],&quot;posts_per_page&quot;:&quot;15&quot;},&quot;orderby_query_args&quot;:{&quot;orderby&quot;:{&quot;date&quot;:&quot;DESC&quot;}},&quot;type&quot;:&quot;grid&quot;,&quot;us_grid_ajax_index&quot;:2,&quot;us_grid_filter_params&quot;:null,&quot;us_grid_index&quot;:2,&quot;_us_grid_post_type&quot;:&quot;ids&quot;,&quot;lang&quot;:&quot;de&quot;}}'><\/div>\r\n\t<h4 class=\"w-grid-none\">No results found.<\/h4><\/div><\/div><\/div><\/div><\/div><\/div><\/section><section class=\"l-section wpb_row height_medium\"><div class=\"l-section-h i-cf\"><div class=\"g-cols vc_row type_default valign_top\"><div class=\"vc_col-sm-12 wpb_column vc_column_container\"><div class=\"vc_column-inner\"><div class=\"wpb_wrapper\">[vc_custom_heading text=&#8221;DIE PFADE&#8221; font_container=&#8221;tag:h3|text_align:center&#8221; use_theme_fonts=&#8221;yes&#8221; css=&#8221;%7B%22default%22%3A%7B%22color%22%3A%22%2349341D%22%2C%22font-weight%22%3A%22600%22%2C%22font-size%22%3A%2222px%22%2C%22padding-left%22%3A%220%22%2C%22padding-top%22%3A%220%22%2C%22padding-bottom%22%3A%220%22%2C%22padding-right%22%3A%220%22%7D%7D&#8221;][vc_raw_html]PGRpdiBjbGFzcz0idy1pbWFnZS1oIiBzdHlsZT0iLS13bS1hY3Rpb25zLWNvbG9yOiAjRkZGRjsgLS13bS1hY3Rpb25zLWJhY2tncm91bmQ6ICM0OTM0MWRhNjsgLS13bS1hY3Rpb25zLWhvdmVyLWNvbG9yOiAjZmZmOyAtLXdtLWFjdGlvbnMtaG92ZXItYmFja2dyb3VuZDogIzQ5MzQxZDsgLS13bS1hY3Rpb25zLWZ1bGxzY3JlZW4taG9yaXpvbnRhbC1wYWRkaW5nOiAxNXB4OyI+DQpbd20tZW1iZWRtYXBzIHNob3dfcmVsYXRlZF9wb2lzPSJ0cnVlIiBwb3N0X3R5cGVzPSJ0cmFjayIgY29uZmlnX3VybD0iaHR0cHM6Ly9rLndlYm1hcHAuaXQvdmRjL2NvbmZpZ3MvY29uZmlnX2FjdGl2aXR5Lmpzb24iIHRheG9ub215X3Rlcm1zPSIyMjAiIGhlaWdodD0iNjB2aCIgZnVsbHNjcmVlbj0idHJ1ZSIgaGlkZV90YXhvbm9teV9maWx0ZXJzPSJ0cnVlIiBmdWxsc2NyZWVuX29mZl90ZXh0PSI8cD5LQVJURSBFUldFSVRFUk48L1A+IiBmdWxsc2NyZWVuX29uX3RleHQ9IjxwPktBUlRFIFNDSExJRVNTRU48L3A+Il0NCjwvZGl2Pg==[\/vc_raw_html]<\/div><\/div><\/div><\/div><\/div><\/section><section class=\"l-section wpb_row height_medium\"><div class=\"l-section-h i-cf\"><div class=\"g-cols vc_row type_default valign_top\"><div class=\"vc_col-sm-12 wpb_column vc_column_container\"><div class=\"vc_column-inner\"><div class=\"wpb_wrapper\">[vc_raw_html]PGRpdiBjbGFzcz0id3BiX3RleHRfY29sdW1uIj4NCjxkaXYgY2xhc3M9IndwYl93cmFwcGVyIHdtLXRyYWNrLXNoYXJlLXdyYXBwZXIiPg0KIDxkaXYgY2xhc3M9IndlYm1hcHAtYnV0dG9uLXNoYXJlIj4NCiAgICA8ZGl2IGNsYXNzPSJzaGFyZS1idXR0b24iPjxzcGFuPlRFSUxFTjwvc3Bhbj48aSBjbGFzcz0iZmFzIGZhLXNoYXJlIj48L2k+PC9kaXY+DQogIDwvZGl2Pg0KIDwvZGl2Pg0KPC9kaXY+[\/vc_raw_html]<\/div><\/div><\/div><\/div><\/div><\/section>\n","protected":false},"excerpt":{"rendered":"Home Berignon-NaturschutzgebietEinf\u00fchrungFlora und W\u00e4lderFaunaGeologie, Bergweke und MineralienFl\u00fcsse und B\u00e4cheDie Zeichen des MenschenEinf\u00fchrungDas Schutzgebiet erstreckt sich zwischen den Gemeinden Volterra und Pomarance \u00fcber eine Fl\u00e4che von mehr als zweitausend Hektar, die heute auf europ\u00e4ischer Ebene als besonderes Schutzgebiet anerkannt ist. Neben den B\u00e4chen Fosci und Sellate flie\u00dft auch der Fluss Cecina ein St\u00fcck weit durch das...","protected":false},"author":2,"featured_media":13098,"parent":0,"menu_order":0,"comment_status":"closed","ping_status":"closed","template":"","meta":[],"yoast_head":"<!-- This site is optimized with the Yoast SEO plugin v18.2 - https:\/\/yoast.com\/wordpress\/plugins\/seo\/ -->\n<title>Berignon-Naturschutzgebiet | Valdicecina Outdoor<\/title>\n<meta name=\"description\" content=\"Im Naturschutzgebiet Berignone erm\u00f6glichen Ihnen zahlreiche alte Pfade, die f\u00fcr alle Bed\u00fcrfnisse geeignet sind, das Reservat in Sicherheit zu erkunden.\" \/>\n<meta name=\"robots\" content=\"index, follow, max-snippet:-1, max-image-preview:large, max-video-preview:-1\" \/>\n<link rel=\"canonical\" href=\"https:\/\/valdicecinaoutdoor.it\/de\/berignon-naturschutzgebiet\/\" \/>\n<meta property=\"og:locale\" content=\"de_DE\" \/>\n<meta property=\"og:type\" content=\"article\" \/>\n<meta property=\"og:title\" content=\"Berignon-Naturschutzgebiet | Val di Cecina outdoor\" \/>\n<meta property=\"og:description\" content=\"Im Naturschutzgebiet Berignone erm\u00f6glichen Ihnen zahlreiche alte Pfade, die f\u00fcr alle Bed\u00fcrfnisse geeignet sind, das Reservat in Sicherheit zu erkunden.\" \/>\n<meta property=\"og:url\" content=\"https:\/\/valdicecinaoutdoor.it\/de\/berignon-naturschutzgebiet\/\" \/>\n<meta property=\"og:site_name\" content=\"Val di Cecina outdoor\" \/>\n<meta property=\"article:publisher\" content=\"https:\/\/m.facebook.com\/valdicecinaoutdoor\/\" \/>\n<meta property=\"article:modified_time\" content=\"2023-02-23T17:17:43+00:00\" \/>\n<meta property=\"og:image\" content=\"https:\/\/valdicecinaoutdoor.it\/wp-content\/uploads\/2020\/09\/Masso-delle-Fanciulle-sul-fiume-Cecina-nella-Riserva-Naturale-di-Berignone-ok-2-1024x768.jpg\" \/>\n<meta name=\"twitter:card\" content=\"summary_large_image\" \/>\n<meta name=\"twitter:title\" content=\"berignone valdicecina naturschutzgebiet\" \/>\n<meta name=\"twitter:description\" content=\"Im Naturschutzgebiet Berignone erm\u00f6glichen Ihnen zahlreiche alte Pfade, die f\u00fcr alle Bed\u00fcrfnisse geeignet sind, das Reservat in Sicherheit zu erkunden.\" \/>\n<meta name=\"twitter:image\" content=\"https:\/\/valdicecinaoutdoor.it\/wp-content\/uploads\/2020\/09\/Masso-delle-Fanciulle-sul-fiume-Cecina-nella-Riserva-Naturale-di-Berignone-ok-2.jpg\" \/>\n<meta name=\"twitter:label1\" content=\"Est. reading time\" \/>\n\t<meta name=\"twitter:data1\" content=\"35 minutes\" \/>\n<script type=\"application\/ld+json\" class=\"yoast-schema-graph\">{\"@context\":\"https:\/\/schema.org\",\"@graph\":[{\"@type\":\"Organization\",\"@id\":\"https:\/\/valdicecinaoutdoor.it\/en\/#organization\",\"name\":\"Valdicecina Outdoor\",\"url\":\"https:\/\/valdicecinaoutdoor.it\/en\/\",\"sameAs\":[\"https:\/\/m.facebook.com\/valdicecinaoutdoor\/\",\"https:\/\/www.instagram.com\/valdicecina_outdoor\/\"],\"logo\":{\"@type\":\"ImageObject\",\"@id\":\"https:\/\/valdicecinaoutdoor.it\/en\/#logo\",\"inLanguage\":\"de-DE\",\"url\":\"https:\/\/valdicecinaoutdoor.it\/wp-content\/uploads\/2020\/09\/valdicecinaoutdoor-logo-home.png\",\"contentUrl\":\"https:\/\/valdicecinaoutdoor.it\/wp-content\/uploads\/2020\/09\/valdicecinaoutdoor-logo-home.png\",\"width\":252,\"height\":311,\"caption\":\"Valdicecina Outdoor\"},\"image\":{\"@id\":\"https:\/\/valdicecinaoutdoor.it\/en\/#logo\"}},{\"@type\":\"WebSite\",\"@id\":\"https:\/\/valdicecinaoutdoor.it\/en\/#website\",\"url\":\"https:\/\/valdicecinaoutdoor.it\/en\/\",\"name\":\"Val di Cecina outdoor\",\"description\":\"Itinerari unici nella Toscana\",\"publisher\":{\"@id\":\"https:\/\/valdicecinaoutdoor.it\/en\/#organization\"},\"potentialAction\":[{\"@type\":\"SearchAction\",\"target\":{\"@type\":\"EntryPoint\",\"urlTemplate\":\"https:\/\/valdicecinaoutdoor.it\/en\/?s={search_term_string}\"},\"query-input\":\"required name=search_term_string\"}],\"inLanguage\":\"de-DE\"},{\"@type\":\"ImageObject\",\"@id\":\"https:\/\/valdicecinaoutdoor.it\/de\/berignon-naturschutzgebiet\/#primaryimage\",\"inLanguage\":\"de-DE\",\"url\":\"\",\"contentUrl\":\"\"},{\"@type\":\"WebPage\",\"@id\":\"https:\/\/valdicecinaoutdoor.it\/de\/berignon-naturschutzgebiet\/#webpage\",\"url\":\"https:\/\/valdicecinaoutdoor.it\/de\/berignon-naturschutzgebiet\/\",\"name\":\"Berignon-Naturschutzgebiet | Valdicecina Outdoor\",\"isPartOf\":{\"@id\":\"https:\/\/valdicecinaoutdoor.it\/en\/#website\"},\"primaryImageOfPage\":{\"@id\":\"https:\/\/valdicecinaoutdoor.it\/de\/berignon-naturschutzgebiet\/#primaryimage\"},\"datePublished\":\"2023-02-14T17:47:38+00:00\",\"dateModified\":\"2023-02-23T17:17:43+00:00\",\"description\":\"Im Naturschutzgebiet Berignone erm\u00f6glichen Ihnen zahlreiche alte Pfade, die f\u00fcr alle Bed\u00fcrfnisse geeignet sind, das Reservat in Sicherheit zu erkunden.\",\"breadcrumb\":{\"@id\":\"https:\/\/valdicecinaoutdoor.it\/de\/berignon-naturschutzgebiet\/#breadcrumb\"},\"inLanguage\":\"de-DE\",\"potentialAction\":[{\"@type\":\"ReadAction\",\"target\":[\"https:\/\/valdicecinaoutdoor.it\/de\/berignon-naturschutzgebiet\/\"]}]},{\"@type\":\"BreadcrumbList\",\"@id\":\"https:\/\/valdicecinaoutdoor.it\/de\/berignon-naturschutzgebiet\/#breadcrumb\",\"itemListElement\":[{\"@type\":\"ListItem\",\"position\":1,\"name\":\"Home\",\"item\":\"https:\/\/valdicecinaoutdoor.it\/de\/\"},{\"@type\":\"ListItem\",\"position\":2,\"name\":\"Berignon-Naturschutzgebiet\"}]}]}<\/script>\n<!-- \/ Yoast SEO plugin. -->","yoast_head_json":{"title":"Berignon-Naturschutzgebiet | Valdicecina Outdoor","description":"Im Naturschutzgebiet Berignone erm\u00f6glichen Ihnen zahlreiche alte Pfade, die f\u00fcr alle Bed\u00fcrfnisse geeignet sind, das Reservat in Sicherheit zu erkunden.","robots":{"index":"index","follow":"follow","max-snippet":"max-snippet:-1","max-image-preview":"max-image-preview:large","max-video-preview":"max-video-preview:-1"},"canonical":"https:\/\/valdicecinaoutdoor.it\/de\/berignon-naturschutzgebiet\/","og_locale":"de_DE","og_type":"article","og_title":"Berignon-Naturschutzgebiet | Val di Cecina outdoor","og_description":"Im Naturschutzgebiet Berignone erm\u00f6glichen Ihnen zahlreiche alte Pfade, die f\u00fcr alle Bed\u00fcrfnisse geeignet sind, das Reservat in Sicherheit zu erkunden.","og_url":"https:\/\/valdicecinaoutdoor.it\/de\/berignon-naturschutzgebiet\/","og_site_name":"Val di Cecina outdoor","article_publisher":"https:\/\/m.facebook.com\/valdicecinaoutdoor\/","article_modified_time":"2023-02-23T17:17:43+00:00","og_image":[{"url":"https:\/\/valdicecinaoutdoor.it\/wp-content\/uploads\/2020\/09\/Masso-delle-Fanciulle-sul-fiume-Cecina-nella-Riserva-Naturale-di-Berignone-ok-2-1024x768.jpg"}],"twitter_card":"summary_large_image","twitter_title":"berignone valdicecina naturschutzgebiet","twitter_description":"Im Naturschutzgebiet Berignone erm\u00f6glichen Ihnen zahlreiche alte Pfade, die f\u00fcr alle Bed\u00fcrfnisse geeignet sind, das Reservat in Sicherheit zu erkunden.","twitter_image":"https:\/\/valdicecinaoutdoor.it\/wp-content\/uploads\/2020\/09\/Masso-delle-Fanciulle-sul-fiume-Cecina-nella-Riserva-Naturale-di-Berignone-ok-2.jpg","twitter_misc":{"Est. reading time":"35 minutes"},"schema":{"@context":"https:\/\/schema.org","@graph":[{"@type":"Organization","@id":"https:\/\/valdicecinaoutdoor.it\/en\/#organization","name":"Valdicecina Outdoor","url":"https:\/\/valdicecinaoutdoor.it\/en\/","sameAs":["https:\/\/m.facebook.com\/valdicecinaoutdoor\/","https:\/\/www.instagram.com\/valdicecina_outdoor\/"],"logo":{"@type":"ImageObject","@id":"https:\/\/valdicecinaoutdoor.it\/en\/#logo","inLanguage":"de-DE","url":"https:\/\/valdicecinaoutdoor.it\/wp-content\/uploads\/2020\/09\/valdicecinaoutdoor-logo-home.png","contentUrl":"https:\/\/valdicecinaoutdoor.it\/wp-content\/uploads\/2020\/09\/valdicecinaoutdoor-logo-home.png","width":252,"height":311,"caption":"Valdicecina Outdoor"},"image":{"@id":"https:\/\/valdicecinaoutdoor.it\/en\/#logo"}},{"@type":"WebSite","@id":"https:\/\/valdicecinaoutdoor.it\/en\/#website","url":"https:\/\/valdicecinaoutdoor.it\/en\/","name":"Val di Cecina outdoor","description":"Itinerari unici nella Toscana","publisher":{"@id":"https:\/\/valdicecinaoutdoor.it\/en\/#organization"},"potentialAction":[{"@type":"SearchAction","target":{"@type":"EntryPoint","urlTemplate":"https:\/\/valdicecinaoutdoor.it\/en\/?s={search_term_string}"},"query-input":"required name=search_term_string"}],"inLanguage":"de-DE"},{"@type":"ImageObject","@id":"https:\/\/valdicecinaoutdoor.it\/de\/berignon-naturschutzgebiet\/#primaryimage","inLanguage":"de-DE","url":"","contentUrl":""},{"@type":"WebPage","@id":"https:\/\/valdicecinaoutdoor.it\/de\/berignon-naturschutzgebiet\/#webpage","url":"https:\/\/valdicecinaoutdoor.it\/de\/berignon-naturschutzgebiet\/","name":"Berignon-Naturschutzgebiet | Valdicecina Outdoor","isPartOf":{"@id":"https:\/\/valdicecinaoutdoor.it\/en\/#website"},"primaryImageOfPage":{"@id":"https:\/\/valdicecinaoutdoor.it\/de\/berignon-naturschutzgebiet\/#primaryimage"},"datePublished":"2023-02-14T17:47:38+00:00","dateModified":"2023-02-23T17:17:43+00:00","description":"Im Naturschutzgebiet Berignone erm\u00f6glichen Ihnen zahlreiche alte Pfade, die f\u00fcr alle Bed\u00fcrfnisse geeignet sind, das Reservat in Sicherheit zu erkunden.","breadcrumb":{"@id":"https:\/\/valdicecinaoutdoor.it\/de\/berignon-naturschutzgebiet\/#breadcrumb"},"inLanguage":"de-DE","potentialAction":[{"@type":"ReadAction","target":["https:\/\/valdicecinaoutdoor.it\/de\/berignon-naturschutzgebiet\/"]}]},{"@type":"BreadcrumbList","@id":"https:\/\/valdicecinaoutdoor.it\/de\/berignon-naturschutzgebiet\/#breadcrumb","itemListElement":[{"@type":"ListItem","position":1,"name":"Home","item":"https:\/\/valdicecinaoutdoor.it\/de\/"},{"@type":"ListItem","position":2,"name":"Berignon-Naturschutzgebiet"}]}]}},"menu_color":"","menu_icon":"","acf":[],"wpml_current_locale":"de_DE","wpml_translations":[{"locale":"en_US","id":7693,"post_title":"Berignone Nature Reserve","href":"https:\/\/valdicecinaoutdoor.it\/en\/berignone-nature-reserve\/"},{"locale":"it_IT","id":4308,"post_title":"Riserva Naturale di Berignone","href":"https:\/\/valdicecinaoutdoor.it\/riserva-naturale-di-berignone\/"}],"_links":{"self":[{"href":"https:\/\/valdicecinaoutdoor.it\/de\/wp-json\/wp\/v2\/pages\/14956"}],"collection":[{"href":"https:\/\/valdicecinaoutdoor.it\/de\/wp-json\/wp\/v2\/pages"}],"about":[{"href":"https:\/\/valdicecinaoutdoor.it\/de\/wp-json\/wp\/v2\/types\/page"}],"author":[{"embeddable":true,"href":"https:\/\/valdicecinaoutdoor.it\/de\/wp-json\/wp\/v2\/users\/2"}],"replies":[{"embeddable":true,"href":"https:\/\/valdicecinaoutdoor.it\/de\/wp-json\/wp\/v2\/comments?post=14956"}],"version-history":[{"count":9,"href":"https:\/\/valdicecinaoutdoor.it\/de\/wp-json\/wp\/v2\/pages\/14956\/revisions"}],"predecessor-version":[{"id":15428,"href":"https:\/\/valdicecinaoutdoor.it\/de\/wp-json\/wp\/v2\/pages\/14956\/revisions\/15428"}],"wp:featuredmedia":[{"embeddable":true,"href":"https:\/\/valdicecinaoutdoor.it\/de\/wp-json\/wp\/v2\/media\/13098"}],"wp:attachment":[{"href":"https:\/\/valdicecinaoutdoor.it\/de\/wp-json\/wp\/v2\/media?parent=14956"}],"curies":[{"name":"wp","href":"https:\/\/api.w.org\/{rel}","templated":true}]}}